{"id":5609,"date":"2020-07-14T07:41:31","date_gmt":"2020-07-14T07:41:31","guid":{"rendered":"https:\/\/fredericmistral-tecniceulalia.cat\/politica-de-privacitat\/"},"modified":"2024-04-22T11:53:49","modified_gmt":"2024-04-22T10:53:49","slug":"politica-de-privacidad","status":"publish","type":"page","link":"https:\/\/test.institutpsicologia.cat\/es\/politica-de-privacidad\/","title":{"rendered":"Pol\u00edtica de privacidad"},"content":{"rendered":"\n<div class=\"wp-block-group\"><div class=\"wp-block-group__inner-container is-layout-constrained wp-block-group-is-layout-constrained\">\n<h3 class=\"wp-block-heading has-accent-color has-text-color\"><strong>1. Pol\u00edtica de privacidad<\/strong><\/h3>\n\n\n\n<p><br\/>FUNDACI\u00d3N INSTITUTO DE PSICOLOG\u00cdA informa a los usuarios del sitio web sobre su pol\u00edtica&#13;\nrespecto al tratamiento y protecci\u00f3n de los datos personales de los usuarios que puedan ser recogidos por la navegaci\u00f3n o solicitud de informaci\u00f3n a trav\u00e9s de este sitio web, as\u00ed como de los datos personales de que disponga FUNDACI\u00d3N INSTITUTO DE PSICOLOG\u00cdA recogidos por&#13;\ncualquier otro medio o motivo.<\/p>\n\n\n\n<p>En este sentido, FUNDACI\u00d3N INSTITUTO DE PSICOLOG\u00cdA garantiza el cumplimiento de la normativa vigente en materia de protecci\u00f3n de datos personales, reflejada en el Reglamento General de Protecci\u00f3n de Datos (UE) 2016\/679 y la Ley 3\/2018 de Protecci\u00f3n de Datos y Garant\u00eda de los Derechos Digitales y manifiesta su compromiso con la confidencialidad y seguridad de los datos.<\/p>\n\n\n\n<p><strong>RESPONSABLE DEL TRATAMIENTO:<\/strong><\/p>\n\n\n\n<p>FUNDACI\u00d3N INSTITUTO DE PSICOLOG\u00cdA&#13;\nDomicilio: Paseo Sant Gervasi, 85 bajos&#13;\nLocalidad: 08022 Barcelona&#13;\nDatos de contacto para el ejercicio de derechos: <a href=\"mailto:dpo@fundaciocollserola.cat\">dpo@fundaciocollserola.cat<\/a><\/p>\n\n\n\n<h3 class=\"wp-block-heading has-accent-color has-text-color\"><strong>2. Recogida, finalidad y tratamiento de datos<\/strong><\/h3>\n\n\n\n<p>FUNDACI\u00d3N INSTITUTO DE PSICOLOG\u00cdA tiene el deber de informar a los usuarios de su sitio web sobre la recogida de datos personales que se puede llevar a cabo, ya sea mediante el env\u00edo de un correo electr\u00f3nico o al llenar los formularios incluidos en el sitio web. En este sentido, FUNDACI\u00d3N INSTITUTO DE PSICOLOG\u00cdA ser\u00e1 considerada como Responsable del tratamiento de los datos recogidos mediante los medios anteriormente descritos.<\/p>\n\n\n\n<p>Al mismo tiempo, FUNDACI\u00d3N INSTITUTO DE PSICOLOG\u00cdA informa a los usuarios que la finalidad del tratamiento de los datos recogidos contempla:<\/p>\n\n\n\n<ul class=\"wp-block-list\">\n<li>La atenci\u00f3n y gesti\u00f3n de las solicitudes realizadas en los formularios de inscripci\u00f3n<\/li>\n\n\n\n<li>La inclusi\u00f3n en la agenda de contactos<\/li>\n\n\n\n<li>La prestaci\u00f3n de los servicios que soliciten.<\/li>\n\n\n\n<li>La realizaci\u00f3n de la gesti\u00f3n comercial, administrativa y de las obligaciones fiscales<\/li>\n\n\n\n<li>El env\u00edo de informaciones que tengan relaci\u00f3n con el servicio recibido<\/li>\n<\/ul>\n\n\n\n<p>Sus datos ser\u00e1n debidamente conservados y protegidos contra p\u00e9rdida o alteraci\u00f3n de la informaci\u00f3n o accesos no autorizados mientras se mantenga la relaci\u00f3n que nos une y el tiempo necesario para la prescripci\u00f3n de responsabilidades despu\u00e9s de haber cesado la misma, salvo que usted nos indique lo contrario y siempre que la normativa vigente permita la supresi\u00f3n de los datos.<\/p>\n\n\n\n<h3 class=\"wp-block-heading has-accent-color has-text-color\"><strong>3. Legitimaci\u00f3n al tratamiento de sus datos y consentimiento<\/strong><\/h3>\n\n\n\n<p>El tratamiento de los datos de los usuarios de la web incluidos en alg\u00fan formulario, estar\u00e1 legitimado por el art. 6.1.a) del Reglamento General de Protecci\u00f3n de Datos (UE)&#13;\n2016\/679, por haber prestado su consentimiento expreso, 6.1.c), para el cumplimiento de una obligaci\u00f3n legal del Responsable del tratamiento y por el art. 6.1.f) RGPD, por&#13;\ninter\u00e9s leg\u00edtimo.<\/p>\n\n\n\n<p>El consentimiento al tratamiento de sus datos lo concede el usuario en el env\u00edo de cualquiera de los formularios incluidos en la p\u00e1gina web, tal y como se indica en cada&#13;\nuno de ellos.<\/p>\n\n\n\n<h3 class=\"wp-block-heading has-accent-color has-text-color\"><strong>4. Comunicaci\u00f3n de informaci\u00f3n a terceros<\/strong><\/h3>\n\n\n\n<p>FUNDACI\u00d3N INSTITUTO DE PSICOLOG\u00cdA informa a los usuarios que sus datos personales no ser\u00e1n cedidos ni comunicados a terceras organizaciones, con la excepci\u00f3n de que la cesi\u00f3n de datos est\u00e9 amparada en una obligaci\u00f3n legal o cuando la prestaci\u00f3n de un servicio implique la necesidad de una relaci\u00f3n contractual con un encargado de tratamiento el cual habr\u00e1 sido debidamente contratado con todas las garant\u00edas que establece el art. 28 del Reglamento General de Protecci\u00f3n de Datos (UE) 2016\/679.<\/p>\n\n\n\n<p>Tambi\u00e9n le garantizamos que FUNDACI\u00d3N INSTITUTO DE PSICOLOG\u00cdA no realiza transferencias internacionales de datos con terceros pa\u00edses no adecuados.<\/p>\n\n\n\n<h3 class=\"wp-block-heading has-accent-color has-text-color\"><strong>5. Derechos de los usuarios<\/strong><\/h3>\n\n\n\n<p>El Reglamento General de Protecci\u00f3n de Datos de Car\u00e1cter Personal (UE) 2016\/679, concede a las personas interesadas la posibilidad de ejercer una serie de derechos&#13;\nrelacionados con el tratamiento de sus datos personales.<\/p>\n\n\n\n<p>En la medida que los datos del usuario son objeto de tratamiento o son conservados por parte de FUNDACI\u00d3N INSTITUTO DE PSICOLOG\u00cdA, los usuarios podr\u00e1n ejercer los derechos de acceso, rectificaci\u00f3n, supresi\u00f3n, limitaci\u00f3n y oposici\u00f3n del tratamiento de acuerdo con lo previsto en la normativa legal vigente en materia de protecci\u00f3n de datos personales:<\/p>\n\n\n\n<ul class=\"wp-block-list\">\n<li>Derecho de acceso: Obtener del responsable confirmaci\u00f3n de si se est\u00e1n tratando o no los datos, la finalidad del tratamiento, una copia de los datos tratados, si hay comunicaciones de datos, los destinatarios y el plazo previsto para su conservaci\u00f3n.<\/li>\n\n\n\n<li>Derecho de rectificaci\u00f3n: Derecho a obtener sin dilaci\u00f3n indebida la rectificaci\u00f3n de los datos inexactos.<\/li>\n\n\n\n<li>Derecho de supresi\u00f3n: Derecho a obtener sin dilaci\u00f3n indebida la supresi\u00f3n de sus datos siempre que la normativa lo permita y no sean necesarios para las finalidades que fueron recogidos.<\/li>\n\n\n\n<li>Derecho a la limitaci\u00f3n del tratamiento: Derecho a obtener la limitaci\u00f3n del tratamiento de los datos mientras exista alg\u00fan impedimento para el tratamiento o para la supresi\u00f3n de los datos.<\/li>\n\n\n\n<li>Derecho de oposici\u00f3n: Oponerse al tratamiento de los datos si este est\u00e1 basado en el art. 6..1.e) RGPD, por una misi\u00f3n realizada en inter\u00e9s p\u00fablico o realizada en ejercicio de poderes p\u00fablicos conferidos al Responsable de Tratamiento.<\/li>\n<\/ul>\n\n\n\n<p>Para hacer uso del ejercicio de estos derechos, el usuario deber\u00e1 dirigirse mediante comunicaci\u00f3n escrita a la direcci\u00f3n o al correo electr\u00f3nico indicados en el apartado: <strong>1. Responsable del Tratamiento<\/strong>, aportando fotocopia de la documentaci\u00f3n que acredite su identidad (DNI o pasaporte). Esta comunicaci\u00f3n deber\u00e1 reflejar la siguiente informaci\u00f3n: <em>Nombre y apellidos del usuario, el domicilio y los datos acreditativos y la petici\u00f3n de solicitud del derecho que desea ejercer<\/em>.<\/p>\n\n\n\n<p>El ejercicio de derechos deber\u00e1 ser realizado por el propio usuario, su heredero o por una persona autorizada como representante legal del autorizado. En este caso, ser\u00e1 necesario aportar la documentaci\u00f3n que acredite esta representaci\u00f3n del interesado, aceptaci\u00f3n de la herencia o poderes.<\/p>\n\n\n\n<p>Tambi\u00e9n le informamos que puede presentar una reclamaci\u00f3n ante la Agencia Espa\u00f1ola de Protecci\u00f3n de Datos o a la Autoridad Catalana de Protecci\u00f3n de Datos si considera que han sido vulnerados sus derechos.<\/p>\n<\/div><\/div>\n\n<div style=\"height:100px\" aria-hidden=\"true\" class=\"wp-block-spacer\"><\/div>\n","protected":false},"excerpt":{"rendered":"<p>1. Pol\u00edtica de privacidad FUNDACI\u00d3N INSTITUTO DE PSICOLOG\u00cdA informa a los usuarios del sitio web sobre su pol\u00edtica&#13; respecto al tratamiento y protecci\u00f3n de los datos &#8230; <a title=\"Pol\u00edtica de privacidad\" class=\"read-more\" href=\"https:\/\/test.institutpsicologia.cat\/es\/politica-de-privacidad\/\" aria-label=\"Leer m\u00e1s sobre Pol\u00edtica de privacidad\">Leer m\u00e1s<\/a><\/p>\n","protected":false},"author":1,"featured_media":0,"parent":0,"menu_order":0,"comment_status":"closed","ping_status":"closed","template":"","meta":{"_acf_changed":false,"_themeisle_gutenberg_block_has_review":false,"footnotes":""},"class_list":["post-5609","page","type-page","status-publish"],"acf":[],"_links":{"self":[{"href":"https:\/\/test.institutpsicologia.cat\/es\/wp-json\/wp\/v2\/pages\/5609","targetHints":{"allow":["GET"]}}],"collection":[{"href":"https:\/\/test.institutpsicologia.cat\/es\/wp-json\/wp\/v2\/pages"}],"about":[{"href":"https:\/\/test.institutpsicologia.cat\/es\/wp-json\/wp\/v2\/types\/page"}],"author":[{"embeddable":true,"href":"https:\/\/test.institutpsicologia.cat\/es\/wp-json\/wp\/v2\/users\/1"}],"replies":[{"embeddable":true,"href":"https:\/\/test.institutpsicologia.cat\/es\/wp-json\/wp\/v2\/comments?post=5609"}],"version-history":[{"count":3,"href":"https:\/\/test.institutpsicologia.cat\/es\/wp-json\/wp\/v2\/pages\/5609\/revisions"}],"predecessor-version":[{"id":31628,"href":"https:\/\/test.institutpsicologia.cat\/es\/wp-json\/wp\/v2\/pages\/5609\/revisions\/31628"}],"wp:attachment":[{"href":"https:\/\/test.institutpsicologia.cat\/es\/wp-json\/wp\/v2\/media?parent=5609"}],"curies":[{"name":"wp","href":"https:\/\/api.w.org\/{rel}","templated":true}]}}