{"id":31056,"date":"2023-09-13T19:17:21","date_gmt":"2023-09-13T18:17:21","guid":{"rendered":"https:\/\/test.institutpsicologia.cat\/equipo\/raquel-cepero-arredondo"},"modified":"2023-12-21T01:29:25","modified_gmt":"2023-12-21T00:29:25","slug":"raquel-cepero-arredondo","status":"publish","type":"page","link":"https:\/\/test.institutpsicologia.cat\/es\/equipo\/raquel-cepero-arredondo\/","title":{"rendered":"Raquel Cepero Arredondo"},"content":{"rendered":"\t<div class=\"grid-container\">\n\t\t<div class=\"text-imatge-full\">\n\t\t\t<div class=\"text-imatge-row row lazy\">\t\t\t\t<div class=\"text-imatge__imatge\">\n\t\t\t\t\t<img loading=\"lazy\" decoding=\"async\" width=\"1000\" height=\"848\" src=\"https:\/\/test.institutpsicologia.cat\/wp-content\/uploads\/2023\/11\/Raquel-Cepero-Centrada-1000x848.png\" class=\"attachment-custom-cuadrat size-custom-cuadrat\" alt=\"\" \/>\t\t\t\t<\/div>\n\t\t\t\t<div class=\"text-imatge__text\">\n\t\t\t\t\t<h2 class=\"titol_bloc\">Raquel Cepero Arredondo<\/h2>\n\t\t\t\t\t<div class=\"text_bloc\">\n\t\t\t\t\t\t\t<p><strong>Administraci\u00f3n<\/strong><\/p>\n<p>Soy miembro del equipo de administraci\u00f3n de la Fundaci\u00f3n Instituto de Psicolog\u00eda desde el a\u00f1o 2013. Adem\u00e1s de la atenci\u00f3n personalizada y la coordinaci\u00f3n de programaciones de los pacientes, realizo tareas administrativas de apoyo a la direcci\u00f3n.<\/p>\n\t\n\t\t\t\t\t<\/div>\n\t\t\t\t\t\t\n\t\t\t\t<\/div>\n\t\t\t<\/div>\n\t\t<\/div>\n\t<\/div>\n\n\n\n<div style=\"height:40px\" aria-hidden=\"true\" class=\"wp-block-spacer\"><\/div>\n\n\n\n<div class=\"wp-block-group\"><div class=\"wp-block-group__inner-container is-layout-constrained wp-block-group-is-layout-constrained\">\n<h3 class=\"wp-block-heading\"><strong>FORMACI\u00d3N Y ACREDITACIONES<\/strong><\/h3>\n\n\n\n<p>Curso de Creaci\u00f3n y Gesti\u00f3n de Empresas. <em>Fundaci\u00f3 Privada per l&#8217;Autoocupaci\u00f3 de Catalunya <\/em>(2012).<\/p>\n\n\n\n<p>Posgrado de Asistente a Direcci\u00f3n. UOC-SOC (2009).<\/p>\n\n\n\n<p>Estudios en Sociolog\u00eda en la Universidad de Barcelona.<\/p>\n\n\n\n<div style=\"height:80px\" aria-hidden=\"true\" class=\"wp-block-spacer\"><\/div>\n<\/div><\/div>\n\n\n\n<div style=\"height:100px\" aria-hidden=\"true\" class=\"wp-block-spacer\"><\/div>\n","protected":false},"excerpt":{"rendered":"<p>FORMACI\u00d3N Y ACREDITACIONES Curso de Creaci\u00f3n y Gesti\u00f3n de Empresas. Fundaci\u00f3 Privada per l&#8217;Autoocupaci\u00f3 de Catalunya (2012). Posgrado de Asistente a Direcci\u00f3n. UOC-SOC (2009). Estudios en &#8230; <a title=\"Raquel Cepero Arredondo\" class=\"read-more\" href=\"https:\/\/test.institutpsicologia.cat\/es\/equipo\/raquel-cepero-arredondo\/\" aria-label=\"Leer m\u00e1s sobre Raquel Cepero Arredondo\">Leer m\u00e1s<\/a><\/p>\n","protected":false},"author":1,"featured_media":0,"parent":30991,"menu_order":15,"comment_status":"closed","ping_status":"closed","template":"","meta":{"_acf_changed":false,"_themeisle_gutenberg_block_has_review":false,"footnotes":""},"class_list":["post-31056","page","type-page","status-publish"],"acf":[],"_links":{"self":[{"href":"https:\/\/test.institutpsicologia.cat\/es\/wp-json\/wp\/v2\/pages\/31056","targetHints":{"allow":["GET"]}}],"collection":[{"href":"https:\/\/test.institutpsicologia.cat\/es\/wp-json\/wp\/v2\/pages"}],"about":[{"href":"https:\/\/test.institutpsicologia.cat\/es\/wp-json\/wp\/v2\/types\/page"}],"author":[{"embeddable":true,"href":"https:\/\/test.institutpsicologia.cat\/es\/wp-json\/wp\/v2\/users\/1"}],"replies":[{"embeddable":true,"href":"https:\/\/test.institutpsicologia.cat\/es\/wp-json\/wp\/v2\/comments?post=31056"}],"version-history":[{"count":2,"href":"https:\/\/test.institutpsicologia.cat\/es\/wp-json\/wp\/v2\/pages\/31056\/revisions"}],"predecessor-version":[{"id":31058,"href":"https:\/\/test.institutpsicologia.cat\/es\/wp-json\/wp\/v2\/pages\/31056\/revisions\/31058"}],"up":[{"embeddable":true,"href":"https:\/\/test.institutpsicologia.cat\/es\/wp-json\/wp\/v2\/pages\/30991"}],"wp:attachment":[{"href":"https:\/\/test.institutpsicologia.cat\/es\/wp-json\/wp\/v2\/media?parent=31056"}],"curies":[{"name":"wp","href":"https:\/\/api.w.org\/{rel}","templated":true}]}}