{"id":31046,"date":"2023-09-13T19:11:17","date_gmt":"2023-09-13T18:11:17","guid":{"rendered":"https:\/\/test.institutpsicologia.cat\/equipo\/dra-montserrat-pamias-massana"},"modified":"2023-12-21T01:24:36","modified_gmt":"2023-12-21T00:24:36","slug":"dra-montserrat-pamias-massana","status":"publish","type":"page","link":"https:\/\/test.institutpsicologia.cat\/es\/equipo\/dra-montserrat-pamias-massana\/","title":{"rendered":"Dra. Montserrat P\u00e0mias Massana"},"content":{"rendered":"\t<div class=\"grid-container\">\n\t\t<div class=\"text-imatge-full\">\n\t\t\t<div class=\"text-imatge-row row lazy\">\t\t\t\t<div class=\"text-imatge__imatge\">\n\t\t\t\t\t<img loading=\"lazy\" decoding=\"async\" width=\"1000\" height=\"899\" src=\"https:\/\/test.institutpsicologia.cat\/wp-content\/uploads\/2023\/11\/Montse_Pamias-Centrada-1000x899.png\" class=\"attachment-custom-cuadrat size-custom-cuadrat\" alt=\"\" \/>\t\t\t\t<\/div>\n\t\t\t\t<div class=\"text-imatge__text\">\n\t\t\t\t\t<h2 class=\"titol_bloc\">Dra. Montserrat P\u00e0mias Massana<\/h2>\n\t\t\t\t\t<div class=\"text_bloc\">\n\t\t\t\t\t\t\t<p><strong>Psiquiatr\u00eda<\/strong><\/p>\n<p>Psiquiatra de referencia del servicio de psiquiatr\u00eda de la Fundaci\u00f3n Instituto de Psicolog\u00eda desde el a\u00f1o 2010. Jefa de Servicio de Salud Mental Infantil y Juvenil de la <em>Corporaci\u00f3 Sanit\u00e0ria Parc Taul\u00ed<\/em>. Soy Licenciada en Medicina y Cirug\u00eda por la Universidad de Navarra, especialista en Psiquiatr\u00eda por el IMAS-Hospital del Mar y doctora en Medicina por la Universidad Aut\u00f3noma de Barcelona.<\/p>\n<p>.<\/p>\n\t\n\t\t\t\t\t<\/div>\n\t\t\t\t\t\t\n\t\t\t\t<\/div>\n\t\t\t<\/div>\n\t\t<\/div>\n\t<\/div>\n\n\n\n<div style=\"height:40px\" aria-hidden=\"true\" class=\"wp-block-spacer\"><\/div>\n\n\n\n<div class=\"wp-block-group\"><div class=\"wp-block-group__inner-container is-layout-constrained wp-block-group-is-layout-constrained\">\n<p>Mi actividad cl\u00ednica se centra mayoritariamente en el \u00e1mbito del autismo, el trastorno por d\u00e9ficit de atenci\u00f3n con hiperactividad, los trastornos del \u00e1nimo y los trastornos psic\u00f3ticos.<\/p>\n\n\n\n<p>Tengo experiencia como docente en m\u00e1sters y posgrados vinculados tanto a la Facultad de Medicina como a la de Psicolog\u00eda de diversas universidades. Tambi\u00e9n he estado vinculada a proyectos de investigaci\u00f3n financiados con fondos nacionales y europeos. Como resultado de la investigaci\u00f3n, he publicado diversos art\u00edculos cient\u00edficos.<\/p>\n\n\n\n<p>Participo en grupos de trabajo cl\u00ednicos y de gesti\u00f3n, soy miembro de la <em>Societat Catalana de Psiquiatria i Salut Mental<\/em> desde 1998, miembro de la Asociaci\u00f3n Espa\u00f1ola de Psiquiatr\u00eda del Ni\u00f1o y del Adolescente desde 2005 y miembro de la <em>Societat Catalana de Psiquiatria Infantojuvenil<\/em> desde 2001, donde he sido miembro de la Junta y Presidenta.<\/p>\n\n\n\n<div style=\"height:40px\" aria-hidden=\"true\" class=\"wp-block-spacer\"><\/div>\n<\/div><\/div>\n\n\n\n<div class=\"wp-block-group\"><div class=\"wp-block-group__inner-container is-layout-constrained wp-block-group-is-layout-constrained\">\n<h3 class=\"wp-block-heading\"><strong>FORMACI\u00d3N Y ACREDITACIONES<\/strong><\/h3>\n\n\n\n<p>M\u00e1ster universitario en Direcci\u00f3n y Gesti\u00f3n Sanitaria. Universidad de Barcelona (2022).<\/p>\n\n\n\n<p>Doctora en Medicina. Universidad Aut\u00f3noma de Barcelona (2020).<\/p>\n\n\n\n<p>Posgrado en Gesti\u00f3n Cl\u00ednica y Organizaci\u00f3n de Servicios Asistenciales. Escola d\u2019Alta Direcci\u00f3 i Administraci\u00f3 (2004).<\/p>\n\n\n\n<p>Especialista en Psiquiatr\u00eda. IMAS-Hospital del Mar (2001).<\/p>\n\n\n\n<p>Posgrado en Avances en Retraso Mental. Universidad Aut\u00f3noma de Barcelona (1998).<\/p>\n\n\n\n<p>Licenciada en Medicina y Cirug\u00eda. Universidad de Navarra (1995).<\/p>\n\n\n\n<div style=\"height:80px\" aria-hidden=\"true\" class=\"wp-block-spacer\"><\/div>\n<\/div><\/div>\n\n\n\n<div style=\"height:100px\" aria-hidden=\"true\" class=\"wp-block-spacer\"><\/div>\n","protected":false},"excerpt":{"rendered":"<p>Mi actividad cl\u00ednica se centra mayoritariamente en el \u00e1mbito del autismo, el trastorno por d\u00e9ficit de atenci\u00f3n con hiperactividad, los trastornos del \u00e1nimo y los trastornos &#8230; <a title=\"Dra. Montserrat P\u00e0mias Massana\" class=\"read-more\" href=\"https:\/\/test.institutpsicologia.cat\/es\/equipo\/dra-montserrat-pamias-massana\/\" aria-label=\"Leer m\u00e1s sobre Dra. Montserrat P\u00e0mias Massana\">Leer m\u00e1s<\/a><\/p>\n","protected":false},"author":1,"featured_media":0,"parent":30991,"menu_order":13,"comment_status":"closed","ping_status":"closed","template":"","meta":{"_acf_changed":false,"_themeisle_gutenberg_block_has_review":false,"footnotes":""},"class_list":["post-31046","page","type-page","status-publish"],"acf":[],"_links":{"self":[{"href":"https:\/\/test.institutpsicologia.cat\/es\/wp-json\/wp\/v2\/pages\/31046","targetHints":{"allow":["GET"]}}],"collection":[{"href":"https:\/\/test.institutpsicologia.cat\/es\/wp-json\/wp\/v2\/pages"}],"about":[{"href":"https:\/\/test.institutpsicologia.cat\/es\/wp-json\/wp\/v2\/types\/page"}],"author":[{"embeddable":true,"href":"https:\/\/test.institutpsicologia.cat\/es\/wp-json\/wp\/v2\/users\/1"}],"replies":[{"embeddable":true,"href":"https:\/\/test.institutpsicologia.cat\/es\/wp-json\/wp\/v2\/comments?post=31046"}],"version-history":[{"count":2,"href":"https:\/\/test.institutpsicologia.cat\/es\/wp-json\/wp\/v2\/pages\/31046\/revisions"}],"predecessor-version":[{"id":31049,"href":"https:\/\/test.institutpsicologia.cat\/es\/wp-json\/wp\/v2\/pages\/31046\/revisions\/31049"}],"up":[{"embeddable":true,"href":"https:\/\/test.institutpsicologia.cat\/es\/wp-json\/wp\/v2\/pages\/30991"}],"wp:attachment":[{"href":"https:\/\/test.institutpsicologia.cat\/es\/wp-json\/wp\/v2\/media?parent=31046"}],"curies":[{"name":"wp","href":"https:\/\/api.w.org\/{rel}","templated":true}]}}