{"id":31034,"date":"2023-09-13T19:01:47","date_gmt":"2023-09-13T18:01:47","guid":{"rendered":"https:\/\/test.institutpsicologia.cat\/equipo\/inma-funez-morante"},"modified":"2023-12-21T01:17:07","modified_gmt":"2023-12-21T00:17:07","slug":"inma-funez-morante","status":"publish","type":"page","link":"https:\/\/test.institutpsicologia.cat\/es\/equipo\/inma-funez-morante\/","title":{"rendered":"Inma F\u00fanez Morante"},"content":{"rendered":"\t<div class=\"grid-container\">\n\t\t<div class=\"text-imatge-full\">\n\t\t\t<div class=\"text-imatge-row row lazy\">\t\t\t\t<div class=\"text-imatge__imatge\">\n\t\t\t\t\t<img loading=\"lazy\" decoding=\"async\" width=\"1000\" height=\"848\" src=\"https:\/\/test.institutpsicologia.cat\/wp-content\/uploads\/2023\/11\/Inma-Funez-Centrada-1000x848.png\" class=\"attachment-custom-cuadrat size-custom-cuadrat\" alt=\"\" \/>\t\t\t\t<\/div>\n\t\t\t\t<div class=\"text-imatge__text\">\n\t\t\t\t\t<h2 class=\"titol_bloc\">Inma F\u00fanez Morante<\/h2>\n\t\t\t\t\t<div class=\"text_bloc\">\n\t\t\t\t\t\t\t<p><strong>Psicolog\u00eda cl\u00ednica<\/strong><\/p>\n<p>Como psic\u00f3loga de la Fundaci\u00f3n Instituto de Psicolog\u00eda, realizo evaluaciones psicol\u00f3gicas, intervenci\u00f3n cl\u00ednica, coordino reeducaciones psicopedag\u00f3gicas con ni\u00f1os y adolescentes con trastornos del neurodesarrollo y llevo a cabo talleres de prevenci\u00f3n de conductas de riesgo y promoci\u00f3n de la salud.<\/p>\n\t\n\t\t\t\t\t<\/div>\n\t\t\t\t\t\t\n\t\t\t\t<\/div>\n\t\t\t<\/div>\n\t\t<\/div>\n\t<\/div>\n\n\n\n<div style=\"height:40px\" aria-hidden=\"true\" class=\"wp-block-spacer\"><\/div>\n\n\n\n<div class=\"wp-block-group\"><div class=\"wp-block-group__inner-container is-layout-constrained wp-block-group-is-layout-constrained\">\n<p>Grado en Psicolog\u00eda por la Universidad de Barcelona, m\u00e1ster en Atenci\u00f3n a la Diversidad y Educaci\u00f3n Inclusiva por la Universidad Ramon Llull, m\u00e1ster en Psicopedagog\u00eda por la Universidad Oberta de Catalunya, m\u00e1ster en An\u00e1lisis del Comportamiento por la <em>Loovas Foundation <\/em>y m\u00e1ster en Psicolog\u00eda General Sanitaria por la Universidad Internacional de la Rioja.<\/p>\n\n\n\n<p>Soy especialista en trastorno del espectro autista (TEA) y trastornos del neurodesarrollo. Tambi\u00e9n tengo experiencia profesional en reeducaciones psicopedag\u00f3gicas, asesoramiento a profesionales y familias en el \u00e1mbito de la discapacidad, y he coordinado servicios de ocio en centros de educaci\u00f3n especial y centros ocupacionales y de voluntariado social.<\/p>\n<\/div><\/div>\n\n\n\n<div style=\"height:40px\" aria-hidden=\"true\" class=\"wp-block-spacer\"><\/div>\n\n\n\n<div class=\"wp-block-group\"><div class=\"wp-block-group__inner-container is-layout-constrained wp-block-group-is-layout-constrained\">\n<h3 class=\"wp-block-heading\"><strong>FORMACI\u00d3N Y ACREDITACIONES<\/strong><\/h3>\n\n\n\n<p>M\u00e1ster universitario en Psicolog\u00eda General Sanitaria por la Universidad Internacional de la Rioja (UNIR)<\/p>\n\n\n\n<p>M\u00e1ster universitario en An\u00e1lisis del Comportamiento Aplicado (ABA). <em>Lovaas Foundation<\/em> (2022)<\/p>\n\n\n\n<p>Cursos y talleres de formaci\u00f3n en <em>Picture Exchange Communication System<\/em> (2020)<\/p>\n\n\n\n<p>ESDM Formaci\u00f3n Introductoria y Avanzada &#8211; Modelo Denver (2020; 2022)<\/p>\n\n\n\n<p>Trastorno del Espectro Autista (2021)<\/p>\n\n\n\n<p>Metodolog\u00eda TEACCH (2021)<\/p>\n\n\n\n<p>M\u00e9todos de intervenci\u00f3n con evidencia cient\u00edfica en el Trastorno del Espectro Autista (2021)<\/p>\n\n\n\n<p>Alteraciones de conducta y el apoyo conductual positivo en el TEA en 2022<\/p>\n\n\n\n<p>M\u00e1ster universitario en Psicopedagog\u00eda. Universidad Oberta de Catalunya (2019)<\/p>\n\n\n\n<p>M\u00e1ster universitario en Atenci\u00f3n a la Diversidad y Educaci\u00f3n Inclusiva. Universidad Ramon Llull (2014)<\/p>\n\n\n\n<p>Grado en Psicolog\u00eda. Universidad de Barcelona (2012)<\/p>\n\n\n\n<div style=\"height:80px\" aria-hidden=\"true\" class=\"wp-block-spacer\"><\/div>\n<\/div><\/div>\n\n\n\n<div style=\"height:100px\" aria-hidden=\"true\" class=\"wp-block-spacer\"><\/div>\n","protected":false},"excerpt":{"rendered":"<p>Grado en Psicolog\u00eda por la Universidad de Barcelona, m\u00e1ster en Atenci\u00f3n a la Diversidad y Educaci\u00f3n Inclusiva por la Universidad Ramon Llull, m\u00e1ster en Psicopedagog\u00eda por &#8230; <a title=\"Inma F\u00fanez Morante\" class=\"read-more\" href=\"https:\/\/test.institutpsicologia.cat\/es\/equipo\/inma-funez-morante\/\" aria-label=\"Leer m\u00e1s sobre Inma F\u00fanez Morante\">Leer m\u00e1s<\/a><\/p>\n","protected":false},"author":1,"featured_media":0,"parent":30991,"menu_order":8,"comment_status":"closed","ping_status":"closed","template":"","meta":{"_acf_changed":false,"_themeisle_gutenberg_block_has_review":false,"footnotes":""},"class_list":["post-31034","page","type-page","status-publish"],"acf":[],"_links":{"self":[{"href":"https:\/\/test.institutpsicologia.cat\/es\/wp-json\/wp\/v2\/pages\/31034","targetHints":{"allow":["GET"]}}],"collection":[{"href":"https:\/\/test.institutpsicologia.cat\/es\/wp-json\/wp\/v2\/pages"}],"about":[{"href":"https:\/\/test.institutpsicologia.cat\/es\/wp-json\/wp\/v2\/types\/page"}],"author":[{"embeddable":true,"href":"https:\/\/test.institutpsicologia.cat\/es\/wp-json\/wp\/v2\/users\/1"}],"replies":[{"embeddable":true,"href":"https:\/\/test.institutpsicologia.cat\/es\/wp-json\/wp\/v2\/comments?post=31034"}],"version-history":[{"count":2,"href":"https:\/\/test.institutpsicologia.cat\/es\/wp-json\/wp\/v2\/pages\/31034\/revisions"}],"predecessor-version":[{"id":31037,"href":"https:\/\/test.institutpsicologia.cat\/es\/wp-json\/wp\/v2\/pages\/31034\/revisions\/31037"}],"up":[{"embeddable":true,"href":"https:\/\/test.institutpsicologia.cat\/es\/wp-json\/wp\/v2\/pages\/30991"}],"wp:attachment":[{"href":"https:\/\/test.institutpsicologia.cat\/es\/wp-json\/wp\/v2\/media?parent=31034"}],"curies":[{"name":"wp","href":"https:\/\/api.w.org\/{rel}","templated":true}]}}