{"id":31022,"date":"2023-09-13T18:49:52","date_gmt":"2023-09-13T17:49:52","guid":{"rendered":"https:\/\/test.institutpsicologia.cat\/equipo\/estela-torvisco-valares"},"modified":"2023-12-21T01:09:52","modified_gmt":"2023-12-21T00:09:52","slug":"estela-torvisco-valares","status":"publish","type":"page","link":"https:\/\/test.institutpsicologia.cat\/es\/equipo\/estela-torvisco-valares\/","title":{"rendered":"Estela Torvisco Valares"},"content":{"rendered":"\t<div class=\"grid-container\">\n\t\t<div class=\"text-imatge-full\">\n\t\t\t<div class=\"text-imatge-row row lazy\">\t\t\t\t<div class=\"text-imatge__imatge\">\n\t\t\t\t\t<img loading=\"lazy\" decoding=\"async\" width=\"1000\" height=\"899\" src=\"https:\/\/test.institutpsicologia.cat\/wp-content\/uploads\/2023\/11\/Estela-Torvisco-Centrada-1000x899.png\" class=\"attachment-custom-cuadrat size-custom-cuadrat\" alt=\"\" \/>\t\t\t\t<\/div>\n\t\t\t\t<div class=\"text-imatge__text\">\n\t\t\t\t\t<h2 class=\"titol_bloc\">Estela Torvisco Valares<\/h2>\n\t\t\t\t\t<div class=\"text_bloc\">\n\t\t\t\t\t\t\t<p><strong>Psicolog\u00eda cl\u00ednica<\/strong><\/p>\n<p>Estoy especializada en trastornos del neurodesarrollo y, espec\u00edficamente, en el trastorno del espectro autista (TEA): administraci\u00f3n y correcci\u00f3n de pruebas estandarizadas, dinamizaci\u00f3n de grupos de habilidades sociales, habilidades comunicativas y gesti\u00f3n emocional con adolescentes con TEA, as\u00ed como brindar pautas para las familias o realizar tareas de prevenci\u00f3n y asesoramiento en escuelas. Realizo un trabajo multidisciplinario con el entorno educativo y centros de salud que intervienen con el paciente, supervisando a los profesionales del centro de referencia y coordinando a otros profesionales que intervienen en los casos.<\/p>\n\t\n\t\t\t\t\t<\/div>\n\t\t\t\t\t\t\n\t\t\t\t<\/div>\n\t\t\t<\/div>\n\t\t<\/div>\n\t<\/div>\n\n\n\n<div style=\"height:40px\" aria-hidden=\"true\" class=\"wp-block-spacer\"><\/div>\n\n\n\n<div class=\"wp-block-group\"><div class=\"wp-block-group__inner-container is-layout-constrained wp-block-group-is-layout-constrained\">\n<p>Soy M\u00e1ster en Psicopatolog\u00eda Cl\u00ednica Infantojuvenil por la Universidad Aut\u00f3noma de Barcelona, M\u00e1ster en Psicopedagog\u00eda por la Universidad Alfonso X el Sabio y Graduada en Psicolog\u00eda por la Universidad de Barcelona.<\/p>\n\n\n\n<p>Tambi\u00e9n me he especializado en el trastorno por d\u00e9ficit de atenci\u00f3n con hiperactividad (TDAH), en los trastornos del aprendizaje, problemas de conducta, s\u00edndrome alcoh\u00f3lico fetal (SAF) y trastornos del estado de \u00e1nimo, y realizo intervenci\u00f3n y evaluaci\u00f3n en ni\u00f1os y adolescentes.<\/p>\n\n\n\n<p>Previo a mi incorporaci\u00f3n al equipo de la Fundaci\u00f3n Instituto de Psicolog\u00eda, hab\u00eda trabajado en otros centros de atenci\u00f3n psicol\u00f3gica, hab\u00eda realizado reeducaciones psicopedag\u00f3gicas y hab\u00eda sido psic\u00f3loga cl\u00ednica de referencia en centros terap\u00e9uticos de hospitalizaci\u00f3n de trastornos graves del neurodesarrollo.<\/p>\n<\/div><\/div>\n\n\n\n<div style=\"height:40px\" aria-hidden=\"true\" class=\"wp-block-spacer\"><\/div>\n\n\n\n<div class=\"wp-block-group\"><div class=\"wp-block-group__inner-container is-layout-constrained wp-block-group-is-layout-constrained\">\n<h3 class=\"wp-block-heading\"><strong>FORMACI\u00d3N Y ACREDITACIONES<\/strong><\/h3>\n\n\n\n<p>M\u00e1ster universitario en Psicopedagog\u00eda. Universidad Alfonso X el Sabio (2023)<\/p>\n\n\n\n<p>Formaci\u00f3n Introductoria EARLY START DENVER MODEL organizada por Mas Casadevall y el <em>Mind Institute<\/em> (2023)<\/p>\n\n\n\n<p>Jornadas Internacionales sobre Autismo, Neurodesarrollo y Salud Mental. EDAI (2022)<\/p>\n\n\n\n<p>Actualizaci\u00f3n en intervenciones psicosociales de aplicaci\u00f3n grupal en los Trastornos del Espectro del Autismo. HSJD (2020)<\/p>\n\n\n\n<p>Curso <em>Pyramid<\/em> PECS Nivel 1 (2018)<\/p>\n\n\n\n<p>M\u00e1ster universitario en Psicopatolog\u00eda Cl\u00ednica Infantojuvenil. Universidad Aut\u00f3noma de Barcelona (2016)<\/p>\n\n\n\n<p>Formaci\u00f3n en Trastorno Espec\u00edfico del Lenguaje. (2016)<\/p>\n\n\n\n<p>Acreditaci\u00f3n cl\u00ednica para la administraci\u00f3n de l\u2019ADI-R y l\u2019ADOS-2. HMT (2016)<\/p>\n\n\n\n<p>Actualizaci\u00f3n en epidemiolog\u00eda y etiolog\u00eda del autismo en Europa. Intervenci\u00f3n precoz basada en la evidencia. Universidad Internacional Men\u00e9ndez Pelayo (2016)<\/p>\n\n\n\n<p>Jornadas sobre Trastorno del Espectro Autista: Detecci\u00f3n, Orientaci\u00f3n diagn\u00f3stica e intervenci\u00f3n. (2015)<\/p>\n\n\n\n<p>Grado en Psicolog\u00eda. Universidad de Barcelona (2014)<\/p>\n\n\n\n<div style=\"height:80px\" aria-hidden=\"true\" class=\"wp-block-spacer\"><\/div>\n<\/div><\/div>\n\n\n\n<div style=\"height:100px\" aria-hidden=\"true\" class=\"wp-block-spacer\"><\/div>\n","protected":false},"excerpt":{"rendered":"<p>Soy M\u00e1ster en Psicopatolog\u00eda Cl\u00ednica Infantojuvenil por la Universidad Aut\u00f3noma de Barcelona, M\u00e1ster en Psicopedagog\u00eda por la Universidad Alfonso X el Sabio y Graduada en Psicolog\u00eda &#8230; <a title=\"Estela Torvisco Valares\" class=\"read-more\" href=\"https:\/\/test.institutpsicologia.cat\/es\/equipo\/estela-torvisco-valares\/\" aria-label=\"Leer m\u00e1s sobre Estela Torvisco Valares\">Leer m\u00e1s<\/a><\/p>\n","protected":false},"author":1,"featured_media":0,"parent":30991,"menu_order":5,"comment_status":"closed","ping_status":"closed","template":"","meta":{"_acf_changed":false,"_themeisle_gutenberg_block_has_review":false,"footnotes":""},"class_list":["post-31022","page","type-page","status-publish"],"acf":[],"_links":{"self":[{"href":"https:\/\/test.institutpsicologia.cat\/es\/wp-json\/wp\/v2\/pages\/31022","targetHints":{"allow":["GET"]}}],"collection":[{"href":"https:\/\/test.institutpsicologia.cat\/es\/wp-json\/wp\/v2\/pages"}],"about":[{"href":"https:\/\/test.institutpsicologia.cat\/es\/wp-json\/wp\/v2\/types\/page"}],"author":[{"embeddable":true,"href":"https:\/\/test.institutpsicologia.cat\/es\/wp-json\/wp\/v2\/users\/1"}],"replies":[{"embeddable":true,"href":"https:\/\/test.institutpsicologia.cat\/es\/wp-json\/wp\/v2\/comments?post=31022"}],"version-history":[{"count":2,"href":"https:\/\/test.institutpsicologia.cat\/es\/wp-json\/wp\/v2\/pages\/31022\/revisions"}],"predecessor-version":[{"id":31025,"href":"https:\/\/test.institutpsicologia.cat\/es\/wp-json\/wp\/v2\/pages\/31022\/revisions\/31025"}],"up":[{"embeddable":true,"href":"https:\/\/test.institutpsicologia.cat\/es\/wp-json\/wp\/v2\/pages\/30991"}],"wp:attachment":[{"href":"https:\/\/test.institutpsicologia.cat\/es\/wp-json\/wp\/v2\/media?parent=31022"}],"curies":[{"name":"wp","href":"https:\/\/api.w.org\/{rel}","templated":true}]}}