{"id":31014,"date":"2023-09-13T18:46:50","date_gmt":"2023-09-13T17:46:50","guid":{"rendered":"https:\/\/test.institutpsicologia.cat\/equipo\/sandra-anguita-contreras"},"modified":"2023-12-21T01:04:15","modified_gmt":"2023-12-21T00:04:15","slug":"sandra-anguita-contreras","status":"publish","type":"page","link":"https:\/\/test.institutpsicologia.cat\/es\/equipo\/sandra-anguita-contreras\/","title":{"rendered":"Sandra Anguita Contreras"},"content":{"rendered":"\t<div class=\"grid-container\">\n\t\t<div class=\"text-imatge-full\">\n\t\t\t<div class=\"text-imatge-row row lazy\">\t\t\t\t<div class=\"text-imatge__imatge\">\n\t\t\t\t\t<img loading=\"lazy\" decoding=\"async\" width=\"1000\" height=\"899\" src=\"https:\/\/test.institutpsicologia.cat\/wp-content\/uploads\/2023\/11\/Sandra-Anguita-Centrada-1000x899.png\" class=\"attachment-custom-cuadrat size-custom-cuadrat\" alt=\"\" \/>\t\t\t\t<\/div>\n\t\t\t\t<div class=\"text-imatge__text\">\n\t\t\t\t\t<h2 class=\"titol_bloc\">Sandra Anguita Contreras<\/h2>\n\t\t\t\t\t<div class=\"text_bloc\">\n\t\t\t\t\t\t\t<p><strong>Psicolog\u00eda cl\u00ednica<\/strong><\/p>\n<p>Psic\u00f3loga infantojuvenil centrada en el trabajo con ni\u00f1os y adolescentes y sus familias. Tengo amplia experiencia en la evaluaci\u00f3n psicol\u00f3gica y el tratamiento de trastornos del neurodesarrollo, trastornos de aprendizaje y alteraciones de la conducta y del estado de \u00e1nimo. Trabajo desde un enfoque cognitivo-conductual en coordinaci\u00f3n con el resto de los profesionales que atienden y dan soporte al paciente: profesorado, servicio de psiquiatr\u00eda, etc. Actualmente, tambi\u00e9n realizo talleres de prevenci\u00f3n en las escuelas.<\/p>\n\t\n\t\t\t\t\t<\/div>\n\t\t\t\t\t\t\n\t\t\t\t<\/div>\n\t\t\t<\/div>\n\t\t<\/div>\n\t<\/div>\n\n\n\n<div style=\"height:40px\" aria-hidden=\"true\" class=\"wp-block-spacer\"><\/div>\n\n\n\n<div class=\"wp-block-group\"><div class=\"wp-block-group__inner-container is-layout-constrained wp-block-group-is-layout-constrained\">\n<p>Durante mis a\u00f1os de formaci\u00f3n y experiencia cl\u00ednica, he adquirido conocimientos especializados en psicolog\u00eda infantojuvenil que me han permitido trabajar tanto en el \u00e1mbito cl\u00ednico como en el sanitario y educativo. Soy Graduada en Psicolog\u00eda y M\u00e1ster en Psicopatolog\u00eda Cl\u00ednica Infantojuvenil por la Universidad Aut\u00f3noma de Barcelona y M\u00e1ster en Psicolog\u00eda General Sanitaria por la Universidad de Barcelona.<\/p>\n<\/div><\/div>\n\n\n\n<div style=\"height:40px\" aria-hidden=\"true\" class=\"wp-block-spacer\"><\/div>\n\n\n\n<div class=\"wp-block-group\"><div class=\"wp-block-group__inner-container is-layout-constrained wp-block-group-is-layout-constrained\">\n<h3 class=\"wp-block-heading\"><strong>FORMACI\u00d3N Y ACREDITACIONES<\/strong><\/h3>\n\n\n\n<p>M\u00e1ster universitario en Psicolog\u00eda General Sanitaria. Universidad de Barcelona (2018)<\/p>\n\n\n\n<p>M\u00e1ster universitario en Psicopatolog\u00eda Cl\u00ednica Infantojuvenil. Universidad Aut\u00f3noma de Barcelona (2014)<\/p>\n\n\n\n<p>Formaciones espec\u00edficas en Trastorno por D\u00e9ficit de Atenci\u00f3n con Hiperactividad (TDAH) y Trastornos Com\u00f3rbidos (2014) y en Intervenci\u00f3n Cl\u00ednica Infantil (2014)<\/p>\n\n\n\n<p>Grado en Psicolog\u00eda. Universidad Aut\u00f3noma de Barcelona (2012)<\/p>\n\n\n\n<div style=\"height:80px\" aria-hidden=\"true\" class=\"wp-block-spacer\"><\/div>\n<\/div><\/div>\n\n\n\n<div style=\"height:100px\" aria-hidden=\"true\" class=\"wp-block-spacer\"><\/div>\n","protected":false},"excerpt":{"rendered":"<p>Durante mis a\u00f1os de formaci\u00f3n y experiencia cl\u00ednica, he adquirido conocimientos especializados en psicolog\u00eda infantojuvenil que me han permitido trabajar tanto en el \u00e1mbito cl\u00ednico como &#8230; <a title=\"Sandra Anguita Contreras\" class=\"read-more\" href=\"https:\/\/test.institutpsicologia.cat\/es\/equipo\/sandra-anguita-contreras\/\" aria-label=\"Leer m\u00e1s sobre Sandra Anguita Contreras\">Leer m\u00e1s<\/a><\/p>\n","protected":false},"author":1,"featured_media":0,"parent":30991,"menu_order":4,"comment_status":"closed","ping_status":"closed","template":"","meta":{"_acf_changed":false,"_themeisle_gutenberg_block_has_review":false,"footnotes":""},"class_list":["post-31014","page","type-page","status-publish"],"acf":[],"_links":{"self":[{"href":"https:\/\/test.institutpsicologia.cat\/es\/wp-json\/wp\/v2\/pages\/31014","targetHints":{"allow":["GET"]}}],"collection":[{"href":"https:\/\/test.institutpsicologia.cat\/es\/wp-json\/wp\/v2\/pages"}],"about":[{"href":"https:\/\/test.institutpsicologia.cat\/es\/wp-json\/wp\/v2\/types\/page"}],"author":[{"embeddable":true,"href":"https:\/\/test.institutpsicologia.cat\/es\/wp-json\/wp\/v2\/users\/1"}],"replies":[{"embeddable":true,"href":"https:\/\/test.institutpsicologia.cat\/es\/wp-json\/wp\/v2\/comments?post=31014"}],"version-history":[{"count":2,"href":"https:\/\/test.institutpsicologia.cat\/es\/wp-json\/wp\/v2\/pages\/31014\/revisions"}],"predecessor-version":[{"id":31017,"href":"https:\/\/test.institutpsicologia.cat\/es\/wp-json\/wp\/v2\/pages\/31014\/revisions\/31017"}],"up":[{"embeddable":true,"href":"https:\/\/test.institutpsicologia.cat\/es\/wp-json\/wp\/v2\/pages\/30991"}],"wp:attachment":[{"href":"https:\/\/test.institutpsicologia.cat\/es\/wp-json\/wp\/v2\/media?parent=31014"}],"curies":[{"name":"wp","href":"https:\/\/api.w.org\/{rel}","templated":true}]}}