{"id":31007,"date":"2023-09-13T18:38:04","date_gmt":"2023-09-13T17:38:04","guid":{"rendered":"https:\/\/test.institutpsicologia.cat\/equipo\/dra-nuria-de-la-osa-chaparro"},"modified":"2023-12-21T01:00:34","modified_gmt":"2023-12-21T00:00:34","slug":"dra-nuria-de-la-osa-chaparro","status":"publish","type":"page","link":"https:\/\/test.institutpsicologia.cat\/es\/equipo\/dra-nuria-de-la-osa-chaparro\/","title":{"rendered":"Dra. N\u00faria de la Osa Chaparro"},"content":{"rendered":"\t<div class=\"grid-container\">\n\t\t<div class=\"text-imatge-full\">\n\t\t\t<div class=\"text-imatge-row row lazy\">\t\t\t\t<div class=\"text-imatge__imatge\">\n\t\t\t\t\t<img loading=\"lazy\" decoding=\"async\" width=\"1000\" height=\"848\" src=\"https:\/\/test.institutpsicologia.cat\/wp-content\/uploads\/2023\/11\/Nuria_de_La_Osa-Centrada-1000x848.png\" class=\"attachment-custom-cuadrat size-custom-cuadrat\" alt=\"\" \/>\t\t\t\t<\/div>\n\t\t\t\t<div class=\"text-imatge__text\">\n\t\t\t\t\t<h2 class=\"titol_bloc\">Dra. N\u00faria de la Osa Chaparro<\/h2>\n\t\t\t\t\t<div class=\"text_bloc\">\n\t\t\t\t\t\t\t<p><strong>Psicolog\u00eda cl\u00ednica<\/strong><\/p>\n<p>Doctora en Psicolog\u00eda por la Universidad Aut\u00f3noma de Barcelona, Especialista en Psicolog\u00eda Cl\u00ednica y en Perturbaciones del Lenguaje y Audici\u00f3n. Mi carrera profesional se ha centrado en el estudio de la psicolog\u00eda cl\u00ednica infantil, espec\u00edficamente en la prevenci\u00f3n, la evaluaci\u00f3n y el diagn\u00f3stico, y tengo especial inter\u00e9s en los factores que causan o facilitan los problemas de salud mental en la poblaci\u00f3n infantojuvenil.<\/p>\n\t\n\t\t\t\t\t<\/div>\n\t\t\t\t\t\t\n\t\t\t\t<\/div>\n\t\t\t<\/div>\n\t\t<\/div>\n\t<\/div>\n\n\n\n<div style=\"height:40px\" aria-hidden=\"true\" class=\"wp-block-spacer\"><\/div>\n\n\n\n<div class=\"wp-block-group\"><div class=\"wp-block-group__inner-container is-layout-constrained wp-block-group-is-layout-constrained\">\n<p>Investigadora de la Unidad de Epidemiolog\u00eda y Diagn\u00f3stico en Psicopatolog\u00eda del Desarrollo desde sus inicios, en 1992, y profesora titular de Evaluaci\u00f3n Psicol\u00f3gica en la Universidad Aut\u00f3noma de Barcelona desde 1997. Imparto docencia en el m\u00e1ster de Investigaci\u00f3n en Psicolog\u00eda Cl\u00ednica y de la Salud y en el Programa de Doctorado del Departamento de Psicolog\u00eda Cl\u00ednica y de la Salud de la Universidad Aut\u00f3noma de Barcelona. Soy autora de numerosos art\u00edculos cient\u00edficos y publicaciones en revistas internacionales sobre evaluaci\u00f3n psicol\u00f3gica, diagn\u00f3stico e instrumentos de evaluaci\u00f3n, psicopatolog\u00eda del desarrollo y, espec\u00edficamente, sobre problemas del comportamiento.<\/p>\n\n\n\n<p>Mis l\u00edneas actuales de investigaci\u00f3n se centran en los factores de vulnerabilidad psicol\u00f3gica del trastorno negativista desafiante (TND) y en desarrollar instrumentos para su estudio evolutivo, evaluando, desde etapas preescolares, aspectos como el estilo educativo, el temperamento o la cognici\u00f3n social.<\/p>\n<\/div><\/div>\n\n\n\n<div style=\"height:40px\" aria-hidden=\"true\" class=\"wp-block-spacer\"><\/div>\n\n\n\n<div class=\"wp-block-group\"><div class=\"wp-block-group__inner-container is-layout-constrained wp-block-group-is-layout-constrained\">\n<h3 class=\"wp-block-heading\"><strong>FORMACI\u00d3N Y ACREDITACIONES<\/strong><\/h3>\n\n\n\n<p>Doctora en Psicolog\u00eda. Universidad Aut\u00f3noma de Barcelona (1993)<\/p>\n\n\n\n<p>Acreditaci\u00f3n del Ministerio de Educaci\u00f3n y Ciencia como Psic\u00f3loga Especialista en Cl\u00ednica (2004)<\/p>\n\n\n\n<p>Licenciada en Psicolog\u00eda (1986)<\/p>\n\n\n\n<p>Especialidad en Trastornos del Lenguaje y la Audici\u00f3n por la Universidad de Barcelona (1988)<\/p>\n\n\n\n<p>Formaci\u00f3n en aplicaci\u00f3n de Entrevistas Diagn\u00f3sticas Estructuradas (1991)<\/p>\n\n\n\n<p>Profesora Titular de Evaluaci\u00f3n Psicol\u00f3gica. Universidad Aut\u00f3noma de Barcelona (1997)<\/p>\n\n\n\n<p>Habilitada por el Colegio Oficial de Logopedas de Catalu\u00f1a (2000)<\/p>\n\n\n\n<p>Colaboraci\u00f3n en tareas asistenciales en el Centro de Salud Mental Infantil y Juvenil de la Corporaci\u00f3n Sanitaria del <em>Parc Taul\u00ed<\/em> como psic\u00f3loga cl\u00ednica investigadora de la Universidad Aut\u00f3noma de Barcelona (1991-2001).<\/p>\n\n\n\n<p>Colaboraci\u00f3n en tareas asistenciales en el Servicio de Psiquiatr\u00eda Infantil del Hospital de Matar\u00f3 como psic\u00f3loga cl\u00ednica investigadora de la Universidad Aut\u00f3noma de Barcelona (1993-2008).<\/p>\n\n\n\n<p>Colaboraci\u00f3n en tareas asistenciales en la Unidad de Salud Mental del Centro de Asistencia Primaria de Badia del Vall\u00e8s como psic\u00f3loga cl\u00ednica investigadora de la Universidad Aut\u00f3noma de Barcelona (1995-2008). Curso de Formaci\u00f3n en el Programa de intervenci\u00f3n para padres \u00ab<em>The Incredible Years<\/em>\u00ab, en Colchester, Reino Unido (2014).<\/p>\n\n\n\n<div style=\"height:80px\" aria-hidden=\"true\" class=\"wp-block-spacer\"><\/div>\n<\/div><\/div>\n\n\n\n<div style=\"height:100px\" aria-hidden=\"true\" class=\"wp-block-spacer\"><\/div>\n","protected":false},"excerpt":{"rendered":"<p>Investigadora de la Unidad de Epidemiolog\u00eda y Diagn\u00f3stico en Psicopatolog\u00eda del Desarrollo desde sus inicios, en 1992, y profesora titular de Evaluaci\u00f3n Psicol\u00f3gica en la Universidad &#8230; <a title=\"Dra. N\u00faria de la Osa Chaparro\" class=\"read-more\" href=\"https:\/\/test.institutpsicologia.cat\/es\/equipo\/dra-nuria-de-la-osa-chaparro\/\" aria-label=\"Leer m\u00e1s sobre Dra. N\u00faria de la Osa Chaparro\">Leer m\u00e1s<\/a><\/p>\n","protected":false},"author":1,"featured_media":0,"parent":30991,"menu_order":3,"comment_status":"closed","ping_status":"closed","template":"","meta":{"_acf_changed":false,"_themeisle_gutenberg_block_has_review":false,"footnotes":""},"class_list":["post-31007","page","type-page","status-publish"],"acf":[],"_links":{"self":[{"href":"https:\/\/test.institutpsicologia.cat\/es\/wp-json\/wp\/v2\/pages\/31007","targetHints":{"allow":["GET"]}}],"collection":[{"href":"https:\/\/test.institutpsicologia.cat\/es\/wp-json\/wp\/v2\/pages"}],"about":[{"href":"https:\/\/test.institutpsicologia.cat\/es\/wp-json\/wp\/v2\/types\/page"}],"author":[{"embeddable":true,"href":"https:\/\/test.institutpsicologia.cat\/es\/wp-json\/wp\/v2\/users\/1"}],"replies":[{"embeddable":true,"href":"https:\/\/test.institutpsicologia.cat\/es\/wp-json\/wp\/v2\/comments?post=31007"}],"version-history":[{"count":3,"href":"https:\/\/test.institutpsicologia.cat\/es\/wp-json\/wp\/v2\/pages\/31007\/revisions"}],"predecessor-version":[{"id":31013,"href":"https:\/\/test.institutpsicologia.cat\/es\/wp-json\/wp\/v2\/pages\/31007\/revisions\/31013"}],"up":[{"embeddable":true,"href":"https:\/\/test.institutpsicologia.cat\/es\/wp-json\/wp\/v2\/pages\/30991"}],"wp:attachment":[{"href":"https:\/\/test.institutpsicologia.cat\/es\/wp-json\/wp\/v2\/media?parent=31007"}],"curies":[{"name":"wp","href":"https:\/\/api.w.org\/{rel}","templated":true}]}}