{"id":30999,"date":"2023-09-13T18:24:53","date_gmt":"2023-09-13T17:24:53","guid":{"rendered":"https:\/\/test.institutpsicologia.cat\/equipo\/natalia-pico-azanza"},"modified":"2023-12-21T01:00:27","modified_gmt":"2023-12-21T00:00:27","slug":"natalia-pico-azanza","status":"publish","type":"page","link":"https:\/\/test.institutpsicologia.cat\/es\/equipo\/natalia-pico-azanza\/","title":{"rendered":"Nat\u00e0lia Pic\u00f3 Azanza"},"content":{"rendered":"\t<div class=\"grid-container\">\n\t\t<div class=\"text-imatge-full\">\n\t\t\t<div class=\"text-imatge-row row lazy\">\t\t\t\t<div class=\"text-imatge__imatge\">\n\t\t\t\t\t<img loading=\"lazy\" decoding=\"async\" width=\"1000\" height=\"848\" src=\"https:\/\/test.institutpsicologia.cat\/wp-content\/uploads\/2023\/11\/Natalia-Pico-Centrada-1000x848.png\" class=\"attachment-custom-cuadrat size-custom-cuadrat\" alt=\"\" \/>\t\t\t\t<\/div>\n\t\t\t\t<div class=\"text-imatge__text\">\n\t\t\t\t\t<h2 class=\"titol_bloc\">Nat\u00e0lia Pic\u00f3 Azanza<\/h2>\n\t\t\t\t\t<div class=\"text_bloc\">\n\t\t\t\t\t\t\t<p><strong>Neuropsicolog\u00eda<\/strong><\/p>\n<p>Neuropsic\u00f3loga Cl\u00ednica en la Fundaci\u00f3n Instituto de Psicolog\u00eda desde 2007. M\u00e1ster en Neuropsicolog\u00eda Cl\u00ednica y licenciatura en Psicolog\u00eda por la Universitat de Barcelona. Neuropsic\u00f3loga con amplia experiencia, formada en el Instituto Guttmann Hospital de Neurorehabilitaci\u00f3n donde hab\u00eda trabajado en la Unidad de Neuropsicolog\u00eda, despu\u00e9s de haber obtenido becas de investigaci\u00f3n como neuropsic\u00f3loga cl\u00ednica y haber sido residente en la Unidad de Neuropsicolog\u00eda del mismo Instituto.<\/p>\n\t\n\t\t\t\t\t<\/div>\n\t\t\t\t\t\t\n\t\t\t\t<\/div>\n\t\t\t<\/div>\n\t\t<\/div>\n\t<\/div>\n\n\n\n<div style=\"height:40px\" aria-hidden=\"true\" class=\"wp-block-spacer\"><\/div>\n\n\n\n<div class=\"wp-block-group\"><div class=\"wp-block-group__inner-container is-layout-constrained wp-block-group-is-layout-constrained\">\n<p>Trabajo en la Fundaci\u00f3n Instituto de Psicolog\u00eda desde sus inicios, hace m\u00e1s de 15 a\u00f1os. Soy especialista en la evaluaci\u00f3n y el tratamiento de trastornos del neurodesarrollo (trastornos del lenguaje, trastornos del aprendizaje, trastorno por d\u00e9ficit de atenci\u00f3n con hiperactividad, discapacidad intelectual) y da\u00f1o cerebral adquirido (traumatismo craneoencef\u00e1lico, accidentes vasculares).<\/p>\n\n\n\n<p>Tambi\u00e9n tengo experiencia como docente en el m\u00e1ster universitario en Rehabilitaci\u00f3n Neuropsicol\u00f3gica y Estimulaci\u00f3n Cognitiva en el Instituto Universitaria de Neurorrehabilitaci\u00f3n <em>Guttmann<\/em>, adscrito a la Universidad Aut\u00f3noma de Barcelona, y en el posgrado en Neuropsicolog\u00eda y Neurolog\u00eda de la Conducta Infantil de la misma universidad.<\/p>\n<\/div><\/div>\n\n\n\n<div style=\"height:40px\" aria-hidden=\"true\" class=\"wp-block-spacer\"><\/div>\n\n\n\n<div class=\"wp-block-group\"><div class=\"wp-block-group__inner-container is-layout-constrained wp-block-group-is-layout-constrained\">\n<p><strong>FORMACI\u00d3N Y ACREDITACIONES<\/strong><\/p>\n\n\n\n<p>Acreditaci\u00f3n profesional en psic\u00f3logo experto en Neuropsicolog\u00eda Cl\u00ednica. Consell General del Colegio Oficial de Psic\u00f3logos (2017)<\/p>\n\n\n\n<p>Acreditaci\u00f3n en Psicolog\u00eda General Sanitaria por el Colegio Oficial de Psic\u00f3logos de Catalunya (2014)<\/p>\n\n\n\n<p>Diploma de Estudios Avanzados (DEA) y Suficiencia Investigadora. \u00abIm\u00e1genes de Tensor de Difusi\u00f3n en Traumatismos Craneoencef\u00e1licos Cr\u00f3nicos: Correlaci\u00f3n entre medidas de gravedad y variables neuropsicol\u00f3gicas\u00bb. Departamento de Psiquiatr\u00eda y Psicobiolog\u00eda. Facultad de Medicina. Universidad de Barcelona (2007)<\/p>\n\n\n\n<p>Cursos de Doctorado en Neurociencias. Departamento de Psiquiatr\u00eda y Psicobiolog\u00eda. Facultad de Medicina. Universidad de Barcelona (2006)<\/p>\n\n\n\n<p>Acreditaci\u00f3n profesional de psic\u00f3loga experta en Neuropsicolog\u00eda Cl\u00ednica. Consell General del Colegio Oficial de Psic\u00f3logos de Catalunya (2006)<\/p>\n\n\n\n<p>M\u00e1ster universitario en Neuropsicolog\u00eda Cl\u00ednica. Programa de posgrado del Departamento de Psiquiatr\u00eda y Psicobiolog\u00eda Cl\u00ednica. Universidad de Barcelona (2002)<\/p>\n\n\n\n<p>Licenciatura en Psicolog\u00eda. Universidad de Barcelona (1999)<\/p>\n\n\n\n<div style=\"height:80px\" aria-hidden=\"true\" class=\"wp-block-spacer\"><\/div>\n<\/div><\/div>\n\n\n\n<div style=\"height:100px\" aria-hidden=\"true\" class=\"wp-block-spacer\"><\/div>\n\n\n\n<p><\/p>\n","protected":false},"excerpt":{"rendered":"<p>Trabajo en la Fundaci\u00f3n Instituto de Psicolog\u00eda desde sus inicios, hace m\u00e1s de 15 a\u00f1os. Soy especialista en la evaluaci\u00f3n y el tratamiento de trastornos del &#8230; <a title=\"Nat\u00e0lia Pic\u00f3 Azanza\" class=\"read-more\" href=\"https:\/\/test.institutpsicologia.cat\/es\/equipo\/natalia-pico-azanza\/\" aria-label=\"Leer m\u00e1s sobre Nat\u00e0lia Pic\u00f3 Azanza\">Leer m\u00e1s<\/a><\/p>\n","protected":false},"author":1,"featured_media":0,"parent":30991,"menu_order":2,"comment_status":"closed","ping_status":"closed","template":"","meta":{"_acf_changed":false,"_themeisle_gutenberg_block_has_review":false,"footnotes":""},"class_list":["post-30999","page","type-page","status-publish"],"acf":[],"_links":{"self":[{"href":"https:\/\/test.institutpsicologia.cat\/es\/wp-json\/wp\/v2\/pages\/30999","targetHints":{"allow":["GET"]}}],"collection":[{"href":"https:\/\/test.institutpsicologia.cat\/es\/wp-json\/wp\/v2\/pages"}],"about":[{"href":"https:\/\/test.institutpsicologia.cat\/es\/wp-json\/wp\/v2\/types\/page"}],"author":[{"embeddable":true,"href":"https:\/\/test.institutpsicologia.cat\/es\/wp-json\/wp\/v2\/users\/1"}],"replies":[{"embeddable":true,"href":"https:\/\/test.institutpsicologia.cat\/es\/wp-json\/wp\/v2\/comments?post=30999"}],"version-history":[{"count":3,"href":"https:\/\/test.institutpsicologia.cat\/es\/wp-json\/wp\/v2\/pages\/30999\/revisions"}],"predecessor-version":[{"id":31012,"href":"https:\/\/test.institutpsicologia.cat\/es\/wp-json\/wp\/v2\/pages\/30999\/revisions\/31012"}],"up":[{"embeddable":true,"href":"https:\/\/test.institutpsicologia.cat\/es\/wp-json\/wp\/v2\/pages\/30991"}],"wp:attachment":[{"href":"https:\/\/test.institutpsicologia.cat\/es\/wp-json\/wp\/v2\/media?parent=30999"}],"curies":[{"name":"wp","href":"https:\/\/api.w.org\/{rel}","templated":true}]}}