{"id":30991,"date":"2023-09-08T13:35:05","date_gmt":"2023-09-08T12:35:05","guid":{"rendered":"https:\/\/test.institutpsicologia.cat\/equip"},"modified":"2024-01-12T12:46:22","modified_gmt":"2024-01-12T11:46:22","slug":"equipo","status":"publish","type":"page","link":"https:\/\/test.institutpsicologia.cat\/es\/equipo\/","title":{"rendered":"Equipo"},"content":{"rendered":"\n\t<div id=\"cabecerainterior-block_98fb665d27826bd7047bed558a56e78a\" class=\"cabecerainterior lazy\">\n\t\t<div class=\"cabint-image\">\n\t\t\t<img decoding=\"async\" src=\"https:\/\/test.institutpsicologia.cat\/wp-content\/uploads\/2023\/09\/Equip-e1694169680391.jpg\" alt=\"\">\n\t\t<\/div>\n\t\t<div class=\"cabint-info\">\n\t\t\t<h1 class=\"cabint-info__titol\">\n\t\t\t\tEquipo\t\t\t<\/h1>\n\t\t<\/div>\n\t<\/div>\n\n\t\n\n\t<div id=\"textodestacado-block_897e3a78f541a87bada82e3ad50ed3da\" class=\"text-destacat lazy\">\t\t<div class=\"grid-container\">\n\t\t\t<!-- Item -->\n        <div class=\"text-destacat__text\">\n\t\t\t\t\t<h2 class=\"titol_bloc\"><\/h2>\n\t\t\t\t\t<div class=\"text_bloc\">\n\t\t\t\t\t\t<p>Somos un conjunto de profesionales que trabajamos con un enfoque interdisciplinario para atender todas tus necesidades.<\/p>\n\t\t\t\t\t<\/div>\n\t\t\t\t<\/div>\n\t\t\t<!-- .\/ Item -->\t\n\t\t<\/div>\n\t<\/div>\n\n\t\n\n\n<div class=\"wp-block-group alignfull\"><div class=\"wp-block-group__inner-container is-layout-constrained wp-block-group-is-layout-constrained\">\t<div id=\"text-block_d3efb0103ef8291e6e5fa26820f6eb87\" class=\"text-simple bg-ultra_clar lazy\">    <div class=\"grid-container\">\n      <!-- Item -->\n      <div class=\"text-simple__text\">\n        <h2 class=\"titol_bloc\"><\/h2>\n      \t<div class=\"text_bloc\">\n        \t<p>Psic\u00f3logos, psiquiatras, psicopedagogos, neuropsic\u00f3logos y logopedas con una amplia experiencia y vocaci\u00f3n de ayudarte a encontrar soluciones, resolver conflictos, adquirir herramientas y superar situaciones a partir de una relaci\u00f3n de confianza basada en el respeto. El trabajo en equipo y su alto nivel de formaci\u00f3n son un distintivo que contribuye a marcar la diferencia.<\/p>\n<p>Y contamos con un amplio equipo de reeducadores y reeducadoras, especializados en dificultades de aprendizaje y con titulaciones en psicolog\u00eda, pedagog\u00eda, magisterio o logopedia.<\/p>\n      \t<\/div>\n     \t<\/div>\n      <!-- .\/ Item -->\n    <\/div>\n  <\/div>\n\n\t<\/div><\/div>\n\n\n\n<div id=\"Direccion\" class=\"wp-block-group\"><div class=\"wp-block-group__inner-container is-layout-constrained wp-block-group-is-layout-constrained\">    <div class=\"columnes_wrapper columnes-3 lazy\">\n      <div class=\"grid-container\">\n        <div class=\"seccio_bloc\">\n          Direcci\u00f3n                  <\/div>\n        <div class=\"row\">\n                              <!-- Item 3 columnes -->\n          <div class=\"col-md-4\">\n            <div class=\"columna-item\">\n              <a href=\"\/es\/equipo\/dra-esther-trepat-de-ancos\/\" class=\"columna-item__imatge\">\n                <img loading=\"lazy\" decoding=\"async\" width=\"1200\" height=\"848\" src=\"https:\/\/test.institutpsicologia.cat\/wp-content\/uploads\/2023\/11\/Esther-Trepat-Centrada.png\" class=\"attachment-full size-full\" alt=\"\" srcset=\"https:\/\/test.institutpsicologia.cat\/wp-content\/uploads\/2023\/11\/Esther-Trepat-Centrada.png 1200w, https:\/\/test.institutpsicologia.cat\/wp-content\/uploads\/2023\/11\/Esther-Trepat-Centrada-600x424.png 600w, https:\/\/test.institutpsicologia.cat\/wp-content\/uploads\/2023\/11\/Esther-Trepat-Centrada-300x212.png 300w, https:\/\/test.institutpsicologia.cat\/wp-content\/uploads\/2023\/11\/Esther-Trepat-Centrada-1024x724.png 1024w, https:\/\/test.institutpsicologia.cat\/wp-content\/uploads\/2023\/11\/Esther-Trepat-Centrada-768x543.png 768w\" sizes=\"auto, (max-width: 1200px) 100vw, 1200px\" \/>              <\/a>\n              <h2 class=\"columna-item__titol\">\n                <a href=\"\/es\/equipo\/dra-esther-trepat-de-ancos\/\">\n                  Dra. Esther Trepat de Ancos                <\/a>\n              <\/h2>\n              <h3 class=\"columna-item__subtitol\">\n                <a href=\"\/es\/equipo\/dra-esther-trepat-de-ancos\/\">\n                  Directora                <\/a>\n              <\/h3>\n              <div class=\"columna-item__text\">\n                <p>Directora de la Fundaci\u00f3n Instituto de Psicolog\u00eda desde su creaci\u00f3n (2006) y doctora en Psicolog\u00eda Cl\u00ednica y de la Salud por la Universidad Aut\u00f3noma de Barcelona, donde tambi\u00e9n me gradu\u00e9 en psicolog\u00eda y, previamente, en Magisterio. He realizado diversos m\u00e1steres y posgrados. Soy profesora asociada del Departamento de Psicolog\u00eda Cl\u00ednica y de la Salud de la Universidad Aut\u00f3noma de Barcelona, miembro del equipo de investigaci\u00f3n de la Unidad de Epidemiolog\u00eda y Diagn\u00f3stico en Psicopatolog\u00eda del Desarrollo, dirigido por la Dra. Lourdes Ezpeleta. Colaboro como docente en diferentes m\u00e1steres universitarios y soy autora de diversas publicaciones cient\u00edficas en el \u00e1mbito de la psicopatolog\u00eda y de los problemas de conducta.<\/p>\n              <\/div>\n              <a href=\"\/es\/equipo\/dra-esther-trepat-de-ancos\/\" class=\"mes_info\">\n                Para saber m\u00e1s, haz clic aqu\u00ed              <\/a>\n            <\/div>\n          <\/div>\n          <!-- .\/ Item 3 columnes -->\n                    <!-- Item 3 columnes -->\n          <div class=\"col-md-4\">\n            <div class=\"columna-item\">\n              <a href=\"\" class=\"columna-item__imatge\">\n                              <\/a>\n              <h2 class=\"columna-item__titol\">\n                <a href=\"\">\n                                  <\/a>\n              <\/h2>\n              <h3 class=\"columna-item__subtitol\">\n                <a href=\"\">\n                                  <\/a>\n              <\/h3>\n              <div class=\"columna-item__text\">\n                              <\/div>\n              <a href=\"\" class=\"mes_info\">\n                              <\/a>\n            <\/div>\n          <\/div>\n          <!-- .\/ Item 3 columnes -->\n                    <!-- Item 3 columnes -->\n          <div class=\"col-md-4\">\n            <div class=\"columna-item\">\n              <a href=\"\" class=\"columna-item__imatge\">\n                              <\/a>\n              <h2 class=\"columna-item__titol\">\n                <a href=\"\">\n                                  <\/a>\n              <\/h2>\n              <h3 class=\"columna-item__subtitol\">\n                <a href=\"\">\n                                  <\/a>\n              <\/h3>\n              <div class=\"columna-item__text\">\n                              <\/div>\n              <a href=\"\" class=\"mes_info\">\n                              <\/a>\n            <\/div>\n          <\/div>\n          <!-- .\/ Item 3 columnes -->\n                            <\/div>\n      <\/div>\n    <\/div>\n  <\/div><\/div>\n\n\n\n<div id=\"Neuropsicologia\" class=\"wp-block-group\"><div class=\"wp-block-group__inner-container is-layout-constrained wp-block-group-is-layout-constrained\">    <div class=\"columnes_wrapper columnes-3 lazy\">\n      <div class=\"grid-container\">\n        <div class=\"seccio_bloc\">\n          Equipo cl\u00ednico                  <\/div>\n        <div class=\"row\">\n                              <!-- Item 3 columnes -->\n          <div class=\"col-md-4\">\n            <div class=\"columna-item\">\n              <a href=\"\/es\/equipo\/natalia-pico-azanza\/\" class=\"columna-item__imatge\">\n                <img loading=\"lazy\" decoding=\"async\" width=\"1200\" height=\"848\" src=\"https:\/\/test.institutpsicologia.cat\/wp-content\/uploads\/2023\/11\/Natalia-Pico-Centrada.png\" class=\"attachment-full size-full\" alt=\"\" srcset=\"https:\/\/test.institutpsicologia.cat\/wp-content\/uploads\/2023\/11\/Natalia-Pico-Centrada.png 1200w, https:\/\/test.institutpsicologia.cat\/wp-content\/uploads\/2023\/11\/Natalia-Pico-Centrada-600x424.png 600w, https:\/\/test.institutpsicologia.cat\/wp-content\/uploads\/2023\/11\/Natalia-Pico-Centrada-300x212.png 300w, https:\/\/test.institutpsicologia.cat\/wp-content\/uploads\/2023\/11\/Natalia-Pico-Centrada-1024x724.png 1024w, https:\/\/test.institutpsicologia.cat\/wp-content\/uploads\/2023\/11\/Natalia-Pico-Centrada-768x543.png 768w\" sizes=\"auto, (max-width: 1200px) 100vw, 1200px\" \/>              <\/a>\n              <h2 class=\"columna-item__titol\">\n                <a href=\"\/es\/equipo\/natalia-pico-azanza\/\">\n                  Nat\u00e0lia Pic\u00f3 Azanza                <\/a>\n              <\/h2>\n              <h3 class=\"columna-item__subtitol\">\n                <a href=\"\/es\/equipo\/natalia-pico-azanza\/\">\n                  Neuropsicolog\u00eda                <\/a>\n              <\/h3>\n              <div class=\"columna-item__text\">\n                <p>Neuropsic\u00f3loga Cl\u00ednica en la Fundaci\u00f3n Instituto de Psicolog\u00eda desde 2007. M\u00e1ster en Neuropsicolog\u00eda Cl\u00ednica y licenciatura en Psicolog\u00eda por la Universidad de Barcelona. Neuropsic\u00f3loga con amplia experiencia, formada en el Instituto Guttmann Hospital de Neurorehabilitaci\u00f3n donde hab\u00eda trabajado en la Unidad de Neuropsicolog\u00eda, despu\u00e9s de haber obtenido becas de investigaci\u00f3n como neuropsic\u00f3loga cl\u00ednica y haber sido residente en la Unidad de Neuropsicolog\u00eda del mismo Instituto.<\/p>\n              <\/div>\n              <a href=\"\/es\/equipo\/natalia-pico-azanza\/\" class=\"mes_info\">\n                Para saber m\u00e1s, haz clic aqu\u00ed              <\/a>\n            <\/div>\n          <\/div>\n          <!-- .\/ Item 3 columnes -->\n                    <!-- Item 3 columnes -->\n          <div class=\"col-md-4\">\n            <div class=\"columna-item\">\n              <a href=\"\/es\/equipo\/dra-nuria-de-la-osa-chaparro\/\" class=\"columna-item__imatge\">\n                <img loading=\"lazy\" decoding=\"async\" width=\"1200\" height=\"848\" src=\"https:\/\/test.institutpsicologia.cat\/wp-content\/uploads\/2023\/11\/Nuria_de_La_Osa-Centrada.png\" class=\"attachment-full size-full\" alt=\"\" srcset=\"https:\/\/test.institutpsicologia.cat\/wp-content\/uploads\/2023\/11\/Nuria_de_La_Osa-Centrada.png 1200w, https:\/\/test.institutpsicologia.cat\/wp-content\/uploads\/2023\/11\/Nuria_de_La_Osa-Centrada-600x424.png 600w, https:\/\/test.institutpsicologia.cat\/wp-content\/uploads\/2023\/11\/Nuria_de_La_Osa-Centrada-300x212.png 300w, https:\/\/test.institutpsicologia.cat\/wp-content\/uploads\/2023\/11\/Nuria_de_La_Osa-Centrada-1024x724.png 1024w, https:\/\/test.institutpsicologia.cat\/wp-content\/uploads\/2023\/11\/Nuria_de_La_Osa-Centrada-768x543.png 768w\" sizes=\"auto, (max-width: 1200px) 100vw, 1200px\" \/>              <\/a>\n              <h2 class=\"columna-item__titol\">\n                <a href=\"\/es\/equipo\/dra-nuria-de-la-osa-chaparro\/\">\n                  Dra. N\u00faria de la Osa Chaparro                <\/a>\n              <\/h2>\n              <h3 class=\"columna-item__subtitol\">\n                <a href=\"\/es\/equipo\/dra-nuria-de-la-osa-chaparro\/\">\n                  Psicolog\u00eda cl\u00ednica                <\/a>\n              <\/h3>\n              <div class=\"columna-item__text\">\n                <p>Doctora en Psicolog\u00eda por la Universidad Aut\u00f3noma de Barcelona, Especialista en Psicolog\u00eda Cl\u00ednica y en Perturbaciones del Lenguaje y Audici\u00f3n. Mi carrera profesional se ha centrado en el estudio de la psicolog\u00eda cl\u00ednica infantil, espec\u00edficamente en la prevenci\u00f3n, la evaluaci\u00f3n y el diagn\u00f3stico, y tengo especial inter\u00e9s en los factores que causan o facilitan los problemas de salud mental en la poblaci\u00f3n infantojuvenil.<\/p>\n              <\/div>\n              <a href=\"\/es\/equipo\/dra-nuria-de-la-osa-chaparro\/\" class=\"mes_info\">\n                Para saber m\u00e1s, haz clic aqu\u00ed              <\/a>\n            <\/div>\n          <\/div>\n          <!-- .\/ Item 3 columnes -->\n                    <!-- Item 3 columnes -->\n          <div class=\"col-md-4\">\n            <div class=\"columna-item\">\n              <a href=\"\/es\/equipo\/sandra-anguita-contreras\/\" class=\"columna-item__imatge\">\n                <img loading=\"lazy\" decoding=\"async\" width=\"1200\" height=\"899\" src=\"https:\/\/test.institutpsicologia.cat\/wp-content\/uploads\/2023\/11\/Sandra-Anguita-Centrada.png\" class=\"attachment-full size-full\" alt=\"\" srcset=\"https:\/\/test.institutpsicologia.cat\/wp-content\/uploads\/2023\/11\/Sandra-Anguita-Centrada.png 1200w, https:\/\/test.institutpsicologia.cat\/wp-content\/uploads\/2023\/11\/Sandra-Anguita-Centrada-600x450.png 600w, https:\/\/test.institutpsicologia.cat\/wp-content\/uploads\/2023\/11\/Sandra-Anguita-Centrada-300x225.png 300w, https:\/\/test.institutpsicologia.cat\/wp-content\/uploads\/2023\/11\/Sandra-Anguita-Centrada-1024x767.png 1024w, https:\/\/test.institutpsicologia.cat\/wp-content\/uploads\/2023\/11\/Sandra-Anguita-Centrada-768x575.png 768w\" sizes=\"auto, (max-width: 1200px) 100vw, 1200px\" \/>              <\/a>\n              <h2 class=\"columna-item__titol\">\n                <a href=\"\/es\/equipo\/sandra-anguita-contreras\/\">\n                  Sandra Anguita Contreras                <\/a>\n              <\/h2>\n              <h3 class=\"columna-item__subtitol\">\n                <a href=\"\/es\/equipo\/sandra-anguita-contreras\/\">\n                  Psicolog\u00eda cl\u00ednica                <\/a>\n              <\/h3>\n              <div class=\"columna-item__text\">\n                <p>Psic\u00f3loga infantojuvenil centrada en el trabajo con ni\u00f1os y adolescentes y sus familias. Tengo amplia experiencia en la evaluaci\u00f3n psicol\u00f3gica y el tratamiento de trastornos del neurodesarrollo, trastornos de aprendizaje y alteraciones de la conducta y del estado de \u00e1nimo. Trabajo desde un enfoque cognitivo-conductual en coordinaci\u00f3n con el resto de los profesionales que atienden y dan soporte al paciente: profesorado, servicio de psiquiatr\u00eda, etc. Actualmente, tambi\u00e9n realizo talleres de prevenci\u00f3n en las escuelas.<\/p>\n              <\/div>\n              <a href=\"\/es\/equipo\/sandra-anguita-contreras\/\" class=\"mes_info\">\n                Para saber m\u00e1s, haz clic aqu\u00ed              <\/a>\n            <\/div>\n          <\/div>\n          <!-- .\/ Item 3 columnes -->\n                            <\/div>\n      <\/div>\n    <\/div>\n  \n\n    <div class=\"columnes_wrapper columnes-3 lazy\">\n      <div class=\"grid-container\">\n        <div class=\"seccio_bloc\">\n                            <\/div>\n        <div class=\"row\">\n                              <!-- Item 3 columnes -->\n          <div class=\"col-md-4\">\n            <div class=\"columna-item\">\n              <a href=\"\/es\/equipo\/claudia-manuel-braojos\/\" class=\"columna-item__imatge\">\n                <img loading=\"lazy\" decoding=\"async\" width=\"1200\" height=\"899\" src=\"https:\/\/test.institutpsicologia.cat\/wp-content\/uploads\/2023\/11\/Claudia-Manuel-Centrada.png\" class=\"attachment-full size-full\" alt=\"\" srcset=\"https:\/\/test.institutpsicologia.cat\/wp-content\/uploads\/2023\/11\/Claudia-Manuel-Centrada.png 1200w, https:\/\/test.institutpsicologia.cat\/wp-content\/uploads\/2023\/11\/Claudia-Manuel-Centrada-600x450.png 600w, https:\/\/test.institutpsicologia.cat\/wp-content\/uploads\/2023\/11\/Claudia-Manuel-Centrada-300x225.png 300w, https:\/\/test.institutpsicologia.cat\/wp-content\/uploads\/2023\/11\/Claudia-Manuel-Centrada-1024x767.png 1024w, https:\/\/test.institutpsicologia.cat\/wp-content\/uploads\/2023\/11\/Claudia-Manuel-Centrada-768x575.png 768w\" sizes=\"auto, (max-width: 1200px) 100vw, 1200px\" \/>              <\/a>\n              <h2 class=\"columna-item__titol\">\n                <a href=\"\/es\/equipo\/claudia-manuel-braojos\/\">\n                  Cl\u00e0udia Manuel Braojos                <\/a>\n              <\/h2>\n              <h3 class=\"columna-item__subtitol\">\n                <a href=\"\/es\/equipo\/claudia-manuel-braojos\/\">\n                  Psicolog\u00eda cl\u00ednica                <\/a>\n              <\/h3>\n              <div class=\"columna-item__text\">\n                <p>Psic\u00f3loga sanitaria infantojuvenil con amplia experiencia en el \u00e1mbito de la psicopatolog\u00eda infantil y especializada en el trastorno del espectro autista (TEA). Despu\u00e9s de graduarme en Psicolog\u00eda en la Universidad Ramon Llull, inici\u00e9 la especializaci\u00f3n con el Posgrado Autismo: Diagn\u00f3stico e Intervenci\u00f3n de la Universidad de Barcelona del cual he ido cursando las diversas actualizaciones. Posteriormente, he realizado formaciones en herramientas espec\u00edficas de evaluaci\u00f3n (ADI-R y el ADOS-2) y m\u00e9todos de intervenci\u00f3n (m\u00e9todo TEACCH, Denver, funciones ejecutivas, pragm\u00e1tica del lenguaje, etc.).<\/p>\n              <\/div>\n              <a href=\"\/es\/equipo\/claudia-manuel-braojos\/\" class=\"mes_info\">\n                Para saber m\u00e1s, haz clic aqu\u00ed              <\/a>\n            <\/div>\n          <\/div>\n          <!-- .\/ Item 3 columnes -->\n                    <!-- Item 3 columnes -->\n          <div class=\"col-md-4\">\n            <div class=\"columna-item\">\n              <a href=\"\/es\/equipo\/estela-torvisco-valares\/\" class=\"columna-item__imatge\">\n                <img loading=\"lazy\" decoding=\"async\" width=\"1200\" height=\"899\" src=\"https:\/\/test.institutpsicologia.cat\/wp-content\/uploads\/2023\/11\/Estela-Torvisco-Centrada.png\" class=\"attachment-full size-full\" alt=\"\" srcset=\"https:\/\/test.institutpsicologia.cat\/wp-content\/uploads\/2023\/11\/Estela-Torvisco-Centrada.png 1200w, https:\/\/test.institutpsicologia.cat\/wp-content\/uploads\/2023\/11\/Estela-Torvisco-Centrada-600x450.png 600w, https:\/\/test.institutpsicologia.cat\/wp-content\/uploads\/2023\/11\/Estela-Torvisco-Centrada-300x225.png 300w, https:\/\/test.institutpsicologia.cat\/wp-content\/uploads\/2023\/11\/Estela-Torvisco-Centrada-1024x767.png 1024w, https:\/\/test.institutpsicologia.cat\/wp-content\/uploads\/2023\/11\/Estela-Torvisco-Centrada-768x575.png 768w\" sizes=\"auto, (max-width: 1200px) 100vw, 1200px\" \/>              <\/a>\n              <h2 class=\"columna-item__titol\">\n                <a href=\"\/es\/equipo\/estela-torvisco-valares\/\">\n                  Estela Torvisco Valares                <\/a>\n              <\/h2>\n              <h3 class=\"columna-item__subtitol\">\n                <a href=\"\/es\/equipo\/estela-torvisco-valares\/\">\n                  Psicolog\u00eda cl\u00ednica                <\/a>\n              <\/h3>\n              <div class=\"columna-item__text\">\n                <p>Estoy especializada en trastornos del neurodesarrollo y, espec\u00edficamente, en el trastorno del espectro autista (TEA): administraci\u00f3n y correcci\u00f3n de pruebas estandarizadas, dinamizaci\u00f3n de grupos de habilidades sociales, habilidades comunicativas y gesti\u00f3n emocional con adolescentes con TEA, as\u00ed como brindar pautas para las familias o realizar tareas de prevenci\u00f3n y asesoramiento en escuelas. Realizo un trabajo multidisciplinario con el entorno educativo y centros de salud que intervienen con el paciente, supervisando a los profesionales del centro de referencia y coordinando a otros profesionales que intervienen en los casos.<\/p>\n              <\/div>\n              <a href=\"\/es\/equipo\/estela-torvisco-valares\/\" class=\"mes_info\">\n                Para saber m\u00e1s, haz clic aqu\u00ed              <\/a>\n            <\/div>\n          <\/div>\n          <!-- .\/ Item 3 columnes -->\n                    <!-- Item 3 columnes -->\n          <div class=\"col-md-4\">\n            <div class=\"columna-item\">\n              <a href=\"\/es\/equipo\/mireia-sala-casal\/\" class=\"columna-item__imatge\">\n                <img loading=\"lazy\" decoding=\"async\" width=\"1200\" height=\"848\" src=\"https:\/\/test.institutpsicologia.cat\/wp-content\/uploads\/2023\/11\/Mireia-Sala-Centrada.png\" class=\"attachment-full size-full\" alt=\"\" srcset=\"https:\/\/test.institutpsicologia.cat\/wp-content\/uploads\/2023\/11\/Mireia-Sala-Centrada.png 1200w, https:\/\/test.institutpsicologia.cat\/wp-content\/uploads\/2023\/11\/Mireia-Sala-Centrada-600x424.png 600w, https:\/\/test.institutpsicologia.cat\/wp-content\/uploads\/2023\/11\/Mireia-Sala-Centrada-300x212.png 300w, https:\/\/test.institutpsicologia.cat\/wp-content\/uploads\/2023\/11\/Mireia-Sala-Centrada-1024x724.png 1024w, https:\/\/test.institutpsicologia.cat\/wp-content\/uploads\/2023\/11\/Mireia-Sala-Centrada-768x543.png 768w\" sizes=\"auto, (max-width: 1200px) 100vw, 1200px\" \/>              <\/a>\n              <h2 class=\"columna-item__titol\">\n                <a href=\"\/es\/equipo\/mireia-sala-casal\/\">\n                  Mireia Sala Casal                <\/a>\n              <\/h2>\n              <h3 class=\"columna-item__subtitol\">\n                <a href=\"\/es\/equipo\/mireia-sala-casal\/\">\n                  Psicolog\u00eda cl\u00ednica                <\/a>\n              <\/h3>\n              <div class=\"columna-item__text\">\n                <p>Psic\u00f3loga sanitaria especializada en trastornos del aprendizaje, trastorno por d\u00e9ficit de atenci\u00f3n con hiperactividad (TDAH), trastornos de conducta, trastorno del espectro alcoh\u00f3lico fetal (TEAF) y trastorno del espectro autista (TEA) en ni\u00f1os, j\u00f3venes, adultos y sus familias.<\/p>\n              <\/div>\n              <a href=\"\/es\/equipo\/mireia-sala-casal\/\" class=\"mes_info\">\n                Para saber m\u00e1s, haz clic aqu\u00ed              <\/a>\n            <\/div>\n          <\/div>\n          <!-- .\/ Item 3 columnes -->\n                            <\/div>\n      <\/div>\n    <\/div>\n  \n\n    <div class=\"columnes_wrapper columnes-3 lazy\">\n      <div class=\"grid-container\">\n        <div class=\"seccio_bloc\">\n                            <\/div>\n        <div class=\"row\">\n                              <!-- Item 3 columnes -->\n          <div class=\"col-md-4\">\n            <div class=\"columna-item\">\n              <a href=\"\/es\/equipo\/maite-perez-araez\/\" class=\"columna-item__imatge\">\n                <img loading=\"lazy\" decoding=\"async\" width=\"1200\" height=\"848\" src=\"https:\/\/test.institutpsicologia.cat\/wp-content\/uploads\/2023\/11\/Maite-Perez-Centrada.png\" class=\"attachment-full size-full\" alt=\"\" srcset=\"https:\/\/test.institutpsicologia.cat\/wp-content\/uploads\/2023\/11\/Maite-Perez-Centrada.png 1200w, https:\/\/test.institutpsicologia.cat\/wp-content\/uploads\/2023\/11\/Maite-Perez-Centrada-600x424.png 600w, https:\/\/test.institutpsicologia.cat\/wp-content\/uploads\/2023\/11\/Maite-Perez-Centrada-300x212.png 300w, https:\/\/test.institutpsicologia.cat\/wp-content\/uploads\/2023\/11\/Maite-Perez-Centrada-1024x724.png 1024w, https:\/\/test.institutpsicologia.cat\/wp-content\/uploads\/2023\/11\/Maite-Perez-Centrada-768x543.png 768w\" sizes=\"auto, (max-width: 1200px) 100vw, 1200px\" \/>              <\/a>\n              <h2 class=\"columna-item__titol\">\n                <a href=\"\/es\/equipo\/maite-perez-araez\/\">\n                  Maite P\u00e9rez Ara\u00e9z                <\/a>\n              <\/h2>\n              <h3 class=\"columna-item__subtitol\">\n                <a href=\"\/es\/equipo\/maite-perez-araez\/\">\n                  Psicolog\u00eda cl\u00ednica                <\/a>\n              <\/h3>\n              <div class=\"columna-item__text\">\n                <p>Psic\u00f3loga infantojuvenil especializada en el tratamiento, seguimiento y valoraci\u00f3n de programas individuales de atenci\u00f3n psicol\u00f3gica para ni\u00f1os y j\u00f3venes; la coordinaci\u00f3n, asesoramiento y seguimiento a las familias, centros educativos y profesionales de apoyo domiciliario. Tengo el Grado en Psicolog\u00eda y el m\u00e1ster en Psicopatolog\u00eda Cl\u00ednica Infantojuvenil por la Universidad Aut\u00f3noma de Barcelona y el m\u00e1ster en Psicopedagog\u00eda por la Universidad Oberta de Catalunya.<\/p>\n              <\/div>\n              <a href=\"\/es\/equipo\/maite-perez-araez\/\" class=\"mes_info\">\n                Para saber m\u00e1s, haz clic aqu\u00ed              <\/a>\n            <\/div>\n          <\/div>\n          <!-- .\/ Item 3 columnes -->\n                    <!-- Item 3 columnes -->\n          <div class=\"col-md-4\">\n            <div class=\"columna-item\">\n              <a href=\"\/es\/equipo\/inma-funez-morante\/\" class=\"columna-item__imatge\">\n                <img loading=\"lazy\" decoding=\"async\" width=\"1200\" height=\"848\" src=\"https:\/\/test.institutpsicologia.cat\/wp-content\/uploads\/2023\/11\/Inma-Funez-Centrada.png\" class=\"attachment-full size-full\" alt=\"\" srcset=\"https:\/\/test.institutpsicologia.cat\/wp-content\/uploads\/2023\/11\/Inma-Funez-Centrada.png 1200w, https:\/\/test.institutpsicologia.cat\/wp-content\/uploads\/2023\/11\/Inma-Funez-Centrada-600x424.png 600w, https:\/\/test.institutpsicologia.cat\/wp-content\/uploads\/2023\/11\/Inma-Funez-Centrada-300x212.png 300w, https:\/\/test.institutpsicologia.cat\/wp-content\/uploads\/2023\/11\/Inma-Funez-Centrada-1024x724.png 1024w, https:\/\/test.institutpsicologia.cat\/wp-content\/uploads\/2023\/11\/Inma-Funez-Centrada-768x543.png 768w\" sizes=\"auto, (max-width: 1200px) 100vw, 1200px\" \/>              <\/a>\n              <h2 class=\"columna-item__titol\">\n                <a href=\"\/es\/equipo\/inma-funez-morante\/\">\n                  Inma F\u00fanez Morante                <\/a>\n              <\/h2>\n              <h3 class=\"columna-item__subtitol\">\n                <a href=\"\/es\/equipo\/inma-funez-morante\/\">\n                  Psicolog\u00eda cl\u00ednica                <\/a>\n              <\/h3>\n              <div class=\"columna-item__text\">\n                <p>Como psic\u00f3loga de la Fundaci\u00f3n Instituto de Psicolog\u00eda, realizo evaluaciones psicol\u00f3gicas, intervenci\u00f3n cl\u00ednica, coordino reeducaciones psicopedag\u00f3gicas con ni\u00f1os y adolescentes con trastornos del neurodesarrollo y llevo a cabo talleres de prevenci\u00f3n de conductas de riesgo y promoci\u00f3n de la salud.<\/p>\n              <\/div>\n              <a href=\"\/es\/equipo\/inma-funez-morante\/\" class=\"mes_info\">\n                Para saber m\u00e1s, haz clic aqu\u00ed              <\/a>\n            <\/div>\n          <\/div>\n          <!-- .\/ Item 3 columnes -->\n                    <!-- Item 3 columnes -->\n          <div class=\"col-md-4\">\n            <div class=\"columna-item\">\n              <a href=\"\/es\/equipo\/rosa-fernandez-valdes-mari\/\" class=\"columna-item__imatge\">\n                <img loading=\"lazy\" decoding=\"async\" width=\"1200\" height=\"848\" src=\"https:\/\/test.institutpsicologia.cat\/wp-content\/uploads\/2023\/11\/Rosa-Fernandez-Centrada.png\" class=\"attachment-full size-full\" alt=\"\" srcset=\"https:\/\/test.institutpsicologia.cat\/wp-content\/uploads\/2023\/11\/Rosa-Fernandez-Centrada.png 1200w, https:\/\/test.institutpsicologia.cat\/wp-content\/uploads\/2023\/11\/Rosa-Fernandez-Centrada-600x424.png 600w, https:\/\/test.institutpsicologia.cat\/wp-content\/uploads\/2023\/11\/Rosa-Fernandez-Centrada-300x212.png 300w, https:\/\/test.institutpsicologia.cat\/wp-content\/uploads\/2023\/11\/Rosa-Fernandez-Centrada-1024x724.png 1024w, https:\/\/test.institutpsicologia.cat\/wp-content\/uploads\/2023\/11\/Rosa-Fernandez-Centrada-768x543.png 768w\" sizes=\"auto, (max-width: 1200px) 100vw, 1200px\" \/>              <\/a>\n              <h2 class=\"columna-item__titol\">\n                <a href=\"\/es\/equipo\/rosa-fernandez-valdes-mari\/\">\n                  Rosa Fern\u00e1ndez-Vald\u00e9s Mar\u00ed                <\/a>\n              <\/h2>\n              <h3 class=\"columna-item__subtitol\">\n                <a href=\"\/es\/equipo\/rosa-fernandez-valdes-mari\/\">\n                  Psicolog\u00eda cl\u00ednica                <\/a>\n              <\/h3>\n              <div class=\"columna-item__text\">\n                <p>Tengo una larga y dilatada experiencia como psic\u00f3loga de adultos, especializada en trastornos emocionales y de la conducta alimentaria. Soy Licenciada en Psicolog\u00eda y M\u00e1ster en Medicina Conductual por la Universidad Aut\u00f3noma de Barcelona.<\/p>\n              <\/div>\n              <a href=\"\/es\/equipo\/rosa-fernandez-valdes-mari\/\" class=\"mes_info\">\n                Para saber m\u00e1s, haz clic aqu\u00ed              <\/a>\n            <\/div>\n          <\/div>\n          <!-- .\/ Item 3 columnes -->\n                            <\/div>\n      <\/div>\n    <\/div>\n  <\/div><\/div>\n\n\n\n<div id=\"Psiquiatria-Psicopedagogia\" class=\"wp-block-group\"><div class=\"wp-block-group__inner-container is-layout-constrained wp-block-group-is-layout-constrained\">    <div class=\"columnes_wrapper columnes-3 lazy\">\n      <div class=\"grid-container\">\n        <div class=\"seccio_bloc\">\n                            <\/div>\n        <div class=\"row\">\n                              <!-- Item 3 columnes -->\n          <div class=\"col-md-4\">\n            <div class=\"columna-item\">\n              <a href=\"\/es\/equipo\/annabel-ibarz-jordan\/\" class=\"columna-item__imatge\">\n                <img loading=\"lazy\" decoding=\"async\" width=\"1200\" height=\"848\" src=\"https:\/\/test.institutpsicologia.cat\/wp-content\/uploads\/2023\/11\/Annabel-Ibarz-Centrada.png\" class=\"attachment-full size-full\" alt=\"\" srcset=\"https:\/\/test.institutpsicologia.cat\/wp-content\/uploads\/2023\/11\/Annabel-Ibarz-Centrada.png 1200w, https:\/\/test.institutpsicologia.cat\/wp-content\/uploads\/2023\/11\/Annabel-Ibarz-Centrada-600x424.png 600w, https:\/\/test.institutpsicologia.cat\/wp-content\/uploads\/2023\/11\/Annabel-Ibarz-Centrada-300x212.png 300w, https:\/\/test.institutpsicologia.cat\/wp-content\/uploads\/2023\/11\/Annabel-Ibarz-Centrada-1024x724.png 1024w, https:\/\/test.institutpsicologia.cat\/wp-content\/uploads\/2023\/11\/Annabel-Ibarz-Centrada-768x543.png 768w\" sizes=\"auto, (max-width: 1200px) 100vw, 1200px\" \/>              <\/a>\n              <h2 class=\"columna-item__titol\">\n                <a href=\"\/es\/equipo\/annabel-ibarz-jordan\/\">\n                  Annabel Ibarz Jordan                <\/a>\n              <\/h2>\n              <h3 class=\"columna-item__subtitol\">\n                <a href=\"\/es\/equipo\/annabel-ibarz-jordan\/\">\n                  Logopedia y Psicopedagog\u00eda                <\/a>\n              <\/h3>\n              <div class=\"columna-item__text\">\n                <p>Logopeda y psicopedagoga desde 2007 en la Fundaci\u00f3n Instituto de Psicolog\u00eda, donde coordino los servicios de reeducaciones y logopedias. Diplomada en Formaci\u00f3n del Profesorado y Logopedia por la Universidad Aut\u00f3noma de Barcelona, y licenciada en Psicopedagog\u00eda por la Universidad Oberta de Catalunya.<\/p>\n              <\/div>\n              <a href=\"\/es\/equipo\/annabel-ibarz-jordan\/\" class=\"mes_info\">\n                Para saber m\u00e1s, haz clic aqu\u00ed              <\/a>\n            <\/div>\n          <\/div>\n          <!-- .\/ Item 3 columnes -->\n                    <!-- Item 3 columnes -->\n          <div class=\"col-md-4\">\n            <div class=\"columna-item\">\n              <a href=\"\/es\/equipo\/dra-montserrat-pamias-massana\/\" class=\"columna-item__imatge\">\n                <img loading=\"lazy\" decoding=\"async\" width=\"1200\" height=\"899\" src=\"https:\/\/test.institutpsicologia.cat\/wp-content\/uploads\/2023\/11\/Montse_Pamias-Centrada.png\" class=\"attachment-full size-full\" alt=\"\" srcset=\"https:\/\/test.institutpsicologia.cat\/wp-content\/uploads\/2023\/11\/Montse_Pamias-Centrada.png 1200w, https:\/\/test.institutpsicologia.cat\/wp-content\/uploads\/2023\/11\/Montse_Pamias-Centrada-600x450.png 600w, https:\/\/test.institutpsicologia.cat\/wp-content\/uploads\/2023\/11\/Montse_Pamias-Centrada-300x225.png 300w, https:\/\/test.institutpsicologia.cat\/wp-content\/uploads\/2023\/11\/Montse_Pamias-Centrada-1024x767.png 1024w, https:\/\/test.institutpsicologia.cat\/wp-content\/uploads\/2023\/11\/Montse_Pamias-Centrada-768x575.png 768w\" sizes=\"auto, (max-width: 1200px) 100vw, 1200px\" \/>              <\/a>\n              <h2 class=\"columna-item__titol\">\n                <a href=\"\/es\/equipo\/dra-montserrat-pamias-massana\/\">\n                  Dra. Montserrat P\u00e0mias Massana                <\/a>\n              <\/h2>\n              <h3 class=\"columna-item__subtitol\">\n                <a href=\"\/es\/equipo\/dra-montserrat-pamias-massana\/\">\n                  Psiquiatr\u00eda                <\/a>\n              <\/h3>\n              <div class=\"columna-item__text\">\n                <p>Psiquiatra de referencia del servicio de psiquiatr\u00eda de la Fundaci\u00f3n Instituto de Psicolog\u00eda desde el a\u00f1o 2010. Jefa de Servicio de Salud Mental Infantil y Juvenil de la <em>Corporaci\u00f3 Sanit\u00e0ria Parc Taul\u00ed<\/em>. Soy Licenciada en Medicina y Cirug\u00eda por la Universidad de Navarra, especialista en Psiquiatr\u00eda por el IMAS-Hospital del Mar y doctora en Medicina por la Universidad Aut\u00f3noma de Barcelona.<\/p>\n              <\/div>\n              <a href=\"\/es\/equipo\/dra-montserrat-pamias-massana\/\" class=\"mes_info\">\n                Para saber m\u00e1s, haz clic aqu\u00ed              <\/a>\n            <\/div>\n          <\/div>\n          <!-- .\/ Item 3 columnes -->\n                    <!-- Item 3 columnes -->\n          <div class=\"col-md-4\">\n            <div class=\"columna-item\">\n              <a href=\"\" class=\"columna-item__imatge\">\n                              <\/a>\n              <h2 class=\"columna-item__titol\">\n                <a href=\"\">\n                                  <\/a>\n              <\/h2>\n              <h3 class=\"columna-item__subtitol\">\n                <a href=\"\">\n                                  <\/a>\n              <\/h3>\n              <div class=\"columna-item__text\">\n                              <\/div>\n              <a href=\"\" class=\"mes_info\">\n                              <\/a>\n            <\/div>\n          <\/div>\n          <!-- .\/ Item 3 columnes -->\n                            <\/div>\n      <\/div>\n    <\/div>\n  <\/div><\/div>\n\n\n\t<div iid=\"text-block_541e8631682306c791a9e9ca903579d2\" class=\"text-simple lazy\">    <div class=\"grid-container\">\n      <!-- Item -->\n      <div class=\"text-simple__text\">\n        <h2 class=\"titol_bloc\">Reeducaciones<\/h2>\n      \t<div class=\"text_bloc\">\n        \t<p>Contamos con un amplio equipo de reeducadoras y reeducadores, especializados en dificultades de aprendizaje y con titulaciones en psicolog\u00eda, pedagog\u00eda, magisterio o logopedia.<\/p>\n      \t<\/div>\n     \t<\/div>\n      <!-- .\/ Item -->\n    <\/div>\n  <\/div>\n\n\t\n\n\n<div id=\"Administracio,Psicopedagogia\" class=\"wp-block-group\"><div class=\"wp-block-group__inner-container is-layout-constrained wp-block-group-is-layout-constrained\">    <div class=\"columnes_wrapper columnes-3 lazy\">\n      <div class=\"grid-container\">\n        <div class=\"seccio_bloc\">\n          Administraci\u00f3n                  <\/div>\n        <div class=\"row\">\n                              <!-- Item 3 columnes -->\n          <div class=\"col-md-4\">\n            <div class=\"columna-item\">\n              <a href=\"\/es\/equipo\/anna-roig-roig\/\" class=\"columna-item__imatge\">\n                <img loading=\"lazy\" decoding=\"async\" width=\"1200\" height=\"848\" src=\"https:\/\/test.institutpsicologia.cat\/wp-content\/uploads\/2023\/11\/Anna-Roig-Centrada.png\" class=\"attachment-full size-full\" alt=\"\" srcset=\"https:\/\/test.institutpsicologia.cat\/wp-content\/uploads\/2023\/11\/Anna-Roig-Centrada.png 1200w, https:\/\/test.institutpsicologia.cat\/wp-content\/uploads\/2023\/11\/Anna-Roig-Centrada-600x424.png 600w, https:\/\/test.institutpsicologia.cat\/wp-content\/uploads\/2023\/11\/Anna-Roig-Centrada-300x212.png 300w, https:\/\/test.institutpsicologia.cat\/wp-content\/uploads\/2023\/11\/Anna-Roig-Centrada-1024x724.png 1024w, https:\/\/test.institutpsicologia.cat\/wp-content\/uploads\/2023\/11\/Anna-Roig-Centrada-768x543.png 768w\" sizes=\"auto, (max-width: 1200px) 100vw, 1200px\" \/>              <\/a>\n              <h2 class=\"columna-item__titol\">\n                <a href=\"\/es\/equipo\/anna-roig-roig\/\">\n                  Anna Roig Roig                <\/a>\n              <\/h2>\n              <h3 class=\"columna-item__subtitol\">\n                <a href=\"\/es\/equipo\/anna-roig-roig\/\">\n                  Administrativa                <\/a>\n              <\/h3>\n              <div class=\"columna-item__text\">\n                <p>Desde el a\u00f1o 2010 formo parte del equipo de administraci\u00f3n de la Fundaci\u00f3n Instituto de Psicolog\u00eda, donde me encargo de la atenci\u00f3n telef\u00f3nica y personal de pacientes, as\u00ed como de llevar a cabo tareas de facturaci\u00f3n y organizaci\u00f3n administrativa.<\/p>\n              <\/div>\n              <a href=\"\/es\/equipo\/anna-roig-roig\/\" class=\"mes_info\">\n                Para saber m\u00e1s, haz clic aqu\u00ed              <\/a>\n            <\/div>\n          <\/div>\n          <!-- .\/ Item 3 columnes -->\n                    <!-- Item 3 columnes -->\n          <div class=\"col-md-4\">\n            <div class=\"columna-item\">\n              <a href=\"\/es\/equipo\/victoria-herrera-martinez\/\" class=\"columna-item__imatge\">\n                <img loading=\"lazy\" decoding=\"async\" width=\"1200\" height=\"848\" src=\"https:\/\/test.institutpsicologia.cat\/wp-content\/uploads\/2023\/11\/Victoria-Herrera-Centrada.png\" class=\"attachment-full size-full\" alt=\"\" srcset=\"https:\/\/test.institutpsicologia.cat\/wp-content\/uploads\/2023\/11\/Victoria-Herrera-Centrada.png 1200w, https:\/\/test.institutpsicologia.cat\/wp-content\/uploads\/2023\/11\/Victoria-Herrera-Centrada-600x424.png 600w, https:\/\/test.institutpsicologia.cat\/wp-content\/uploads\/2023\/11\/Victoria-Herrera-Centrada-300x212.png 300w, https:\/\/test.institutpsicologia.cat\/wp-content\/uploads\/2023\/11\/Victoria-Herrera-Centrada-1024x724.png 1024w, https:\/\/test.institutpsicologia.cat\/wp-content\/uploads\/2023\/11\/Victoria-Herrera-Centrada-768x543.png 768w\" sizes=\"auto, (max-width: 1200px) 100vw, 1200px\" \/>              <\/a>\n              <h2 class=\"columna-item__titol\">\n                <a href=\"\/es\/equipo\/victoria-herrera-martinez\/\">\n                  Victoria Herrera Mart\u00ednez                <\/a>\n              <\/h2>\n              <h3 class=\"columna-item__subtitol\">\n                <a href=\"\/es\/equipo\/victoria-herrera-martinez\/\">\n                  Administrativa                <\/a>\n              <\/h3>\n              <div class=\"columna-item__text\">\n                <p>Soy secretaria administrativa de la Fundaci\u00f3n Instituto de Psicolog\u00eda desde el a\u00f1o 2016. Me encargo de la gesti\u00f3n de citas, las agendas de los profesionales y la digitalizaci\u00f3n de las historias cl\u00ednicas, entre otras tareas.<\/p>\n              <\/div>\n              <a href=\"\/es\/equipo\/victoria-herrera-martinez\/\" class=\"mes_info\">\n                Para saber m\u00e1s, haz clic aqu\u00ed              <\/a>\n            <\/div>\n          <\/div>\n          <!-- .\/ Item 3 columnes -->\n                    <!-- Item 3 columnes -->\n          <div class=\"col-md-4\">\n            <div class=\"columna-item\">\n              <a href=\"\/es\/equipo\/raquel-cepero-arredondo\/\" class=\"columna-item__imatge\">\n                <img loading=\"lazy\" decoding=\"async\" width=\"1200\" height=\"848\" src=\"https:\/\/test.institutpsicologia.cat\/wp-content\/uploads\/2023\/11\/Raquel-Cepero-Centrada.png\" class=\"attachment-full size-full\" alt=\"\" srcset=\"https:\/\/test.institutpsicologia.cat\/wp-content\/uploads\/2023\/11\/Raquel-Cepero-Centrada.png 1200w, https:\/\/test.institutpsicologia.cat\/wp-content\/uploads\/2023\/11\/Raquel-Cepero-Centrada-600x424.png 600w, https:\/\/test.institutpsicologia.cat\/wp-content\/uploads\/2023\/11\/Raquel-Cepero-Centrada-300x212.png 300w, https:\/\/test.institutpsicologia.cat\/wp-content\/uploads\/2023\/11\/Raquel-Cepero-Centrada-1024x724.png 1024w, https:\/\/test.institutpsicologia.cat\/wp-content\/uploads\/2023\/11\/Raquel-Cepero-Centrada-768x543.png 768w\" sizes=\"auto, (max-width: 1200px) 100vw, 1200px\" \/>              <\/a>\n              <h2 class=\"columna-item__titol\">\n                <a href=\"\/es\/equipo\/raquel-cepero-arredondo\/\">\n                  Raquel Cepero Arredondo                <\/a>\n              <\/h2>\n              <h3 class=\"columna-item__subtitol\">\n                <a href=\"\/es\/equipo\/raquel-cepero-arredondo\/\">\n                  Administrativa                <\/a>\n              <\/h3>\n              <div class=\"columna-item__text\">\n                <p>Soy miembro del equipo de administraci\u00f3n de la Fundaci\u00f3n Instituto de Psicolog\u00eda desde el a\u00f1o 2013. Adem\u00e1s de la atenci\u00f3n personalizada y la coordinaci\u00f3n de programaciones de los pacientes, realizo tareas administrativas de apoyo a la direcci\u00f3n.<\/p>\n              <\/div>\n              <a href=\"\/es\/equipo\/raquel-cepero-arredondo\/\" class=\"mes_info\">\n                Para saber m\u00e1s, haz clic aqu\u00ed              <\/a>\n            <\/div>\n          <\/div>\n          <!-- .\/ Item 3 columnes -->\n                            <\/div>\n      <\/div>\n    <\/div>\n  <\/div><\/div>\n\n\n\t<div iid=\"text-block_3a21d11ee9c2b4200e6d0544ef2e5c52\" class=\"text-simple lazy\">    <div class=\"grid-container\">\n      <!-- Item -->\n      <div class=\"text-simple__text\">\n        <h2 class=\"titol_bloc\"><\/h2>\n      \t<div class=\"text_bloc\">\n        \t<p>Anna Roig, Raquel Cepero y Vict\u00f2ria Herrera est\u00e1n siempre dispuestas a informaros y atenderos tanto telef\u00f3nicamente como en la recepci\u00f3n de la Fundaci\u00f3n Instituto de Psicolog\u00eda.<\/p>\n      \t<\/div>\n     \t<\/div>\n      <!-- .\/ Item -->\n    <\/div>\n  <\/div>\n\n\t\n\n\n<div style=\"height:100px\" aria-hidden=\"true\" class=\"wp-block-spacer\"><\/div>\n","protected":false},"excerpt":{"rendered":"","protected":false},"author":1,"featured_media":0,"parent":0,"menu_order":0,"comment_status":"closed","ping_status":"closed","template":"","meta":{"_acf_changed":false,"_themeisle_gutenberg_block_has_review":false,"footnotes":""},"class_list":["post-30991","page","type-page","status-publish"],"acf":[],"_links":{"self":[{"href":"https:\/\/test.institutpsicologia.cat\/es\/wp-json\/wp\/v2\/pages\/30991","targetHints":{"allow":["GET"]}}],"collection":[{"href":"https:\/\/test.institutpsicologia.cat\/es\/wp-json\/wp\/v2\/pages"}],"about":[{"href":"https:\/\/test.institutpsicologia.cat\/es\/wp-json\/wp\/v2\/types\/page"}],"author":[{"embeddable":true,"href":"https:\/\/test.institutpsicologia.cat\/es\/wp-json\/wp\/v2\/users\/1"}],"replies":[{"embeddable":true,"href":"https:\/\/test.institutpsicologia.cat\/es\/wp-json\/wp\/v2\/comments?post=30991"}],"version-history":[{"count":3,"href":"https:\/\/test.institutpsicologia.cat\/es\/wp-json\/wp\/v2\/pages\/30991\/revisions"}],"predecessor-version":[{"id":31163,"href":"https:\/\/test.institutpsicologia.cat\/es\/wp-json\/wp\/v2\/pages\/30991\/revisions\/31163"}],"wp:attachment":[{"href":"https:\/\/test.institutpsicologia.cat\/es\/wp-json\/wp\/v2\/media?parent=30991"}],"curies":[{"name":"wp","href":"https:\/\/api.w.org\/{rel}","templated":true}]}}