{"id":30981,"date":"2023-09-15T12:16:11","date_gmt":"2023-09-15T11:16:11","guid":{"rendered":"https:\/\/test.institutpsicologia.cat\/testimonis"},"modified":"2023-12-21T00:21:20","modified_gmt":"2023-12-20T23:21:20","slug":"testimonios","status":"publish","type":"page","link":"https:\/\/test.institutpsicologia.cat\/es\/testimonios\/","title":{"rendered":"Testimonios"},"content":{"rendered":"\n\t<div id=\"cabecerainterior-block_61042242cddafccba78c684a89baf80b\" class=\"cabecerainterior lazy\">\n\t\t<div class=\"cabint-image\">\n\t\t\t<img decoding=\"async\" src=\"https:\/\/test.institutpsicologia.cat\/wp-content\/uploads\/2023\/09\/7.TESTIMONIS.jpg\" alt=\"\">\n\t\t<\/div>\n\t\t<div class=\"cabint-info\">\n\t\t\t<h1 class=\"cabint-info__titol\">\n\t\t\t\tTestimonios\t\t\t<\/h1>\n\t\t<\/div>\n\t<\/div>\n\n\t\n\n\n<div class=\"wp-block-group\"><div class=\"wp-block-group__inner-container is-layout-constrained wp-block-group-is-layout-constrained\">\t<div id=\"textodestacado-block_4cfa50e0a23a8f78e5116848215604fa\" class=\"text-destacat lazy\">\t\t<div class=\"grid-container\">\n\t\t\t<!-- Item -->\n        <div class=\"text-destacat__text\">\n\t\t\t\t\t<h2 class=\"titol_bloc\">Ni\u00f1os y j\u00f3venes<\/h2>\n\t\t\t\t\t<div class=\"text_bloc\">\n\t\t\t\t\t\t\t\t\t\t\t<\/div>\n\t\t\t\t<\/div>\n\t\t\t<!-- .\/ Item -->\t\n\t\t<\/div>\n\t<\/div>\n\n\t\n\n\t<div id=\"testimonio-block_a79d2db47a4dd5040ef960bf8fd7684c\" class=\"slider-testimonio text_petit lazy\">\t\t\t<div class=\"testimonio-info slider_text\">\t\t<p class=\"cita\"><span>\u00ab<\/span>Nuestra experiencia con el Instituto de Psicolog\u00eda ha sido excelente, y no s\u00f3lo en el \u00e1rea de educaci\u00f3n, sino en todo el acompa\u00f1amiento y ayuda que hemos recibido durante todos estos a\u00f1os. Hemos sido una pi\u00f1a, educadoras, logopedas, psic\u00f3logos. Sergi con sus dificultades de aprendizaje, ha conseguido legar a la edad adulta superando con creces las expectativas y muy importante, consiguiendo un equilibrio emocional para quitarse el sobrino. Equilibrio emocional fundamental, para manejar las situaciones dif\u00edciles de la vida. Este resultado, ha sido gracias a la ayuda, apoyo, tenacidad y cari\u00f1o de todos los profesionales y ahora segunda familia que nos han acompa\u00f1ado estos a\u00f1os. No nos hemos sentido nunca solos. Sin ellos hubiera sido muy dif\u00edcil este camino. Sin dudarlo y con nuestra experiencia el Instituto de Psicolog\u00eda es el mejor centro para ni\u00f1os, adolescentes y adultos a los que dirigirte.\u00bb<\/p>\t\t<div class=\"nom_wrapper\"><h3 class=\"nom\">Margit<\/h3>\t\t<h4 class=\"carreg\">madre de un ni\u00f1o con dificultades de aprendizaje con discapacidad intelectual leve<\/h4><\/div>\t<\/div>\n\t\t\t<div class=\"testimonio-info slider_text\">\t\t<p class=\"cita\"><span>\u00ab<\/span>Mi hijo, desde peque\u00f1o, vimos que funcionaba de una manera muy diferente a sus hermanos mayores: le costaba ordenar las cosas, se olvidaba de los encargos, a nivel acad\u00e9mico desde la escuela nos explicaban que tanto ten\u00eda resultados muy buenos, como no contestaba a las preguntas de los ex\u00e1menes&#8230; Cuando todo esto se hizo m\u00e1s complicado, en la adolescencia, su tutor propuso que fu\u00e9ramos al Instituto de Psicolog\u00eda para explorarlo y tratar de encontrar por \u00e9l las herramientas que necesitaba para salir adelante con todo sin tanto desgaste, as\u00ed lo hicimos y tuvimos un diagn\u00f3stico claro que, tanto desde psiquiatr\u00eda, la psic\u00f3logos y el equipo de reeducadoras que tuvo, pudimos entenderlo mejor a la vez que su rendimiento, autonom\u00eda y autoestima fue progresando muy r\u00e1pidamente y con mucha naturalidad.Siempre que hemos necesitado consulta con urgencia cuando estaba en la Universidad, por ejemplo, hemos podido contactar con el Instituto de Psicolog\u00eda y recibir respuesta inmediata y cercana , y ahora, que mi hijo tiene 25 a\u00f1os, sigue consultando cuando lo necesita, de forma aut\u00f3noma y en videoconferencia cuando se encuentra fuera por trabajo. Esto me hace estar muy tranquila porque s\u00e9 que podemos contar con ellos. Creemos que la decisi\u00f3n de empezar a trabajar con el Instituto de Psicolog\u00eda fue crucial para que mi hijo pudiera aprovechar todas sus capacidades, con mucho mejor rendimiento y tranquilidad.\u00bb<\/p>\t\t<div class=\"nom_wrapper\"><h3 class=\"nom\">Patricia<\/h3>\t\t<h4 class=\"carreg\">madre de un hijo con TDAH<\/h4><\/div>\t<\/div>\n\t\t\t<div class=\"testimonio-info slider_text\">\t\t<p class=\"cita\"><span>\u00ab<\/span>Aunque cuando adoptas a un hijo, ya est\u00e1s concienciado de que pueden aparecer dificultades, s\u00f3lo el d\u00eda a d\u00eda te hace descubrir la magnitud de \u00e9stas ya menudo te encuentras con que no tienes herramientas suficientes para poder gestionarlas solos. <br \/>\r\nCuando los ni\u00f1os se incorporaron a parvulario, enseguida vimos que hab\u00eda algo que no acababa de ir bien. Al empezar la primaria, en el Instituto de Psicolog\u00eda les diagnosticaron un TDAH, cada uno con niveles y caracter\u00edsticas diferentes. Los ni\u00f1os ten\u00edan dificultades de concentraci\u00f3n y organizaci\u00f3n y un alto nivel de impulsividad. Esto hac\u00eda que les fuera dif\u00edcil adquirir los conocimientos de forma adecuada y al ritmo previsto. <br \/>\r\nCon el apoyo de los profesionales, psic\u00f3logos psiquiatra y reeducadoras , del instituto de psicolog\u00eda los ni\u00f1os fueron cogiendo estrategias de estudio y aprendizaje que les han permitido sacar adelante sus estudios. <br \/>\r\nEl apoyo del instituto de psicolog\u00eda junto a la colaboraci\u00f3n por parte de la escuela han sido clave para el desarrollo acad\u00e9mico y personal de nuestros hijos. <br \/>\r\nPor otra parte, debo decir que nos hemos sentido del todo acompa\u00f1ados en el proceso de educaci\u00f3n de nuestros hijos y que en momentos de dificultad siempre hemos encontrado en el instituto de psicolog\u00eda y sus profesionales el apoyo necesario para no desfallecer y seguir.\u00bb<\/p>\t\t<div class=\"nom_wrapper\"><h3 class=\"nom\">N\u00faria i Jaume<\/h3>\t\t<h4 class=\"carreg\">padres de 3 hijos adoptados<\/h4><\/div>\t<\/div>\n\t\t\t<div class=\"testimonio-info slider_text\">\t\t<p class=\"cita\"><span>\u00ab<\/span>Nuestra hija Claudia sufri\u00f3 un estremecimiento fuerte cuando cursaba segundo de Bachillerato; el perfeccionismo, la autoexigencia para poder alcanzar una calificaci\u00f3n que le permitiera acceder a medicina la llevaron a una ansiedad desbordada y al diagn\u00f3stico final de depresi\u00f3n mayor.<br \/>\r\nLa ayuda de todo el equipo del Instituto de Psicolog\u00eda, en coordinaci\u00f3n constante con la direcci\u00f3n de la escuela, fue fundamental para que pudiera terminar el curso y presentarse a las PAU de ese a\u00f1o. Estamos convencidos de que sin la ayuda de unas profesionales excelentes como las que nos atendieron no habr\u00edamos salido (ni ella, ni nosotros como familia); la confianza que se estableci\u00f3 entre ellas y nuestra hija fue tal que siempre decimos que ya son parte de nuestra historia personal porque nos conmovieron en uno de los per\u00edodos m\u00e1s dif\u00edciles; hoy, tres a\u00f1os despu\u00e9s, podemos decir que nuestra hija ha aprendido a convivir con la angustia, a poner en pr\u00e1ctica las estrategias aprendidas y, sobre todo, a rebajar la autoexigencia para poder ser feliz; en definitiva, ha alcanzado su madurez para ver que hay vida m\u00e1s all\u00e1 de la excelencia acad\u00e9mica; y este proceso, que no ha sido f\u00e1cil, no se habr\u00eda producido sin su ayuda. Si hoy disfruta estudiante medicina es por la seguridad que ha adquirido en s\u00ed misma gracias a ustedes, a su profesionalidad, calidez, cari\u00f1o y aprecio.\u00bb<\/p>\t\t<div class=\"nom_wrapper\"><h3 class=\"nom\">Gemma<\/h3>\t\t<h4 class=\"carreg\">madre de adolescente con trastorno depresivo<\/h4><\/div>\t<\/div>\n\t\t\t<div class=\"testimonio-info slider_text\">\t\t<p class=\"cita\"><span>\u00ab<\/span>Cuando nos recomendaron el Instituto de Psicolog\u00eda llegamos con un diagn\u00f3stico de autismo -aunque leve- de nuestro hijo. All\u00ed le hicieron pruebas muy exhaustivas y nos dieron el diagn\u00f3stico que ahora conocemos y que estamos tratando con el acompa\u00f1amiento y supervisi\u00f3n de las profesionales del Instituto de Psicolog\u00eda. Nuestro hijo es apoyado por una psic\u00f3loga con la que estamos en contacto casi permanente y que tambi\u00e9n nos ofrece ayuda a nosotros. Tambi\u00e9n hace sesiones semanales con una educadora que le orienta y le echa una mano en el trabajo acad\u00e9mico. Desde el Instituto de Psicolog\u00eda nos dan estrategias para ir superando las dificultades.\u00bb<\/p>\t\t<div class=\"nom_wrapper\"><h3 class=\"nom\">Leire y Susanna<\/h3>\t\t<h4 class=\"carreg\">madres de un ni\u00f1o con TDAH y TND<\/h4><\/div>\t<\/div>\n\t\t\t<div class=\"testimonio-info slider_text\">\t\t<p class=\"cita\"><span>\u00ab<\/span>Soy paciente del Instituto de Psicolog\u00eda desde hace muchos a\u00f1os. A lo largo de mi vida he pasado por diferentes situaciones en las que he tenido que contar con su apoyo (trabajo, salud, divorcio y \u00faltimamente hijo diagnosticado con TDAH).<br \/>\r\nLa primera vez que fui, no negar\u00e9 que iba con cierta inquietud: qu\u00e9 explicar\u00e9, c\u00f3mo deben entenderme si no me conocen, c\u00f3mo podr\u00e1n ayudarme, yo sola puedo.<br \/>\r\nDesde el primer momento me sent\u00ed plenamente entendida, escuchada, reconfortada y tuve la sensaci\u00f3n de que estaba en las mejores manos posibles. La calidez que se transmite en cada sesi\u00f3n, la profesionalidad de todo el equipo que trabaja y la seriedad y privacidad que tratan cualquier situaci\u00f3n personal hace que sepas desde el primer momento que recibir\u00e1s la ayuda que necesitas.\u00bb<\/p>\t\t<div class=\"nom_wrapper\"><h3 class=\"nom\">Gema<\/h3>\t\t<h4 class=\"carreg\">madre de un ni\u00f1o con TDHA y paciente adulta<\/h4><\/div>\t<\/div>\n\t\t\t<div class=\"testimonio-info slider_text\">\t\t<p class=\"cita\"><span>\u00ab<\/span>Cuando muri\u00f3 mi madre el mundo se me volvi\u00f3 gris. Cada ma\u00f1ana salir de la cama se me hac\u00eda un imposible y dej\u00e9 de ir a clase. Hab\u00eda desarrollado problemas con las autolesiones y sufr\u00eda insomnio. Desde el instituto de Psicolog\u00eda me acogieron con una ternura y una profesionalidad magn\u00edficas.Gracias al seguimiento farmacol\u00f3gico ya la terapia conductual, mi situaci\u00f3n personal fue mejorando.Semana tras semana pod\u00eda asistir a un lugar cercano donde se me ced\u00eda un espacio para hablar y entenderme. Con esfuerzos y toda la paciencia del Instituto de Psicolog\u00eda pude integrar un abanico de herramientas que hoy en d\u00eda considero indispensables para mi autogesti\u00f3n.\u00bb<\/p>\t\t<div class=\"nom_wrapper\"><h3 class=\"nom\">Judit<\/h3>\t\t<h4 class=\"carreg\">paciente que consulta por abandono escolar en proceso de duelo<\/h4><\/div>\t<\/div>\n\t\t\t<div class=\"testimonio-info slider_text\">\t\t<p class=\"cita\"><span>\u00ab<\/span>Me hubiera gustado conocer el Instituto de psicolog\u00eda en mejores condiciones pero en ocasiones en los peores momentos se consigue la mejor ayuda.<br \/>\r\n<br \/>\r\nUna noche, por impulsividad acab\u00e9 a las dos de la madrugada en el hospital Taul\u00ed, de Sabadell, por ingesta de pastillas. Tras unas sesiones con psiquiatras del Taul\u00ed y ver que no corr\u00eda peligro de suicidio, observaron que mis actos fueron puramente para llamar la atenci\u00f3n y pedir ayuda. <br \/>\r\n<br \/>\r\n\u00abEsther Trepat puede darte las herramientas para afrontar tus miedos\u00bb me respondi\u00f3 uno de los psiquiatras cuando pregunt\u00e9 si pod\u00edan recomendarme alg\u00fan psic\u00f3logo.<br \/>\r\n<br \/>\r\nYo ten\u00eda 14 a\u00f1os. Iba al instituto, no ten\u00eda muchos amigos y ten\u00eda problemas familiares desde peque\u00f1a. Siempre se me hab\u00eda exigido mucho y la falta de autoestima se hab\u00eda adue\u00f1ado de m\u00ed. No me sent\u00eda a gusto en casa, me daba olor ir a clase y las peleas familiares eran constantes. Esther Trepat me acogi\u00f3 a m\u00ed ya mi madre con los brazos abiertos. Me diagnostic\u00f3 ansiedad, dificultades de autorregulaci\u00f3n emocional y baja autoestima y lo trabajamos juntos. Sus t\u00e9cnicas consiguieron que en unos meses mejorara mucho y ahora mi madre y yo somos inseparables una por otra. Si tuviera que resumir en palabras las sesiones de terapia yo dir\u00eda: asertividad, objetividad y empat\u00eda. Empat\u00eda no s\u00f3lo hacia los dem\u00e1s sino tambi\u00e9n hacia uno mismo.<br \/>\r\nAhora con 21 a\u00f1os, sigo con mis miedos y mis males. Siempre estar\u00e1n all\u00ed y yo debo convivir con ellos. Lo que ha cambiado es la perspectiva de c\u00f3mo lo afronto.\u00bb<\/p>\t\t<div class=\"nom_wrapper\"><h3 class=\"nom\">Andrea<\/h3>\t\t<h4 class=\"carreg\">adolescente con ansiedad<\/h4><\/div>\t<\/div>\n\t\t\t<div class=\"testimonio-info slider_text\">\t\t<p class=\"cita\"><span>\u00ab<\/span>Desde que consultamos con el Instituto de Psicolog\u00eda y nos asignaron un reeducador , nuestro hijo dio un vuelco incre\u00edble. De la absoluta desmotivaci\u00f3n. -agravada por la pandemia- poco a poco, dar pasos para responsabilizarse de los estudios, mejorar la organizaci\u00f3n personal, hasta entonces ca\u00f3tica, y encontrar peque\u00f1os alicientes para salir adelante con las asignaturas. Sabemos a ciencia cierta, que este reeducador ha sido un antes y un despu\u00e9s en su vida y ser\u00e1 de aquellas personas que nuestro hijo recordar\u00e1 para siempre. Agradecidos enormemente a la escuela, al Instituto de Psicolog\u00eda y al reeducador.\u00bb<\/p>\t\t<div class=\"nom_wrapper\"><h3 class=\"nom\">Olga<\/h3>\t\t<h4 class=\"carreg\">madre de alumno reeducaci\u00f3n<\/h4><\/div>\t<\/div>\n\t\t\t<div class=\"testimonio-info slider_text\">\t\t<p class=\"cita\"><span>\u00ab<\/span>Desde la escuela, hicieron llegar a mis padres que necesitaba ayuda psicol\u00f3gica, yo, con 11 a\u00f1os, no me lo tom\u00e9 demasiado bien y me negaba a ir, pero ahora, con 23 a\u00f1os, agradezco much\u00edsimo haber crecido junto a los profesionales del Instituto de Psicolog\u00eda. En este espacio encontr\u00e9 lo que necesitaba, una persona muy profesional, atenta y de confianza que me acompa\u00f1\u00f3 y proporcion\u00f3 las herramientas para m\u00ed poder hacer camino hacia una buena salud mental. Siempre que he querido o necesidad de apoyo psicol\u00f3gico he acudido a ellos y as\u00ed seguiremos siendo, ya que considero que lo que soy y lo que he conseguido hasta ahora es, en gran parte, gracias a mi paso por el Instituto de Psicolog\u00eda.\u00bb<\/p>\t\t<div class=\"nom_wrapper\"><h3 class=\"nom\">Clara<\/h3>\t\t<h4 class=\"carreg\">primero adolescente y despu\u00e9s adulta con sintomatolog\u00eda depresiva<\/h4><\/div>\t<\/div>\n\t\t\t<div class=\"testimonio-info slider_text\">\t\t<p class=\"cita\"><span>\u00ab<\/span>Cuando se divorciaron mis padres, me romp\u00ed por dentro. Fue un divorcio muy duro y tuve que crecer emocionalmente muy r\u00e1pido, demasiado r\u00e1pido, por lo que le tocaba a una chica de mi edad. En ese crecimiento, me vi muy perdida, mi entorno no lo entend\u00eda y empezaba a pasar factura a otros aspectos de mi vida. Fui alumna de Federico Mistral y, por recomendaci\u00f3n de la familia y el profesorado, aterric\u00e9 en el Instituto de Psicolog\u00eda. Fue entonces cuando cambi\u00f3 mi vida. Me escucharon, me guiaron, me ayudaron a crecer, me dieron voz, me dieron herramientas para gestionar y afrontar las diferentes situaciones,\u2026 En definitiva, juntaron todas las piezas que se hab\u00edan roto y me reconstruyeron, me reconstru\u00ed. Y hace 12 a\u00f1os. Desde entonces, he seguido yendo cada vez que me he encontrado alguna adversidad o situaci\u00f3n que pod\u00eda romperme de nuevo. Para m\u00ed el Instituto de Psicolog\u00eda es casa y encontr\u00e9 a mi \u00e1ngel (como le digo cari\u00f1osamente ). Soy una afotunada por tener un refugio al que acudir cada vez que me siento perdida y, ojal\u00e1, todo el mundo tuviera esa suerte.\u00bb<\/p>\t\t<div class=\"nom_wrapper\"><h3 class=\"nom\">Julia<\/h3>\t\t<h4 class=\"carreg\">primero adolescente y despu\u00e9s adulta con ansiedad y cambios adaptativos<\/h4><\/div>\t<\/div>\n\t\t\t<div class=\"testimonio-info slider_text\">\t\t<p class=\"cita\"><span>\u00ab<\/span>Hace ya muchos a\u00f1os que, dadas las diferentes dificultades de mis hijas (como padre he utilizado sus servicios en determinadas ocasiones), hemos tenido la gran suerte de poder tener cerca a esta gran familia de profesionales y personas. A pesar de la situaci\u00f3n que vivimos ahora por la COVID-19, mis hijas siguen realizando los seguimientos de forma virtual, cuando ha sido necesario.<br \/>\r\nEllas se sienten muy bien acogidas. Adem\u00e1s, el trabajo en equipo con los maestros de la escuela ha hecho que puedan hacer frente y superen sus dificultades personales y acad\u00e9micas. La verdad es que estamos todos muy contentos.\u00bb<\/p>\t\t<div class=\"nom_wrapper\"><h3 class=\"nom\">David<\/h3>\t\t<h4 class=\"carreg\">padre de dos hijas con TND, TDAH y Dislexia<\/h4><\/div>\t<\/div>\n\t<\/div>\n<\/div><\/div>\n\n\n\n<div class=\"wp-block-group alignwide has-base-3-background-color has-background\"><div class=\"wp-block-group__inner-container is-layout-constrained wp-block-group-is-layout-constrained\">\t<div id=\"textodestacado-block_841a81cb547307836605463002e16a5f\" class=\"text-destacat lazy\">\t\t<div class=\"grid-container\">\n\t\t\t<!-- Item -->\n        <div class=\"text-destacat__text\">\n\t\t\t\t\t<h2 class=\"titol_bloc\">Adultos<\/h2>\n\t\t\t\t\t<div class=\"text_bloc\">\n\t\t\t\t\t\t\t\t\t\t\t<\/div>\n\t\t\t\t<\/div>\n\t\t\t<!-- .\/ Item -->\t\n\t\t<\/div>\n\t<\/div>\n\n\t\n\n\t<div id=\"testimonio-block_c026556863cc877ac8017dbaeb7eb569\" class=\"slider-testimonio text_petit lazy\">\t\t\t<div class=\"testimonio-info slider_text\">\t\t<p class=\"cita\"><span>\u00ab<\/span>Yo inici\u00e9 terapia en el Instituto de psicolog\u00eda hace muchos a\u00f1os cuando me divorci\u00e9. S\u00f3lo deciros que fue el dinero mejor invertido de mi vida en aquellos momentos. La profesional que me trajo me ayud\u00f3 mucho, me hac\u00eda desgranar pensamientos, emociones y acciones hasta sacar mis propias conclusiones y me dio muchas herramientas para gestionarlo. Hicimos un trabajo conjunto muy bueno y me aport\u00f3 tanto que todav\u00eda es toda una referente para m\u00ed. Despu\u00e9s de muchos a\u00f1os, por cuestiones familiares (de hijos) y personales he vuelto al centro y con la misma profesional. Me gusta mucho su profesionalidad, el tipo de psicolog\u00eda que aplican y la forma en que te hacen trabajar internamente con uno mismo para abordar las dificultades acaecidas.\u00bb<\/p>\t\t<div class=\"nom_wrapper\"><h3 class=\"nom\">Marta<\/h3>\t\t<h4 class=\"carreg\">paciente adulta con Trastorno Depresivo<\/h4><\/div>\t<\/div>\n\t\t\t<div class=\"testimonio-info slider_text\">\t\t<p class=\"cita\"><span>\u00ab<\/span>Despu\u00e9s de estudiar una carrera universitaria, empec\u00e9 a trabajar. Sin embargo, esa nueva etapa, me hac\u00eda sentir insegura, llena de dudas, miedos y me desat\u00f3 una baja autoestima.<br \/>\r\nNo sab\u00eda si lo que hab\u00eda estudiado era lo que realmente me gustaba, si donde empec\u00e9 a trabajar era el mejor sitio o si la relaci\u00f3n con los dem\u00e1s compa\u00f1eros, a nivel profesional, era la adecuada.<br \/>\r\nAnte todas esas incertidumbres, me sent\u00eda triste y angustiada. Y decid\u00ed pedir ayuda al &#8216;Institut de Psicologia&#8217;, para poder afrontar aquella situaci\u00f3n en la que me encontraba.<br \/>\r\nPuedo decir, a d\u00eda de hoy, gracias a las herramientas que me proporcionaron, aprend\u00ed a gestionar mis miedos, dudas e inseguridades y poco a poco fui ganando autoestima para afrontar los nuevos retos que me planteaba la vida. Sinti\u00e9ndome cada vez m\u00e1s contenta e ilusionada. Siempre ofreci\u00e9ndome toda la calidez y comprensi\u00f3n<br \/>\r\nTodo lo que me ense\u00f1aron, lo he podido seguir aplicando en todos los niveles de mi vida, tanto personal como profesional. Es por ello, que considero de vital importancia la labor que realizan desde el Institut de Psicologia.\u00bb<\/p>\t\t<div class=\"nom_wrapper\"><h3 class=\"nom\">Lila<\/h3>\t\t<h4 class=\"carreg\">adulta con ansiedad<\/h4><\/div>\t<\/div>\n\t\t\t<div class=\"testimonio-info slider_text\">\t\t<p class=\"cita\"><span>\u00ab<\/span>Nunca hab\u00eda pasado una noche entera sin dormir, pero la ruptura con mi pareja produjo una noche de insomnio total, asustado consult\u00e9 con una m\u00e9dica que me recomend\u00f3 el Instituto de Psicolog\u00eda. Esther no s\u00f3lo me ayudaron a entender c\u00f3mo se debe cerrar de forma emocional y racional el final de una relaci\u00f3n. Al mismo tiempo me ha permitido entender mejor como soy, que ofrezco y que espero de mis relaciones, lo que me ha sido super \u00fatil y mi bienestar emocional se basa en las 6 sesiones de trabajo que hicimos.\u00bb<\/p>\t\t<div class=\"nom_wrapper\"><h3 class=\"nom\">Xavi<\/h3>\t\t<h4 class=\"carreg\">adulto que consulta para afrontar una separaci\u00f3n<\/h4><\/div>\t<\/div>\n\t\t\t<div class=\"testimonio-info slider_text\">\t\t<p class=\"cita\"><span>\u00ab<\/span>Soy paciente del Instituto de Psicolog\u00eda desde hace muchos a\u00f1os. A lo largo de mi vida he pasado por diferentes situaciones en las que he tenido que contar con su apoyo (trabajo, salud, divorcio y \u00faltimamente hijo diagnosticado con TDAH).<br \/>\r\nLa primera vez que fui, no negar\u00e9 que iba con cierta inquietud: qu\u00e9 explicar\u00e9, c\u00f3mo deben entenderme si no me conocen, c\u00f3mo podr\u00e1n ayudarme, yo sola puedo.<br \/>\r\nDesde el primer momento me sent\u00ed plenamente entendida, escuchada, reconfortada y tuve la sensaci\u00f3n de que estaba en las mejores manos posibles. La calidez que se transmite en cada sesi\u00f3n, la profesionalidad de todo el equipo que trabaja y la seriedad y privacidad que tratan cualquier situaci\u00f3n personal hace que sepas desde el primer momento que recibir\u00e1s la ayuda que necesitas.\u00bb<\/p>\t\t<div class=\"nom_wrapper\"><h3 class=\"nom\">Gemma<\/h3>\t\t<h4 class=\"carreg\">paciente adulta y madre de un ni\u00f1o con TDHA<\/h4><\/div>\t<\/div>\n\t\t\t<div class=\"testimonio-info slider_text\">\t\t<p class=\"cita\"><span>\u00ab<\/span>Desde la escuela, hicieron llegar a mis padres que necesitaba ayuda psicol\u00f3gica, yo, con 11 a\u00f1os, no me lo tom\u00e9 demasiado bien y me negaba a ir, pero ahora, con 23 a\u00f1os, agradezco much\u00edsimo haber crecido junto a los profesionales del Instituto de Psicolog\u00eda. En este espacio encontr\u00e9 lo que necesitaba, una persona muy profesional, atenta y de confianza que me acompa\u00f1\u00f3 y proporcion\u00f3 las herramientas para m\u00ed poder hacer camino hacia una buena salud mental. Siempre que he querido o necesidad de apoyo psicol\u00f3gico he acudido a ellos y as\u00ed seguiremos siendo, ya que considero que lo que soy y lo que he conseguido hasta ahora es, en gran parte, gracias a mi paso por el Instituto de Psicolog\u00eda.\u00bb<\/p>\t\t<div class=\"nom_wrapper\"><h3 class=\"nom\">Clara<\/h3>\t\t<h4 class=\"carreg\">primero adolescente y despu\u00e9s adulta con sintomatolog\u00eda depresiva<\/h4><\/div>\t<\/div>\n\t\t\t<div class=\"testimonio-info slider_text\">\t\t<p class=\"cita\"><span>\u00ab<\/span>Cuando se divorciaron mis padres, me romp\u00ed por dentro. Fue un divorcio muy duro y tuve que crecer emocionalmente muy r\u00e1pido, demasiado r\u00e1pido, por lo que le tocaba a una chica de mi edad. En ese crecimiento, me vi muy perdida, mi entorno no lo entend\u00eda y empezaba a pasar factura a otros aspectos de mi vida. Fui alumna de Federico Mistral y, por recomendaci\u00f3n de la familia y el profesorado, aterric\u00e9 en el Instituto de Psicolog\u00eda. Fue entonces cuando cambi\u00f3 mi vida. Me escucharon, me guiaron, me ayudaron a crecer, me dieron voz, me dieron herramientas para gestionar y afrontar las diferentes situaciones,\u2026 En definitiva, juntaron todas las piezas que se hab\u00edan roto y me reconstruyeron, me reconstru\u00ed. Y hace 12 a\u00f1os. Desde entonces, he seguido yendo cada vez que me he encontrado alguna adversidad o situaci\u00f3n que pod\u00eda romperme de nuevo. Para m\u00ed el Instituto de Psicolog\u00eda es casa y encontr\u00e9 a mi \u00e1ngel (como le digo cari\u00f1osamente ). Soy una afotunada por tener un refugio al que acudir cada vez que me siento perdida y, ojal\u00e1, todo el mundo tuviera esa suerte.\u00bb<\/p>\t\t<div class=\"nom_wrapper\"><h3 class=\"nom\">J\u00falia<\/h3>\t\t<h4 class=\"carreg\">primero adolescente y despu\u00e9s adulta con ansiedad y cambios adaptativos<\/h4><\/div>\t<\/div>\n\t\t\t<div class=\"testimonio-info slider_text\">\t\t<p class=\"cita\"><span>\u00ab<\/span>Ya hac\u00eda tiempo que los amigos me recomendaban ir al psic\u00f3logo, no por ning\u00fan problema en concreto sino por un poco todo en general, pero era muy reciproca y a\u00fan m\u00e1s tener que hacerlo mediante videoconferencia (inconvenientes del Covid) .<br \/>\r\n<br \/>\r\nDesde el primer contacto me sent\u00ed como en casa y puedo decir, despu\u00e9s de unos meses, que para m\u00ed encontrar a Esther, ya considera mucho m\u00e1s que mi psic\u00f3loga, ha sido de gran ayuda ella me ha ense\u00f1ado a enfocar las peque\u00f1as dificultades del d\u00eda a d\u00eda desde otro punto de vista, ver que todo es mucho m\u00e1s sencillo de lo que uno mismo imagina. Me gusta much\u00edsimo el tacto que tiene con el paciente, la profesionalidad y las herramientas que te da para crecer y mejor uno mismo. Solo tengo suficientes palabras de agradecimiento.\u00bb<\/p>\t\t<div class=\"nom_wrapper\"><h3 class=\"nom\">Anna<\/h3>\t\t<h4 class=\"carreg\">paciente adulta<\/h4><\/div>\t<\/div>\n\t<\/div>\n<\/div><\/div>\n\n\n\n<div class=\"wp-block-group alignwide\"><div class=\"wp-block-group__inner-container is-layout-constrained wp-block-group-is-layout-constrained\">\t<div id=\"textodestacado-block_6f376ce8f2d3f4abe87330375e71fd22\" class=\"text-destacat lazy\">\t\t<div class=\"grid-container\">\n\t\t\t<!-- Item -->\n        <div class=\"text-destacat__text\">\n\t\t\t\t\t<h2 class=\"titol_bloc\">Familia<\/h2>\n\t\t\t\t\t<div class=\"text_bloc\">\n\t\t\t\t\t\t\t\t\t\t\t<\/div>\n\t\t\t\t<\/div>\n\t\t\t<!-- .\/ Item -->\t\n\t\t<\/div>\n\t<\/div>\n\n\t\n\n\t<div id=\"testimonio-block_2869f649b4af554114fa0968aa02333d\" class=\"slider-testimonio text_petit lazy\">\t\t\t<div class=\"testimonio-info slider_text\">\t\t<p class=\"cita\"><span>\u00ab<\/span>Mi marido estuvo enfermo 3 a\u00f1os de c\u00e1ncer y mis hijas ten\u00edan 9 y 6 a\u00f1os cuando muri\u00f3. Recuerdo perfectamente al d\u00eda siguiente que \u00e9l muri\u00f3 que estaba asustada pensando en c\u00f3mo deb\u00eda decirles a mis hijas que el su padre hab\u00eda muerto.Pens\u00e9 en el servicio de psicolog\u00eda que la escuela ten\u00eda para ayudar a los padres y me pareci\u00f3 el m\u00e1s adecuado llamar pidiendo ayuda.<br \/>\r\nEsther me escuch\u00f3 y me aconsej\u00f3 qu\u00e9 deb\u00eda decir y me sent\u00ed muy c\u00f3modo con el discurso que acordamos . Recuerdo tomar notas de todo lo que me dec\u00eda y aprenderlo porque estaba a punto de tener la conversaci\u00f3n m\u00e1s dolorosa de mi vida; aquella que nunca hubiera querido tener y que nunca olvidar\u00e9&#8230; ya partir de ese d\u00eda (ya han pasado 15 a\u00f1os), mi v\u00ednculo con Esther ha sido clave en mi vida. Siempre he podido contar con su apoyo incondicional.<br \/>\r\nGracias al seguimiento psicol\u00f3gico que hice con Esther, he podido conocer cu\u00e1les son las herramientas que tengo para poder seguir adelante con mi vida, para encontrarle un sentido y conseguir que mis hijas hayan podido ver en m\u00ed la fortaleza que les hac\u00eda falta para seguir adelante y que esta p\u00e9rdida tan dolorosa nos diera fuerzas para seguir luchando y creyendo en la vida. Gracias Esther.\u00bb<\/p>\t\t<div class=\"nom_wrapper\"><h3 class=\"nom\">Merc\u00e8<\/h3>\t\t<h4 class=\"carreg\">madre que consulta por la muerte de su marido, padre de dos ni\u00f1as<\/h4><\/div>\t<\/div>\n\t\t\t<div class=\"testimonio-info slider_text\">\t\t<p class=\"cita\"><span>\u00ab<\/span>La relaci\u00f3n pasaba por un momento bastante negro (por la dificultad de gestionar la parte personal con la profesional, diagn\u00f3stico de TDHA y de Dislexia de por medio m\u00e1s la muerte del padre de Maria) y en el Instituto de Psicolog\u00eda nos dieron herramientas, estrategias y gu\u00eda para empezar a crear nuestros primeros rayos de sol. Desde la profesionalidad, la empat\u00eda y el cari\u00f1o nos acompa\u00f1aron en una situaci\u00f3n complicada y siempre nos sentiremos en deuda.\u00bb<\/p>\t\t<div class=\"nom_wrapper\"><h3 class=\"nom\">Maria i Joan<\/h3>\t\t<h4 class=\"carreg\">terapia de pareja<\/h4><\/div>\t<\/div>\n\t\t\t<div class=\"testimonio-info slider_text\">\t\t<p class=\"cita\"><span>\u00ab<\/span>Nunca hab\u00eda pasado una noche entera sin dormir, pero la ruptura con mi pareja produjo una noche de insomnio total, asustado consult\u00e9 con una m\u00e9dica que me recomend\u00f3 el Instituto de Psicolog\u00eda. Esther no s\u00f3lo me ayudaron a entender c\u00f3mo se debe cerrar de forma emocional y racional el final de una relaci\u00f3n. Al mismo tiempo me ha permitido entender mejor como soy, que ofrezco y que espero de mis relaciones, lo que me ha sido super \u00fatil y mi bienestar emocional se basa en las 6 sesiones de trabajo que hicimos.\u00bb<\/p>\t\t<div class=\"nom_wrapper\"><h3 class=\"nom\">Xavi<\/h3>\t\t<h4 class=\"carreg\">adulto que consulta para afrontar una separaci\u00f3n<\/h4><\/div>\t<\/div>\n\t\t\t<div class=\"testimonio-info slider_text\">\t\t<p class=\"cita\"><span>\u00ab<\/span>Cuando nos recomendaron el Instituto de Psicolog\u00eda llegamos con un diagn\u00f3stico de autismo -aunque leve- de nuestro hijo. All\u00ed le hicieron pruebas muy exhaustivas y nos dieron el diagn\u00f3stico que ahora conocemos y que estamos tratando con el acompa\u00f1amiento y supervisi\u00f3n de las profesionales del Instituto de Psicolog\u00eda. Nuestro hijo es apoyado por una psic\u00f3loga con la que estamos en contacto casi permanente y que tambi\u00e9n nos ofrece ayuda a nosotros. Tambi\u00e9n hace sesiones semanales con una educadora que le orienta y le echa una mano en el trabajo acad\u00e9mico. Desde el Instituto de Psicolog\u00eda nos dan estrategias para ir superando las dificultades.\u00bb<\/p>\t\t<div class=\"nom_wrapper\"><h3 class=\"nom\">Leire y Susanna<\/h3>\t\t<h4 class=\"carreg\">madres de un ni\u00f1o con TDAH y TND<\/h4><\/div>\t<\/div>\n\t\t\t<div class=\"testimonio-info slider_text\">\t\t<p class=\"cita\"><span>\u00ab<\/span>Soy paciente del Instituto de Psicolog\u00eda desde hace muchos a\u00f1os. A lo largo de mi vida he pasado por diferentes situaciones en las que he tenido que contar con su apoyo (trabajo, salud, divorcio y \u00faltimamente hijo diagnosticado con TDAH).<br \/>\r\nLa primera vez que fui, no negar\u00e9 que iba con cierta inquietud: qu\u00e9 explicar\u00e9, c\u00f3mo deben entenderme si no me conocen, c\u00f3mo podr\u00e1n ayudarme, yo sola puedo.<br \/>\r\nDesde el primer momento me sent\u00ed plenamente entendida, escuchada, reconfortada y tuve la sensaci\u00f3n de que estaba en las mejores manos posibles. La calidez que se transmite en cada sesi\u00f3n, la profesionalidad de todo el equipo que trabaja y la seriedad y privacidad que tratan cualquier situaci\u00f3n personal hace que sepas desde el primer momento que recibir\u00e1s la ayuda que necesitas.\u00bb<\/p>\t\t<div class=\"nom_wrapper\"><h3 class=\"nom\">Gemma<\/h3>\t\t<h4 class=\"carreg\">madre de un ni\u00f1o con TDHA y paciente adulta<\/h4><\/div>\t<\/div>\n\t<\/div>\n<\/div><\/div>\n","protected":false},"excerpt":{"rendered":"","protected":false},"author":1,"featured_media":0,"parent":0,"menu_order":0,"comment_status":"closed","ping_status":"closed","template":"","meta":{"_acf_changed":false,"_themeisle_gutenberg_block_has_review":false,"footnotes":""},"class_list":["post-30981","page","type-page","status-publish"],"acf":[],"_links":{"self":[{"href":"https:\/\/test.institutpsicologia.cat\/es\/wp-json\/wp\/v2\/pages\/30981","targetHints":{"allow":["GET"]}}],"collection":[{"href":"https:\/\/test.institutpsicologia.cat\/es\/wp-json\/wp\/v2\/pages"}],"about":[{"href":"https:\/\/test.institutpsicologia.cat\/es\/wp-json\/wp\/v2\/types\/page"}],"author":[{"embeddable":true,"href":"https:\/\/test.institutpsicologia.cat\/es\/wp-json\/wp\/v2\/users\/1"}],"replies":[{"embeddable":true,"href":"https:\/\/test.institutpsicologia.cat\/es\/wp-json\/wp\/v2\/comments?post=30981"}],"version-history":[{"count":6,"href":"https:\/\/test.institutpsicologia.cat\/es\/wp-json\/wp\/v2\/pages\/30981\/revisions"}],"predecessor-version":[{"id":30990,"href":"https:\/\/test.institutpsicologia.cat\/es\/wp-json\/wp\/v2\/pages\/30981\/revisions\/30990"}],"wp:attachment":[{"href":"https:\/\/test.institutpsicologia.cat\/es\/wp-json\/wp\/v2\/media?parent=30981"}],"curies":[{"name":"wp","href":"https:\/\/api.w.org\/{rel}","templated":true}]}}