{"id":30943,"date":"2023-09-14T19:18:24","date_gmt":"2023-09-14T18:18:24","guid":{"rendered":"https:\/\/test.institutpsicologia.cat\/adults"},"modified":"2023-12-20T21:36:26","modified_gmt":"2023-12-20T20:36:26","slug":"adultos","status":"publish","type":"page","link":"https:\/\/test.institutpsicologia.cat\/es\/adultos\/","title":{"rendered":"Adultos"},"content":{"rendered":"\n\t<div id=\"cabecerainterior-block_8c80187cd9849a841c828ca5c089bbb5\" class=\"cabecerainterior lazy\">\n\t\t<div class=\"cabint-image\">\n\t\t\t<img decoding=\"async\" src=\"https:\/\/test.institutpsicologia.cat\/wp-content\/uploads\/2023\/11\/0.8-PRINCIPAL_ADULTS-s_t.jpg\" alt=\"\">\n\t\t<\/div>\n\t\t<div class=\"cabint-info\">\n\t\t\t<h1 class=\"cabint-info__titol\">\n\t\t\t\tAdultos\t\t\t<\/h1>\n\t\t<\/div>\n\t<\/div>\n\n\t\n\n\t<div id=\"textodestacado-block_406757b12a6dee70ad0e620b2a8446b7\" class=\"text-destacat lazy\">\t\t<div class=\"grid-container\">\n\t\t\t<!-- Item -->\n        <div class=\"text-destacat__text\">\n\t\t\t\t\t<h2 class=\"titol_bloc\">La vida adulta<\/h2>\n\t\t\t\t\t<div class=\"text_bloc\">\n\t\t\t\t\t\t<p>es una etapa de plenitud f\u00edsica y ps\u00edquica. Un periodo extenso dentro del ciclo vital que se caracteriza por el paso de la dependencia hacia la autonom\u00eda, la consolidaci\u00f3n del car\u00e1cter y la identidad, as\u00ed como el inicio de la realizaci\u00f3n del proyecto de vida personal.<\/p>\n\t\t\t\t\t<\/div>\n\t\t\t\t<\/div>\n\t\t\t<!-- .\/ Item -->\t\n\t\t<\/div>\n\t<\/div>\n\n\t\n\n\n<div class=\"wp-block-group alignfull\"><div class=\"wp-block-group__inner-container is-layout-constrained wp-block-group-is-layout-constrained\">\t<div id=\"text-block_3f7a8035c7018b0950618a6849708bf9\" class=\"text-simple bg-ultra_clar lazy\">    <div class=\"grid-container\">\n      <!-- Item -->\n      <div class=\"text-simple__text\">\n        <h2 class=\"titol_bloc\"><\/h2>\n      \t<div class=\"text_bloc\">\n        \t<p>En esta etapa, la formaci\u00f3n continua, el trabajo, las relaciones personales, el ocio, la pareja, los hijos, \u2026 son piezas clave que requieren dedicaci\u00f3n. A veces, las responsabilidades, las exigencias sociales o el ritmo de vida nos sobrepasan, generando tensiones que nos afectan a nivel f\u00edsico y emocional. Superar estos obst\u00e1culos sin la ayuda de un profesional puede resultar dif\u00edcil; sin embargo, con el acompa\u00f1amiento especializado de una atenci\u00f3n psicol\u00f3gica personalizada, es posible obtener un mayor bienestar emocional y psicol\u00f3gico. En otros casos, se manifiestan trastornos o psicopatolog\u00edas propios de la edad adulta que requieren de una intervenci\u00f3n especializada. La Psicolog\u00eda Cl\u00ednica aborda estas problem\u00e1ticas y proporciona herramientas para mejorar la calidad de vida de las personas que las padecen y de sus familiares m\u00e1s cercanos.<\/p>\n<p>En la Fundaci\u00f3n Instituto de Psicolog\u00eda contamos con un equipo de profesionales especializados en la edad adulta, formados en los tratamientos que han demostrado mayor eficacia en el menor tiempo posible, y que pueden ayudar a entender estas situaciones y proporcionar herramientas para resolverlas de manera satisfactoria.<\/p>\n      \t<\/div>\n     \t<\/div>\n      <!-- .\/ Item -->\n    <\/div>\n  <\/div>\n\n\t<\/div><\/div>\n\n\n\t<div class=\"grid-container\">\n\t\t<div class=\"text-imatge-full\">\n\t\t\t<div class=\"text-imatge-row row lazy\">\t\t\t\t<div class=\"text-imatge__imatge\">\n\t\t\t\t\t<img loading=\"lazy\" decoding=\"async\" width=\"600\" height=\"600\" src=\"https:\/\/test.institutpsicologia.cat\/wp-content\/uploads\/2023\/04\/bg-groc.jpg\" class=\"attachment-custom-cuadrat size-custom-cuadrat\" alt=\"\" srcset=\"https:\/\/test.institutpsicologia.cat\/wp-content\/uploads\/2023\/04\/bg-groc.jpg 600w, https:\/\/test.institutpsicologia.cat\/wp-content\/uploads\/2023\/04\/bg-groc-300x300.jpg 300w, https:\/\/test.institutpsicologia.cat\/wp-content\/uploads\/2023\/04\/bg-groc-100x100.jpg 100w, https:\/\/test.institutpsicologia.cat\/wp-content\/uploads\/2023\/04\/bg-groc-150x150.jpg 150w\" sizes=\"auto, (max-width: 600px) 100vw, 600px\" \/>\t\t\t\t<\/div>\n\t\t\t\t<div class=\"text-imatge__text\">\n\t\t\t\t\t<h2 class=\"titol_bloc\">Trastornos emocionales<\/h2>\n\t\t\t\t\t<div class=\"text_bloc\">\n\t\t\t\t\t\t\t<p>Experimentar ansiedad de forma ocasional es totalmente normal. Cuando hablamos de trastornos de ansiedad nos referimos a aquellos casos en los que la persona experimenta preocupaciones, ansiedad o miedo de forma intensa y persistente.<\/p>\n\t\n\t\t\t\t\t<\/div>\n\t\t\t\t\t\t\t\t\t\t\t\t<a href=\"\/es\/adultos\/trastornos-emocionales\" class=\"mes_bloc\">\n\t\t\t\t\t\t\t+ info\t\n\t\t\t\t\t\t<\/a>\n\t\t\t\t\t\t\n\t\t\t\t<\/div>\n\t\t\t<\/div>\n\t\t<\/div>\n\t<\/div>\n\n\n\t<div class=\"grid-container\">\n\t\t<div class=\"text-imatge-full right\">\n\t\t\t<div class=\"text-imatge-row row\">\t\t\t\t<div class=\"text-imatge__imatge\">\n\t\t\t\t\t<img loading=\"lazy\" decoding=\"async\" width=\"600\" height=\"600\" src=\"https:\/\/test.institutpsicologia.cat\/wp-content\/uploads\/2023\/09\/bg-gris.jpg\" class=\"attachment-custom-cuadrat size-custom-cuadrat\" alt=\"\" srcset=\"https:\/\/test.institutpsicologia.cat\/wp-content\/uploads\/2023\/09\/bg-gris.jpg 600w, https:\/\/test.institutpsicologia.cat\/wp-content\/uploads\/2023\/09\/bg-gris-300x300.jpg 300w, https:\/\/test.institutpsicologia.cat\/wp-content\/uploads\/2023\/09\/bg-gris-100x100.jpg 100w, https:\/\/test.institutpsicologia.cat\/wp-content\/uploads\/2023\/09\/bg-gris-150x150.jpg 150w\" sizes=\"auto, (max-width: 600px) 100vw, 600px\" \/>\t\t\t\t<\/div>\n\t\t\t\t<div class=\"text-imatge__text\">\n\t\t\t\t\t<h2 class=\"titol_bloc\">TDAH Adultos<\/h2>\n\t\t\t\t\t<div class=\"text_bloc\">\n\t\t\t\t\t\t\t<p>Aunque el TDAH es un trastorno del neurodesarrollo que se manifiesta en la infancia, persiste en aproximadamente el 50% de los casos hasta la edad adulta. Durante a\u00f1os, no exist\u00eda la tradici\u00f3n de evaluar este trastorno en adultos ni los conocimientos para detectarlo.<\/p>\n\t\n\t\t\t\t\t<\/div>\n\t\t\t\t\t\t\t\t\t\t\t\t<a href=\"\/es\/adultos\/tdah-en-adultos\/\" class=\"mes_bloc\">\n\t\t\t\t\t\t\t+ info\t\n\t\t\t\t\t\t<\/a>\n\t\t\t\t\t\t\n\t\t\t\t<\/div>\n\t\t\t<\/div>\n\t\t<\/div>\n\t<\/div>\n\n\n\t<div class=\"grid-container\">\n\t\t<div class=\"text-imatge-full\">\n\t\t\t<div class=\"text-imatge-row row lazy\">\t\t\t\t<div class=\"text-imatge__imatge\">\n\t\t\t\t\t<img loading=\"lazy\" decoding=\"async\" width=\"600\" height=\"600\" src=\"https:\/\/test.institutpsicologia.cat\/wp-content\/uploads\/2023\/04\/bg-blau.jpg\" class=\"attachment-custom-cuadrat size-custom-cuadrat\" alt=\"\" srcset=\"https:\/\/test.institutpsicologia.cat\/wp-content\/uploads\/2023\/04\/bg-blau.jpg 600w, https:\/\/test.institutpsicologia.cat\/wp-content\/uploads\/2023\/04\/bg-blau-300x300.jpg 300w, https:\/\/test.institutpsicologia.cat\/wp-content\/uploads\/2023\/04\/bg-blau-100x100.jpg 100w, https:\/\/test.institutpsicologia.cat\/wp-content\/uploads\/2023\/04\/bg-blau-150x150.jpg 150w\" sizes=\"auto, (max-width: 600px) 100vw, 600px\" \/>\t\t\t\t<\/div>\n\t\t\t\t<div class=\"text-imatge__text\">\n\t\t\t\t\t<h2 class=\"titol_bloc\">TEA en adultos<\/h2>\n\t\t\t\t\t<div class=\"text_bloc\">\n\t\t\t\t\t\t\t<p>El Trastorno del Espectro Autista (TEA) es un trastorno del neurodesarrollo que persiste a lo largo de la vida. La nueva conceptualizaci\u00f3n de los TEA ha llevado a que, hasta hace unos a\u00f1os, muchos casos sutiles pasaran desapercibidos.<\/p>\n\t\n\t\t\t\t\t<\/div>\n\t\t\t\t\t\t\t\t\t\t\t\t<a href=\"\/es\/adultos\/tea-en-adultos\/\" class=\"mes_bloc\">\n\t\t\t\t\t\t\t+ info\t\n\t\t\t\t\t\t<\/a>\n\t\t\t\t\t\t\n\t\t\t\t<\/div>\n\t\t\t<\/div>\n\t\t<\/div>\n\t<\/div>\n\n\n\t<div class=\"grid-container\">\n\t\t<div class=\"text-imatge-full right\">\n\t\t\t<div class=\"text-imatge-row row\">\t\t\t\t<div class=\"text-imatge__imatge\">\n\t\t\t\t\t<img loading=\"lazy\" decoding=\"async\" width=\"600\" height=\"600\" src=\"https:\/\/test.institutpsicologia.cat\/wp-content\/uploads\/2023\/09\/bg-gris-clar.jpg\" class=\"attachment-custom-cuadrat size-custom-cuadrat\" alt=\"\" srcset=\"https:\/\/test.institutpsicologia.cat\/wp-content\/uploads\/2023\/09\/bg-gris-clar.jpg 600w, https:\/\/test.institutpsicologia.cat\/wp-content\/uploads\/2023\/09\/bg-gris-clar-300x300.jpg 300w, https:\/\/test.institutpsicologia.cat\/wp-content\/uploads\/2023\/09\/bg-gris-clar-100x100.jpg 100w, https:\/\/test.institutpsicologia.cat\/wp-content\/uploads\/2023\/09\/bg-gris-clar-150x150.jpg 150w\" sizes=\"auto, (max-width: 600px) 100vw, 600px\" \/>\t\t\t\t<\/div>\n\t\t\t\t<div class=\"text-imatge__text\">\n\t\t\t\t\t<h2 class=\"titol_bloc\">Trastornos TCA<\/h2>\n\t\t\t\t\t<div class=\"text_bloc\">\n\t\t\t\t\t\t\t<p>Los trastornos de la conducta alimentaria (TCA) son un conjunto de alteraciones graves relacionadas con la ingesta de alimentos y la imagen corporal, como, por ejemplo, restricci\u00f3n de la alimentaci\u00f3n, atracones, obsesi\u00f3n por el peso y la imagen corporal, p\u00e9rdida de peso, entre otros.<\/p>\n\t\n\t\t\t\t\t<\/div>\n\t\t\t\t\t\t\t\t\t\t\t\t<a href=\"\/es\/adultos\/trastornos-de-la-conducta-alimentaria-tca\/\" class=\"mes_bloc\">\n\t\t\t\t\t\t\t+ info\t\n\t\t\t\t\t\t<\/a>\n\t\t\t\t\t\t\n\t\t\t\t<\/div>\n\t\t\t<\/div>\n\t\t<\/div>\n\t<\/div>\n\n\n\t<div class=\"grid-container\">\n\t\t<div class=\"text-imatge-full\">\n\t\t\t<div class=\"text-imatge-row row lazy\">\t\t\t\t<div class=\"text-imatge__imatge\">\n\t\t\t\t\t<img loading=\"lazy\" decoding=\"async\" width=\"600\" height=\"600\" src=\"https:\/\/test.institutpsicologia.cat\/wp-content\/uploads\/2023\/04\/bg-taronja.jpg\" class=\"attachment-custom-cuadrat size-custom-cuadrat\" alt=\"\" srcset=\"https:\/\/test.institutpsicologia.cat\/wp-content\/uploads\/2023\/04\/bg-taronja.jpg 600w, https:\/\/test.institutpsicologia.cat\/wp-content\/uploads\/2023\/04\/bg-taronja-300x300.jpg 300w, https:\/\/test.institutpsicologia.cat\/wp-content\/uploads\/2023\/04\/bg-taronja-100x100.jpg 100w, https:\/\/test.institutpsicologia.cat\/wp-content\/uploads\/2023\/04\/bg-taronja-150x150.jpg 150w\" sizes=\"auto, (max-width: 600px) 100vw, 600px\" \/>\t\t\t\t<\/div>\n\t\t\t\t<div class=\"text-imatge__text\">\n\t\t\t\t\t<h2 class=\"titol_bloc\">Terapia de pareja<\/h2>\n\t\t\t\t\t<div class=\"text_bloc\">\n\t\t\t\t\t\t\t<p>Las demandas de la vida adulta en nuestra sociedad, la rutina, el estr\u00e9s, las responsabilidades laborales de los miembros de la pareja, etc., hacen que, a menudo, con la convivencia aparezcan una serie de conflictos que disminuyen la calidad de vida y enrarecen la relaci\u00f3n poniendo en riesgo su continuidad.<\/p>\n\t\n\t\t\t\t\t<\/div>\n\t\t\t\t\t\t\t\t\t\t\t\t<a href=\"\/es\/adultos\/terapia-de-pareja\/\" class=\"mes_bloc\">\n\t\t\t\t\t\t\t+ info\t\n\t\t\t\t\t\t<\/a>\n\t\t\t\t\t\t\n\t\t\t\t<\/div>\n\t\t\t<\/div>\n\t\t<\/div>\n\t<\/div>\n\n\n\t<div class=\"grid-container\">\n\t\t<div class=\"text-imatge-full right\">\n\t\t\t<div class=\"text-imatge-row row\">\t\t\t\t<div class=\"text-imatge__imatge\">\n\t\t\t\t\t<img loading=\"lazy\" decoding=\"async\" width=\"600\" height=\"600\" src=\"https:\/\/test.institutpsicologia.cat\/wp-content\/uploads\/2023\/09\/bg-gris.jpg\" class=\"attachment-custom-cuadrat size-custom-cuadrat\" alt=\"\" srcset=\"https:\/\/test.institutpsicologia.cat\/wp-content\/uploads\/2023\/09\/bg-gris.jpg 600w, https:\/\/test.institutpsicologia.cat\/wp-content\/uploads\/2023\/09\/bg-gris-300x300.jpg 300w, https:\/\/test.institutpsicologia.cat\/wp-content\/uploads\/2023\/09\/bg-gris-100x100.jpg 100w, https:\/\/test.institutpsicologia.cat\/wp-content\/uploads\/2023\/09\/bg-gris-150x150.jpg 150w\" sizes=\"auto, (max-width: 600px) 100vw, 600px\" \/>\t\t\t\t<\/div>\n\t\t\t\t<div class=\"text-imatge__text\">\n\t\t\t\t\t<h2 class=\"titol_bloc\">Acompa\u00f1amiento en procesos adaptativos<\/h2>\n\t\t\t\t\t<div class=\"text_bloc\">\n\t\t\t\t\t\t\t<p>Desafortunadamente, a lo largo de la vida nos enfrentamos a p\u00e9rdidas y cambios vitales que conllevan un gran sufrimiento. El acompa\u00f1amiento profesional ayuda a entender y aceptar c\u00f3mo nos sentimos, qu\u00e9 pensamos y qu\u00e9 hacemos con ese dolor para transitar por estos procesos.<\/p>\n\t\n\t\t\t\t\t<\/div>\n\t\t\t\t\t\t\t\t\t\t\t\t<a href=\"\/es\/adultos\/acompanamiento-en-situaciones-de-duelo-divorcios-y-otros-procesos-adaptativos\" class=\"mes_bloc\">\n\t\t\t\t\t\t\t+ info\t\n\t\t\t\t\t\t<\/a>\n\t\t\t\t\t\t\n\t\t\t\t<\/div>\n\t\t\t<\/div>\n\t\t<\/div>\n\t<\/div>\n","protected":false},"excerpt":{"rendered":"","protected":false},"author":1,"featured_media":0,"parent":0,"menu_order":0,"comment_status":"closed","ping_status":"closed","template":"","meta":{"_acf_changed":false,"_themeisle_gutenberg_block_has_review":false,"footnotes":""},"class_list":["post-30943","page","type-page","status-publish"],"acf":[],"_links":{"self":[{"href":"https:\/\/test.institutpsicologia.cat\/es\/wp-json\/wp\/v2\/pages\/30943","targetHints":{"allow":["GET"]}}],"collection":[{"href":"https:\/\/test.institutpsicologia.cat\/es\/wp-json\/wp\/v2\/pages"}],"about":[{"href":"https:\/\/test.institutpsicologia.cat\/es\/wp-json\/wp\/v2\/types\/page"}],"author":[{"embeddable":true,"href":"https:\/\/test.institutpsicologia.cat\/es\/wp-json\/wp\/v2\/users\/1"}],"replies":[{"embeddable":true,"href":"https:\/\/test.institutpsicologia.cat\/es\/wp-json\/wp\/v2\/comments?post=30943"}],"version-history":[{"count":4,"href":"https:\/\/test.institutpsicologia.cat\/es\/wp-json\/wp\/v2\/pages\/30943\/revisions"}],"predecessor-version":[{"id":30980,"href":"https:\/\/test.institutpsicologia.cat\/es\/wp-json\/wp\/v2\/pages\/30943\/revisions\/30980"}],"wp:attachment":[{"href":"https:\/\/test.institutpsicologia.cat\/es\/wp-json\/wp\/v2\/media?parent=30943"}],"curies":[{"name":"wp","href":"https:\/\/api.w.org\/{rel}","templated":true}]}}