{"id":30939,"date":"2023-09-15T10:22:52","date_gmt":"2023-09-15T09:22:52","guid":{"rendered":"https:\/\/test.institutpsicologia.cat\/escoles"},"modified":"2023-12-20T20:51:48","modified_gmt":"2023-12-20T19:51:48","slug":"escuelas","status":"publish","type":"page","link":"https:\/\/test.institutpsicologia.cat\/es\/escuelas\/","title":{"rendered":"Escuelas"},"content":{"rendered":"\n\t<div id=\"cabecerainterior-block_fe0a4b273b43880a028e1c3541823049\" class=\"cabecerainterior lazy\">\n\t\t<div class=\"cabint-image\">\n\t\t\t<img decoding=\"async\" src=\"https:\/\/test.institutpsicologia.cat\/wp-content\/uploads\/2023\/09\/4.2-A-QUI-ENS-ADRECEM_ESCOLES.jpg\" alt=\"\">\n\t\t<\/div>\n\t\t<div class=\"cabint-info\">\n\t\t\t<h1 class=\"cabint-info__titol\">\n\t\t\t\tEscuelas\t\t\t<\/h1>\n\t\t<\/div>\n\t<\/div>\n\n\t\n\n\t<div iid=\"text-block_02938f6c465a0cc1adc768fd3beba90a\" class=\"text-simple lazy\">    <div class=\"grid-container\">\n      <!-- Item -->\n      <div class=\"text-simple__text\">\n        <h2 class=\"titol_bloc\"><\/h2>\n      \t<div class=\"text_bloc\">\n        \t<p>La Fundaci\u00f3n Instituto de Psicolog\u00eda, desde sus inicios, ha estado vinculada a centros educativos. De hecho, naci\u00f3 con el esp\u00edritu de unir sinergias entre el mundo educativo y el \u00e1mbito de la psicolog\u00eda. El equipo de profesionales de la Fundaci\u00f3n tiene una amplia experiencia en la colaboraci\u00f3n, asesoramiento y coordinaci\u00f3n con equipos docentes. Ofrecemos un amplio cat\u00e1logo de servicios dirigidos a potenciar la educaci\u00f3n para la salud en las escuelas, la formaci\u00f3n de profesionales de la ense\u00f1anza y de familias.<\/p>\n      \t<\/div>\n     \t<\/div>\n      <!-- .\/ Item -->\n    <\/div>\n  <\/div>\n\n\t\n\n\t<div class=\"grid-container\">\n\t\t<div class=\"text-imatge-full right\">\n\t\t\t<div class=\"text-imatge-row bg-ultra_clar row lazy\">\t\t\t\t<div class=\"text-imatge__imatge\">\n\t\t\t\t\t<img loading=\"lazy\" decoding=\"async\" width=\"600\" height=\"600\" src=\"https:\/\/test.institutpsicologia.cat\/wp-content\/uploads\/2023\/04\/bg-groc.jpg\" class=\"attachment-custom-cuadrat size-custom-cuadrat\" alt=\"\" srcset=\"https:\/\/test.institutpsicologia.cat\/wp-content\/uploads\/2023\/04\/bg-groc.jpg 600w, https:\/\/test.institutpsicologia.cat\/wp-content\/uploads\/2023\/04\/bg-groc-300x300.jpg 300w, https:\/\/test.institutpsicologia.cat\/wp-content\/uploads\/2023\/04\/bg-groc-100x100.jpg 100w, https:\/\/test.institutpsicologia.cat\/wp-content\/uploads\/2023\/04\/bg-groc-150x150.jpg 150w\" sizes=\"auto, (max-width: 600px) 100vw, 600px\" \/>\t\t\t\t<\/div>\n\t\t\t\t<div class=\"text-imatge__text\">\n\t\t\t\t\t<h2 class=\"titol_bloc\">Coloquios, conferencias, talleres dirigidos a padres y madres en el entorno escolar<\/h2>\n\t\t\t\t\t<div class=\"text_bloc\">\n\t\t\t\t\t\t\t<p>Acercamos a las familias los temas que les interesan para obtener m\u00e1s informaci\u00f3n sobre educaci\u00f3n, mejorar la gesti\u00f3n diaria y las relaciones familiares, comprender mejor a los hijos e hijas y contribuir a su bienestar emocional.<\/p>\n\t\n\t\t\t\t\t<\/div>\n\t\t\t\t\t\t\n\t\t\t\t<\/div>\n\t\t\t<\/div>\n\t\t<\/div>\n\t<\/div>\n\n\n\t<div class=\"grid-container\">\n\t\t<div class=\"text-imatge-full\">\n\t\t\t<div class=\"text-imatge-row bg-ultra_clar row lazy\">\t\t\t\t<div class=\"text-imatge__imatge\">\n\t\t\t\t\t<img loading=\"lazy\" decoding=\"async\" width=\"600\" height=\"600\" src=\"https:\/\/test.institutpsicologia.cat\/wp-content\/uploads\/2023\/04\/bg-taronja.jpg\" class=\"attachment-custom-cuadrat size-custom-cuadrat\" alt=\"\" srcset=\"https:\/\/test.institutpsicologia.cat\/wp-content\/uploads\/2023\/04\/bg-taronja.jpg 600w, https:\/\/test.institutpsicologia.cat\/wp-content\/uploads\/2023\/04\/bg-taronja-300x300.jpg 300w, https:\/\/test.institutpsicologia.cat\/wp-content\/uploads\/2023\/04\/bg-taronja-100x100.jpg 100w, https:\/\/test.institutpsicologia.cat\/wp-content\/uploads\/2023\/04\/bg-taronja-150x150.jpg 150w\" sizes=\"auto, (max-width: 600px) 100vw, 600px\" \/>\t\t\t\t<\/div>\n\t\t\t\t<div class=\"text-imatge__text\">\n\t\t\t\t\t<h2 class=\"titol_bloc\">Talleres de prevenci\u00f3n y promoci\u00f3n de la salud<\/h2>\n\t\t\t\t\t<div class=\"text_bloc\">\n\t\t\t\t\t\t\t<p>A solicitud de los centros escolares, nos desplazamos a las escuelas y organizamos talleres y actividades para fomentar actitudes saludables, as\u00ed como elaboramos materiales sobre temas de inter\u00e9s relacionados con la prevenci\u00f3n y la promoci\u00f3n de la salud. Algunos de los talleres que realizamos incluyen educaci\u00f3n afectiva y sexual, prevenci\u00f3n de consumos de t\u00f3xicos o c\u00f3mo resistir la presi\u00f3n de grupo, entre otros. \u00a0<span style=\"color: #ff6600\"><a style=\"color: #ff6600\" href=\"\/wp-content\/uploads\/2023\/12\/FundacioInstitutPsicologia_Tallers_23_24-1.pdf\" target=\"_blank\" rel=\"noopener\">+ info<\/a><\/span><\/p>\n\t\n\t\t\t\t\t<\/div>\n\t\t\t\t\t\t\n\t\t\t\t<\/div>\n\t\t\t<\/div>\n\t\t<\/div>\n\t<\/div>\n\n\n\t<div class=\"grid-container\">\n\t\t<div class=\"text-imatge-full right\">\n\t\t\t<div class=\"text-imatge-row bg-ultra_clar row lazy\">\t\t\t\t<div class=\"text-imatge__imatge\">\n\t\t\t\t\t<img loading=\"lazy\" decoding=\"async\" width=\"600\" height=\"600\" src=\"https:\/\/test.institutpsicologia.cat\/wp-content\/uploads\/2023\/09\/bg-gris-clar.jpg\" class=\"attachment-custom-cuadrat size-custom-cuadrat\" alt=\"\" srcset=\"https:\/\/test.institutpsicologia.cat\/wp-content\/uploads\/2023\/09\/bg-gris-clar.jpg 600w, https:\/\/test.institutpsicologia.cat\/wp-content\/uploads\/2023\/09\/bg-gris-clar-300x300.jpg 300w, https:\/\/test.institutpsicologia.cat\/wp-content\/uploads\/2023\/09\/bg-gris-clar-100x100.jpg 100w, https:\/\/test.institutpsicologia.cat\/wp-content\/uploads\/2023\/09\/bg-gris-clar-150x150.jpg 150w\" sizes=\"auto, (max-width: 600px) 100vw, 600px\" \/>\t\t\t\t<\/div>\n\t\t\t\t<div class=\"text-imatge__text\">\n\t\t\t\t\t<h2 class=\"titol_bloc\">Orientaci\u00f3n acad\u00e9mica y profesional<\/h2>\n\t\t\t\t\t<div class=\"text_bloc\">\n\t\t\t\t\t\t\t<p>Acompa\u00f1amos a los j\u00f3venes que deben elegir estudios u orientarse en el mundo profesional, proporcion\u00e1ndoles herramientas de autoconocimiento y reflexi\u00f3n, adem\u00e1s de informaci\u00f3n sobre las alternativas que tienen. De esta manera, pueden tomar decisiones de forma consciente e informada.<\/p>\n\t\n\t\t\t\t\t<\/div>\n\t\t\t\t\t\t\n\t\t\t\t<\/div>\n\t\t\t<\/div>\n\t\t<\/div>\n\t<\/div>\n\n\n\t<div class=\"grid-container\">\n\t\t<div class=\"text-imatge-full\">\n\t\t\t<div class=\"text-imatge-row bg-ultra_clar row lazy\">\t\t\t\t<div class=\"text-imatge__imatge\">\n\t\t\t\t\t<img loading=\"lazy\" decoding=\"async\" width=\"600\" height=\"600\" src=\"https:\/\/test.institutpsicologia.cat\/wp-content\/uploads\/2023\/04\/bg-blau.jpg\" class=\"attachment-custom-cuadrat size-custom-cuadrat\" alt=\"\" srcset=\"https:\/\/test.institutpsicologia.cat\/wp-content\/uploads\/2023\/04\/bg-blau.jpg 600w, https:\/\/test.institutpsicologia.cat\/wp-content\/uploads\/2023\/04\/bg-blau-300x300.jpg 300w, https:\/\/test.institutpsicologia.cat\/wp-content\/uploads\/2023\/04\/bg-blau-100x100.jpg 100w, https:\/\/test.institutpsicologia.cat\/wp-content\/uploads\/2023\/04\/bg-blau-150x150.jpg 150w\" sizes=\"auto, (max-width: 600px) 100vw, 600px\" \/>\t\t\t\t<\/div>\n\t\t\t\t<div class=\"text-imatge__text\">\n\t\t\t\t\t<h2 class=\"titol_bloc\">Cursos de formaci\u00f3n para profesorado<\/h2>\n\t\t\t\t\t<div class=\"text_bloc\">\n\t\t\t\t\t\t\t<p>Ofrecemos formaci\u00f3n al personal docente para acercar el conocimiento y los avances en el mundo de la psicolog\u00eda y la neurociencia, contribuyendo de manera conjunta a la promoci\u00f3n de la salud, el bienestar emocional del alumnado, la detecci\u00f3n de los trastornos del neurodesarrollo y la intervenci\u00f3n adecuada en los alumnos con necesidades educativas espec\u00edficas.<\/p>\n\t\n\t\t\t\t\t<\/div>\n\t\t\t\t\t\t\n\t\t\t\t<\/div>\n\t\t\t<\/div>\n\t\t<\/div>\n\t<\/div>\n\n\n\t<div class=\"grid-container\">\n\t\t<div class=\"text-imatge-full right\">\n\t\t\t<div class=\"text-imatge-row bg-ultra_clar row lazy\">\t\t\t\t<div class=\"text-imatge__imatge\">\n\t\t\t\t\t<img loading=\"lazy\" decoding=\"async\" width=\"600\" height=\"600\" src=\"https:\/\/test.institutpsicologia.cat\/wp-content\/uploads\/2023\/09\/bg-gris.jpg\" class=\"attachment-custom-cuadrat size-custom-cuadrat\" alt=\"\" srcset=\"https:\/\/test.institutpsicologia.cat\/wp-content\/uploads\/2023\/09\/bg-gris.jpg 600w, https:\/\/test.institutpsicologia.cat\/wp-content\/uploads\/2023\/09\/bg-gris-300x300.jpg 300w, https:\/\/test.institutpsicologia.cat\/wp-content\/uploads\/2023\/09\/bg-gris-100x100.jpg 100w, https:\/\/test.institutpsicologia.cat\/wp-content\/uploads\/2023\/09\/bg-gris-150x150.jpg 150w\" sizes=\"auto, (max-width: 600px) 100vw, 600px\" \/>\t\t\t\t<\/div>\n\t\t\t\t<div class=\"text-imatge__text\">\n\t\t\t\t\t<h2 class=\"titol_bloc\">Asesoramiento a equipos docentes<\/h2>\n\t\t\t\t\t<div class=\"text_bloc\">\n\t\t\t\t\t\t\t<p>Ayudamos al profesorado y a los equipos directivos a resolver problem\u00e1ticas que pueden surgir en el ejercicio de la profesi\u00f3n. Brindamos asesoramiento especialmente en la atenci\u00f3n a alumnos con autismo, problemas de conducta, trastornos del aprendizaje y TDAH.<\/p>\n\t\n\t\t\t\t\t<\/div>\n\t\t\t\t\t\t\n\t\t\t\t<\/div>\n\t\t\t<\/div>\n\t\t<\/div>\n\t<\/div>\n\n\n\n<div style=\"height:100px\" aria-hidden=\"true\" class=\"wp-block-spacer\"><\/div>\n","protected":false},"excerpt":{"rendered":"","protected":false},"author":1,"featured_media":0,"parent":0,"menu_order":0,"comment_status":"closed","ping_status":"closed","template":"","meta":{"_acf_changed":false,"_themeisle_gutenberg_block_has_review":false,"footnotes":""},"class_list":["post-30939","page","type-page","status-publish"],"acf":[],"_links":{"self":[{"href":"https:\/\/test.institutpsicologia.cat\/es\/wp-json\/wp\/v2\/pages\/30939","targetHints":{"allow":["GET"]}}],"collection":[{"href":"https:\/\/test.institutpsicologia.cat\/es\/wp-json\/wp\/v2\/pages"}],"about":[{"href":"https:\/\/test.institutpsicologia.cat\/es\/wp-json\/wp\/v2\/types\/page"}],"author":[{"embeddable":true,"href":"https:\/\/test.institutpsicologia.cat\/es\/wp-json\/wp\/v2\/users\/1"}],"replies":[{"embeddable":true,"href":"https:\/\/test.institutpsicologia.cat\/es\/wp-json\/wp\/v2\/comments?post=30939"}],"version-history":[{"count":2,"href":"https:\/\/test.institutpsicologia.cat\/es\/wp-json\/wp\/v2\/pages\/30939\/revisions"}],"predecessor-version":[{"id":30942,"href":"https:\/\/test.institutpsicologia.cat\/es\/wp-json\/wp\/v2\/pages\/30939\/revisions\/30942"}],"wp:attachment":[{"href":"https:\/\/test.institutpsicologia.cat\/es\/wp-json\/wp\/v2\/media?parent=30939"}],"curies":[{"name":"wp","href":"https:\/\/api.w.org\/{rel}","templated":true}]}}