{"id":30902,"date":"2023-09-13T19:47:45","date_gmt":"2023-09-13T18:47:45","guid":{"rendered":"https:\/\/test.institutpsicologia.cat\/infants-i-adolescents"},"modified":"2023-12-20T20:37:13","modified_gmt":"2023-12-20T19:37:13","slug":"ninos-y-adolescentes","status":"publish","type":"page","link":"https:\/\/test.institutpsicologia.cat\/es\/ninos-y-adolescentes\/","title":{"rendered":"Ni\u00f1os y adolescentes"},"content":{"rendered":"\n\t<div id=\"cabecerainterior-block_6bf87a8a6ff1d4b99d39d5ffb89e4fce\" class=\"cabecerainterior lazy\">\n\t\t<div class=\"cabint-image\">\n\t\t\t<img decoding=\"async\" src=\"https:\/\/test.institutpsicologia.cat\/wp-content\/uploads\/2023\/09\/2.-A-QUI-ENS-ADRECEM_INFANTS-.jpg\" alt=\"\">\n\t\t<\/div>\n\t\t<div class=\"cabint-info\">\n\t\t\t<h1 class=\"cabint-info__titol\">\n\t\t\t\tNi\u00f1os y adolescentes\t\t\t<\/h1>\n\t\t<\/div>\n\t<\/div>\n\n\t\n\n\n<div style=\"height:50px\" aria-hidden=\"true\" class=\"wp-block-spacer\"><\/div>\n\n\n\t<div id=\"textodestacado-block_0678ebebc871eeea17995a9fa24053b2\" class=\"text-destacat bg-ultra_clar lazy\">\t\t<div class=\"grid-container\">\n\t\t\t<!-- Item -->\n        <div class=\"text-destacat__text\">\n\t\t\t\t\t<h2 class=\"titol_bloc\"><\/h2>\n\t\t\t\t\t<div class=\"text_bloc\">\n\t\t\t\t\t\t<p>Nos dirigimos a cualquier persona que necesite ayuda para gestionar las emociones, dirigir su propia conducta hacia objetivos saludables, adaptarse a su entorno acad\u00e9mico, profesional, familiar o social; que necesite encontrar soluciones a situaciones que le est\u00e9n generando malestar o que requiera de un diagn\u00f3stico fiable y un tratamiento eficaz. La actuaci\u00f3n coordinada de nuestro equipo interdisciplinario permite abordar adecuadamente cada necesidad para mejorar la salud emocional y el bienestar psicol\u00f3gico. En la Fundaci\u00f3n Instituto de Psicolog\u00eda nos preocupamos por las personas en todos los momentos de crecimiento vital, con el compromiso de atenderlas lo m\u00e1s pronto posible.<\/p>\n\t\t\t\t\t<\/div>\n\t\t\t\t<\/div>\n\t\t\t<!-- .\/ Item -->\t\n\t\t<\/div>\n\t<\/div>\n\n\t\n\n\t<div id=\"textodestacado-block_c584e67905c82356555476e93275897e\" class=\"text-destacat lazy\">\t\t<div class=\"grid-container\">\n\t\t\t<!-- Item -->\n        <div class=\"text-destacat__text\">\n\t\t\t\t\t<h2 class=\"titol_bloc\">La infancia<\/h2>\n\t\t\t\t\t<div class=\"text_bloc\">\n\t\t\t\t\t\t<p>es la etapa m\u00e1s intensa del desarrollo de la persona, el per\u00edodo de un crecimiento f\u00edsico y biol\u00f3gico m\u00e1s grande, y de formarse tanto a nivel intelectual como social y emocional.<\/p>\n\t\t\t\t\t<\/div>\n\t\t\t\t<\/div>\n\t\t\t<!-- .\/ Item -->\t\n\t\t<\/div>\n\t<\/div>\n\n\t\n\n\t<div iid=\"text-block_a7cf33744da70eccb1da0e3620cb2c33\" class=\"text-simple lazy\">    <div class=\"grid-container\">\n      <!-- Item -->\n      <div class=\"text-simple__text\">\n        <h2 class=\"titol_bloc\"><\/h2>\n      \t<div class=\"text_bloc\">\n        \t<p>En estas edades, los ni\u00f1os tienen una gran capacidad de aprender, es cuando adquieren los aprendizajes y los conocimientos m\u00e1s b\u00e1sicos y esenciales: hablar, leer, escribir, contar, etc. Es el momento de iniciar los procesos de sociabilidad, de aprender a comunicarse, establecer lazos, empezar a valorar las propias capacidades y limitaciones. Tambi\u00e9n es el momento de corregir h\u00e1bitos y comportamientos inadecuados y consolidar los que son positivos. La adquisici\u00f3n de los aprendizajes y el desarrollo f\u00edsico y emocional, as\u00ed como aspectos conductuales son algunas de las inquietudes de la familia. Cuando se detectan dificultades significativas en alguno de estos \u00e1mbitos, es necesario contar con la ayuda de profesionales cualificados para realizar una adecuada evaluaci\u00f3n diagn\u00f3stica a nivel psicol\u00f3gico y\/o psicopedag\u00f3gico y dise\u00f1ar la mejor intervenci\u00f3n.<\/p>\n      \t<\/div>\n     \t<\/div>\n      <!-- .\/ Item -->\n    <\/div>\n  <\/div>\n\n\t\n\n\n<div class=\"wp-block-group alignfull\"><div class=\"wp-block-group__inner-container is-layout-constrained wp-block-group-is-layout-constrained\">\t<div id=\"textodestacado-block_72983da06ad6fe05f16f6c3390d4a389\" class=\"text-destacat bg-ultra_clar lazy\">\t\t<div class=\"grid-container\">\n\t\t\t<!-- Item -->\n        <div class=\"text-destacat__text\">\n\t\t\t\t\t<h2 class=\"titol_bloc\">Los adolescentes<\/h2>\n\t\t\t\t\t<div class=\"text_bloc\">\n\t\t\t\t\t\t<p>se encuentran en una etapa vital de gran trascendencia donde transitan de la infancia a la adultez. Experimentan cambios f\u00edsicos y psicol\u00f3gicos que tienen un impacto en todos los \u00e1mbitos de su vida, su capacidad cognitiva les permite una capacidad de an\u00e1lisis y abstracci\u00f3n m\u00e1s grande, sienten las emociones con m\u00e1s intensidad, buscan la propia identidad y reelaboran la relaci\u00f3n con los adultos de referencia: por un lado, los necesitan y, por otro lado, quieren m\u00e1s independencia y aparentemente se alejan.<\/p>\n\t\t\t\t\t<\/div>\n\t\t\t\t<\/div>\n\t\t\t<!-- .\/ Item -->\t\n\t\t<\/div>\n\t<\/div>\n\n\t\n\n\t<div id=\"text-block_0254636d422acd29d9f3d486c7a1c2e8\" class=\"text-simple bg-ultra_clar lazy\">    <div class=\"grid-container\">\n      <!-- Item -->\n      <div class=\"text-simple__text\">\n        <h2 class=\"titol_bloc\"><\/h2>\n      \t<div class=\"text_bloc\">\n        \t<p>Los grupos de iguales y los amigos se convierten en referentes necesarios e importantes. Las dudas y las incertidumbres son caracter\u00edsticas de esta etapa, el adolescente debe descubrir qui\u00e9n es, el tipo de persona que quiere ser e iniciar el camino para encontrar su lugar en el mundo. A menudo, se sienten desorientados e inseguros y lo mismo ocurre con sus familias.<\/p>\n<p>Los psic\u00f3logos infantojuveniles somos profesionales especializados con conocimientos y capacidad para orientar a ni\u00f1os, adolescentes y familias en el proceso de crecimiento, proporcionando estrategias eficaces para hacer frente a cualquier dificultad que pueda presentarse. Por eso, siempre trabajamos con el ni\u00f1o o el adolescente y tambi\u00e9n con su familia.<\/p>\n<p>Asimismo, disponemos de todos los servicios que puedan necesitarse para realizar una intervenci\u00f3n global, centralizada, interdisciplinaria y coordinada entre todos los profesionales implicados, incluyendo los centros escolares.<\/p>\n      \t<\/div>\n     \t<\/div>\n      <!-- .\/ Item -->\n    <\/div>\n  <\/div>\n\n\t<\/div><\/div>\n\n\n\t<div class=\"grid-container\">\n\t\t<div class=\"text-imatge-full\">\n\t\t\t<div class=\"text-imatge-row row lazy\">\t\t\t\t<div class=\"text-imatge__imatge\">\n\t\t\t\t\t<img loading=\"lazy\" decoding=\"async\" width=\"600\" height=\"600\" src=\"https:\/\/test.institutpsicologia.cat\/wp-content\/uploads\/2023\/04\/bg-groc.jpg\" class=\"attachment-custom-cuadrat size-custom-cuadrat\" alt=\"\" srcset=\"https:\/\/test.institutpsicologia.cat\/wp-content\/uploads\/2023\/04\/bg-groc.jpg 600w, https:\/\/test.institutpsicologia.cat\/wp-content\/uploads\/2023\/04\/bg-groc-300x300.jpg 300w, https:\/\/test.institutpsicologia.cat\/wp-content\/uploads\/2023\/04\/bg-groc-100x100.jpg 100w, https:\/\/test.institutpsicologia.cat\/wp-content\/uploads\/2023\/04\/bg-groc-150x150.jpg 150w\" sizes=\"auto, (max-width: 600px) 100vw, 600px\" \/>\t\t\t\t<\/div>\n\t\t\t\t<div class=\"text-imatge__text\">\n\t\t\t\t\t<h2 class=\"titol_bloc\">Unidad del Neurodesarrollo<\/h2>\n\t\t\t\t\t<div class=\"text_bloc\">\n\t\t\t\t\t\t\t<p>En la Unidad del Neurodesarrollo contamos con un equipo interdisciplinario de profesionales especializados en detectar, evaluar y tratar el Trastorno por D\u00e9ficit de Atenci\u00f3n con Hiperactividad, los Trastornos del Aprendizaje, los Trastornos del Espectro del Autismo y el Trastorno del Desarrollo Intelectual, entre otros.<\/p>\n\t\n\t\t\t\t\t<\/div>\n\t\t\t\t\t\t\t\t\t\t\t\t<a href=\"\/es\/ninos-y-adolescentes\/unidad-del-neurodesarrollo\" class=\"mes_bloc\">\n\t\t\t\t\t\t\t+ info\t\n\t\t\t\t\t\t<\/a>\n\t\t\t\t\t\t\n\t\t\t\t<\/div>\n\t\t\t<\/div>\n\t\t<\/div>\n\t<\/div>\n\n\n\t<div class=\"grid-container\">\n\t\t<div class=\"text-imatge-full right\">\n\t\t\t<div class=\"text-imatge-row row\">\t\t\t\t<div class=\"text-imatge__imatge\">\n\t\t\t\t\t<img loading=\"lazy\" decoding=\"async\" width=\"600\" height=\"600\" src=\"https:\/\/test.institutpsicologia.cat\/wp-content\/uploads\/2023\/09\/bg-gris.jpg\" class=\"attachment-custom-cuadrat size-custom-cuadrat\" alt=\"\" srcset=\"https:\/\/test.institutpsicologia.cat\/wp-content\/uploads\/2023\/09\/bg-gris.jpg 600w, https:\/\/test.institutpsicologia.cat\/wp-content\/uploads\/2023\/09\/bg-gris-300x300.jpg 300w, https:\/\/test.institutpsicologia.cat\/wp-content\/uploads\/2023\/09\/bg-gris-100x100.jpg 100w, https:\/\/test.institutpsicologia.cat\/wp-content\/uploads\/2023\/09\/bg-gris-150x150.jpg 150w\" sizes=\"auto, (max-width: 600px) 100vw, 600px\" \/>\t\t\t\t<\/div>\n\t\t\t\t<div class=\"text-imatge__text\">\n\t\t\t\t\t<h2 class=\"titol_bloc\">Unidad de Comunicaci\u00f3n, Lenguaje y Logopedia<\/h2>\n\t\t\t\t\t<div class=\"text_bloc\">\n\t\t\t\t\t\t\t<p>En esta unidad atendemos a ni\u00f1os y ni\u00f1as que alguna dificultad en el desarrollo del habla y\/o del lenguaje y la comunicaci\u00f3n.<\/p>\n\t\n\t\t\t\t\t<\/div>\n\t\t\t\t\t\t\t\t\t\t\t\t<a href=\"\/es\/ninos-y-adolescentes\/unidad-de-comunicacion-lenguaje-y-logopedia\/\" class=\"mes_bloc\">\n\t\t\t\t\t\t\t+ info\t\n\t\t\t\t\t\t<\/a>\n\t\t\t\t\t\t\n\t\t\t\t<\/div>\n\t\t\t<\/div>\n\t\t<\/div>\n\t<\/div>\n\n\n\t<div class=\"grid-container\">\n\t\t<div class=\"text-imatge-full\">\n\t\t\t<div class=\"text-imatge-row row lazy\">\t\t\t\t<div class=\"text-imatge__imatge\">\n\t\t\t\t\t<img loading=\"lazy\" decoding=\"async\" width=\"600\" height=\"600\" src=\"https:\/\/test.institutpsicologia.cat\/wp-content\/uploads\/2023\/04\/bg-blau.jpg\" class=\"attachment-custom-cuadrat size-custom-cuadrat\" alt=\"\" srcset=\"https:\/\/test.institutpsicologia.cat\/wp-content\/uploads\/2023\/04\/bg-blau.jpg 600w, https:\/\/test.institutpsicologia.cat\/wp-content\/uploads\/2023\/04\/bg-blau-300x300.jpg 300w, https:\/\/test.institutpsicologia.cat\/wp-content\/uploads\/2023\/04\/bg-blau-100x100.jpg 100w, https:\/\/test.institutpsicologia.cat\/wp-content\/uploads\/2023\/04\/bg-blau-150x150.jpg 150w\" sizes=\"auto, (max-width: 600px) 100vw, 600px\" \/>\t\t\t\t<\/div>\n\t\t\t\t<div class=\"text-imatge__text\">\n\t\t\t\t\t<h2 class=\"titol_bloc\">Apoyo psicopedag\u00f3gico<\/h2>\n\t\t\t\t\t<div class=\"text_bloc\">\n\t\t\t\t\t\t\t<p>El apoyo psicopedag\u00f3gico o las reeducaciones psicopedag\u00f3gicas est\u00e1n dirigidos a ni\u00f1os y adolescentes que presentan dificultades en los aprendizajes, en la conducta y\/o en la motivaci\u00f3n hacia las tareas escolares y el estudio.<\/p>\n\t\n\t\t\t\t\t<\/div>\n\t\t\t\t\t\t\t\t\t\t\t\t<a href=\"\/es\/ninos-y-adolescentes\/apoyo-psicopedagogico\" class=\"mes_bloc\">\n\t\t\t\t\t\t\t+ info\t\n\t\t\t\t\t\t<\/a>\n\t\t\t\t\t\t\n\t\t\t\t<\/div>\n\t\t\t<\/div>\n\t\t<\/div>\n\t<\/div>\n\n\n\t<div class=\"grid-container\">\n\t\t<div class=\"text-imatge-full right\">\n\t\t\t<div class=\"text-imatge-row row\">\t\t\t\t<div class=\"text-imatge__imatge\">\n\t\t\t\t\t<img loading=\"lazy\" decoding=\"async\" width=\"600\" height=\"600\" src=\"https:\/\/test.institutpsicologia.cat\/wp-content\/uploads\/2023\/09\/bg-gris-clar.jpg\" class=\"attachment-custom-cuadrat size-custom-cuadrat\" alt=\"\" srcset=\"https:\/\/test.institutpsicologia.cat\/wp-content\/uploads\/2023\/09\/bg-gris-clar.jpg 600w, https:\/\/test.institutpsicologia.cat\/wp-content\/uploads\/2023\/09\/bg-gris-clar-300x300.jpg 300w, https:\/\/test.institutpsicologia.cat\/wp-content\/uploads\/2023\/09\/bg-gris-clar-100x100.jpg 100w, https:\/\/test.institutpsicologia.cat\/wp-content\/uploads\/2023\/09\/bg-gris-clar-150x150.jpg 150w\" sizes=\"auto, (max-width: 600px) 100vw, 600px\" \/>\t\t\t\t<\/div>\n\t\t\t\t<div class=\"text-imatge__text\">\n\t\t\t\t\t<h2 class=\"titol_bloc\">Alteraciones de conducta<\/h2>\n\t\t\t\t\t<div class=\"text_bloc\">\n\t\t\t\t\t\t\t<p>Las alteraciones conductuales suponen un estr\u00e9s importante para las familias y son un factor de riesgo para el desarrollo normativo de ni\u00f1os y j\u00f3venes.<\/p>\n\t\n\t\t\t\t\t<\/div>\n\t\t\t\t\t\t\t\t\t\t\t\t<a href=\"\/es\/ninos-y-adolescentes\/alteraciones-de-conducta\/\" class=\"mes_bloc\">\n\t\t\t\t\t\t\t+ info\t\n\t\t\t\t\t\t<\/a>\n\t\t\t\t\t\t\n\t\t\t\t<\/div>\n\t\t\t<\/div>\n\t\t<\/div>\n\t<\/div>\n\n\n\t<div class=\"grid-container\">\n\t\t<div class=\"text-imatge-full\">\n\t\t\t<div class=\"text-imatge-row row lazy\">\t\t\t\t<div class=\"text-imatge__imatge\">\n\t\t\t\t\t<img loading=\"lazy\" decoding=\"async\" width=\"600\" height=\"600\" src=\"https:\/\/test.institutpsicologia.cat\/wp-content\/uploads\/2023\/04\/bg-taronja.jpg\" class=\"attachment-custom-cuadrat size-custom-cuadrat\" alt=\"\" srcset=\"https:\/\/test.institutpsicologia.cat\/wp-content\/uploads\/2023\/04\/bg-taronja.jpg 600w, https:\/\/test.institutpsicologia.cat\/wp-content\/uploads\/2023\/04\/bg-taronja-300x300.jpg 300w, https:\/\/test.institutpsicologia.cat\/wp-content\/uploads\/2023\/04\/bg-taronja-100x100.jpg 100w, https:\/\/test.institutpsicologia.cat\/wp-content\/uploads\/2023\/04\/bg-taronja-150x150.jpg 150w\" sizes=\"auto, (max-width: 600px) 100vw, 600px\" \/>\t\t\t\t<\/div>\n\t\t\t\t<div class=\"text-imatge__text\">\n\t\t\t\t\t<h2 class=\"titol_bloc\">Alteraciones emocionales<\/h2>\n\t\t\t\t\t<div class=\"text_bloc\">\n\t\t\t\t\t\t\t<p>Hay ocasiones en las que aparecen estados persistentes donde la tristeza y el miedo se instalan en nuestra vida, provocando un nivel de sufrimiento elevado que puede derivar en trastornos depresivos o de ansiedad, y otros trastornos afectivos.<\/p>\n\t\n\t\t\t\t\t<\/div>\n\t\t\t\t\t\t\t\t\t\t\t\t<a href=\"\/es\/ninos-y-adolescentes\/alteraciones-emocionales\/\" class=\"mes_bloc\">\n\t\t\t\t\t\t\t+ info\t\n\t\t\t\t\t\t<\/a>\n\t\t\t\t\t\t\n\t\t\t\t<\/div>\n\t\t\t<\/div>\n\t\t<\/div>\n\t<\/div>\n\n\n\t<div class=\"grid-container\">\n\t\t<div class=\"text-imatge-full right\">\n\t\t\t<div class=\"text-imatge-row row\">\t\t\t\t<div class=\"text-imatge__imatge\">\n\t\t\t\t\t<img loading=\"lazy\" decoding=\"async\" width=\"600\" height=\"600\" src=\"https:\/\/test.institutpsicologia.cat\/wp-content\/uploads\/2023\/09\/bg-gris.jpg\" class=\"attachment-custom-cuadrat size-custom-cuadrat\" alt=\"\" srcset=\"https:\/\/test.institutpsicologia.cat\/wp-content\/uploads\/2023\/09\/bg-gris.jpg 600w, https:\/\/test.institutpsicologia.cat\/wp-content\/uploads\/2023\/09\/bg-gris-300x300.jpg 300w, https:\/\/test.institutpsicologia.cat\/wp-content\/uploads\/2023\/09\/bg-gris-100x100.jpg 100w, https:\/\/test.institutpsicologia.cat\/wp-content\/uploads\/2023\/09\/bg-gris-150x150.jpg 150w\" sizes=\"auto, (max-width: 600px) 100vw, 600px\" \/>\t\t\t\t<\/div>\n\t\t\t\t<div class=\"text-imatge__text\">\n\t\t\t\t\t<h2 class=\"titol_bloc\">Grupos terap\u00e9uticos<\/h2>\n\t\t\t\t\t<div class=\"text_bloc\">\n\t\t\t\t\t\t\t<p>Grupos terap\u00e9uticos de Habilidades Sociales (HHSS), Habilidades Comunicativas (HHCC), Autoestima y Gesti\u00f3n Emocional.<\/p>\n<p>Los grupos terap\u00e9uticos consisten en sesiones grupales de ni\u00f1os y adolescentes de edades similares en las que se les entrena en la adquisici\u00f3n de diversas estrategias psicol\u00f3gicas que contribuyen al bienestar emocional.<\/p>\n\t\n\t\t\t\t\t<\/div>\n\t\t\t\t\t\t\t\t\t\t\t\t<a href=\"http:\/\/es\/ninos-y-adolescentes\/grupos-terapeuticos-habilidades-sociales-hhss-habilidades-comunicativas-hhcc-autoestima-y-gestion-emocional\" class=\"mes_bloc\">\n\t\t\t\t\t\t\t+ info\t\n\t\t\t\t\t\t<\/a>\n\t\t\t\t\t\t\n\t\t\t\t<\/div>\n\t\t\t<\/div>\n\t\t<\/div>\n\t<\/div>\n","protected":false},"excerpt":{"rendered":"","protected":false},"author":1,"featured_media":0,"parent":0,"menu_order":0,"comment_status":"closed","ping_status":"closed","template":"","meta":{"_acf_changed":false,"_themeisle_gutenberg_block_has_review":false,"footnotes":""},"class_list":["post-30902","page","type-page","status-publish"],"acf":[],"_links":{"self":[{"href":"https:\/\/test.institutpsicologia.cat\/es\/wp-json\/wp\/v2\/pages\/30902","targetHints":{"allow":["GET"]}}],"collection":[{"href":"https:\/\/test.institutpsicologia.cat\/es\/wp-json\/wp\/v2\/pages"}],"about":[{"href":"https:\/\/test.institutpsicologia.cat\/es\/wp-json\/wp\/v2\/types\/page"}],"author":[{"embeddable":true,"href":"https:\/\/test.institutpsicologia.cat\/es\/wp-json\/wp\/v2\/users\/1"}],"replies":[{"embeddable":true,"href":"https:\/\/test.institutpsicologia.cat\/es\/wp-json\/wp\/v2\/comments?post=30902"}],"version-history":[{"count":6,"href":"https:\/\/test.institutpsicologia.cat\/es\/wp-json\/wp\/v2\/pages\/30902\/revisions"}],"predecessor-version":[{"id":30935,"href":"https:\/\/test.institutpsicologia.cat\/es\/wp-json\/wp\/v2\/pages\/30902\/revisions\/30935"}],"wp:attachment":[{"href":"https:\/\/test.institutpsicologia.cat\/es\/wp-json\/wp\/v2\/media?parent=30902"}],"curies":[{"name":"wp","href":"https:\/\/api.w.org\/{rel}","templated":true}]}}