{"id":30870,"date":"2023-09-15T11:02:14","date_gmt":"2023-09-15T10:02:14","guid":{"rendered":"https:\/\/test.institutpsicologia.cat\/ambits"},"modified":"2024-01-12T12:13:40","modified_gmt":"2024-01-12T11:13:40","slug":"ambitos","status":"publish","type":"page","link":"https:\/\/test.institutpsicologia.cat\/es\/ambitos\/","title":{"rendered":"\u00c1mbitos"},"content":{"rendered":"\n\t<div id=\"cabecerainterior-block_27713145ecb53b7fedff61414866a5cd\" class=\"cabecerainterior lazy\">\n\t\t<div class=\"cabint-image\">\n\t\t\t<img decoding=\"async\" src=\"https:\/\/test.institutpsicologia.cat\/wp-content\/uploads\/2023\/09\/6.AMBITS-e1701083572451.jpg\" alt=\"\">\n\t\t<\/div>\n\t\t<div class=\"cabint-info\">\n\t\t\t<h1 class=\"cabint-info__titol\">\n\t\t\t\t\u00c1mbitos\t\t\t<\/h1>\n\t\t<\/div>\n\t<\/div>\n\n\t\n\n\n<div style=\"height:100px\" aria-hidden=\"true\" class=\"wp-block-spacer\"><\/div>\n\n\n\n<div class=\"wp-block-group alignfull has-base-color has-contrast-2-background-color has-text-color has-background\" id=\"evaluacion-diagnostico\"><div class=\"wp-block-group__inner-container is-layout-constrained wp-block-group-is-layout-constrained\">\t<div id=\"textodestacado-block_ba0bc0df492c37d7f5c3921f23579104\" class=\"text-destacat lazy\">\t\t<div class=\"grid-container\">\n\t\t\t<!-- Item -->\n        <div class=\"text-destacat__text\">\n\t\t\t\t\t<h2 class=\"titol_bloc\">Evaluaci\u00f3n y diagn\u00f3stico<\/h2>\n\t\t\t\t\t<div class=\"text_bloc\">\n\t\t\t\t\t\t<p>En vuestro primer contacto o en vuestra primera visita en la Fundaci\u00f3n Instituto de Psicolog\u00eda, os atender\u00e1 un psic\u00f3logo\/a cl\u00ednico\/a a quien podr\u00e9is explicar el motivo de la consulta en un entorno de m\u00e1xima confidencialidad y confianza. Durante una hora y media, podr\u00e9is compartir todo aquello que os preocupa, y os haremos las preguntas necesarias para poder ayudaros. Realizaremos una entrevista completa que nos permita conoceros y orientaros de manera personalizada.<\/p>\n\t\t\t\t\t<\/div>\n\t\t\t\t<\/div>\n\t\t\t<!-- .\/ Item -->\t\n\t\t<\/div>\n\t<\/div>\n\n\t\n\n\t<div iid=\"text-block_1eca30da48268c6f65c9aa8fc1fd6f39\" class=\"text-simple lazy\">    <div class=\"grid-container\">\n      <!-- Item -->\n      <div class=\"text-simple__text\">\n        <h2 class=\"titol_bloc\"><\/h2>\n      \t<div class=\"text_bloc\">\n        \t<p>En algunos casos, a partir de esta primera visita, ya podr\u00e9is iniciar la intervenci\u00f3n psicol\u00f3gica con el profesional que est\u00e9 m\u00e1s especializado en el tema por el cual consult\u00e1is y, por tanto, os pueda ayudar mejor.<\/p>\n<p>En otros casos, os recomendaremos realizar una evaluaci\u00f3n psicol\u00f3gica basada en la evidencia. El objetivo de esta evaluaci\u00f3n es recoger y analizar toda la informaci\u00f3n que nos permita entender qu\u00e9 est\u00e1 sucediendo, por qu\u00e9 y c\u00f3mo podemos ayudaros de la manera m\u00e1s eficaz y eficiente posible, en base al corpus de conocimiento de la psicolog\u00eda y la psiquiatr\u00eda y la evidencia cient\u00edfica actual.<\/p>\n<p>Seg\u00fan las necesidades, realizaremos dos o tres sesiones, en casos excepcionales cuatro. Estudiaremos vuestro caso con rigor, profundizaremos en los temas que sean necesarios y seleccionaremos las pruebas psicom\u00e9tricas m\u00e1s fiables y estrictamente necesarias. Los resultados de esta evaluaci\u00f3n psicol\u00f3gica se plasmar\u00e1n en un informe psicol\u00f3gico que os entregaremos y explicaremos con detalle. En este informe, adem\u00e1s del resumen de toda la informaci\u00f3n recopilada y los resultados de las pruebas, tendr\u00e9is la orientaci\u00f3n diagn\u00f3stica y las orientaciones terap\u00e9uticas individualizadas.<\/p>\n<p>En el caso de que consult\u00e9is por vuestro hijo o hija, el procedimiento es muy similar a lo que acabamos de explicar, con alguna particularidad que os detallamos a continuaci\u00f3n:<\/p>\n<p>&#8211; Si tiene menos de 12 a\u00f1os, la primera visita la haremos con vosotros para que nos expliqu\u00e9is el motivo de la consulta y podamos dedicar un tiempo a conocer todo aquello que os preocupa y que tiene que ver con el desarrollo de vuestro hijo\/a. Tambi\u00e9n os daremos las indicaciones para que le expliqu\u00e9is el motivo de la consulta y estrategias para motivarlo a conocernos.<\/p>\n<p>&#8211; Si es adolescente, en la primera visita os invitamos a venir juntos. Primero hablamos con vuestro hijo\/hija para que tenga un espacio donde explicarse, exponer su punto de vista y preocupaciones, y expresar sus emociones. Seguidamente, os recibimos a vosotros.<\/p>\n<p>&#8211; Si es necesario realizar un proceso de evaluaci\u00f3n psicol\u00f3gica, lo hacemos de manera motivadora y c\u00e1lida, creando un clima de confianza que permita mostrar las mejores aptitudes y capacidades, y explicar todo lo que sea necesario.<\/p>\n      \t<\/div>\n     \t<\/div>\n      <!-- .\/ Item -->\n    <\/div>\n  <\/div>\n\n\t<\/div><\/div>\n\n\n\n<div class=\"wp-block-group alignfull has-base-color has-accent-background-color has-text-color has-background\" id=\"psicoterapia\"><div class=\"wp-block-group__inner-container is-layout-constrained wp-block-group-is-layout-constrained\">\t<div id=\"textodestacado-block_e2c213e460468446901db36e376e49d2\" class=\"text-destacat lazy\">\t\t<div class=\"grid-container\">\n\t\t\t<!-- Item -->\n        <div class=\"text-destacat__text\">\n\t\t\t\t\t<h2 class=\"titol_bloc\">Psicoterapia presencial o en l\u00ednea<\/h2>\n\t\t\t\t\t<div class=\"text_bloc\">\n\t\t\t\t\t\t<p>La Fundaci\u00f3n Instituto de Psicolog\u00eda os ofrece la posibilidad de realizar terapia psicol\u00f3gica de manera presencial y\/o en l\u00ednea, seg\u00fan vuestras preferencias y necesidades.<\/p>\n\t\t\t\t\t<\/div>\n\t\t\t\t<\/div>\n\t\t\t<!-- .\/ Item -->\t\n\t\t<\/div>\n\t<\/div>\n\n\t\n\n\t<div iid=\"text-block_ba613e6eb69cb9f86abf25232caaac77\" class=\"text-simple lazy\">    <div class=\"grid-container\">\n      <!-- Item -->\n      <div class=\"text-simple__text\">\n        <h2 class=\"titol_bloc\"><\/h2>\n      \t<div class=\"text_bloc\">\n        \t<p>La mayor\u00eda de los tratamientos que han demostrado eficacia y mantienen los efectos positivos de la terapia a lo largo del tiempo parten del modelo cognitivo-conductual. Por eso, la Fundaci\u00f3n Instituto de Psicolog\u00eda fundamenta sus intervenciones en este modelo.<\/p>\n<p>Ofrecemos tratamientos personalizados y estructurados, donde la relaci\u00f3n entre paciente y psic\u00f3logo es de colaboraci\u00f3n, definiendo conjuntamente los objetivos que se quieren lograr. Nos centramos en el momento actual y en tu demanda, ayud\u00e1ndote a identificar pensamientos, emociones y comportamientos, introducir los cambios necesarios y desarrollar estrategias que te permitan alcanzar un mayor bienestar. Por lo tanto, en la mayor\u00eda de los casos, nuestros tratamientos no son de larga duraci\u00f3n. Seg\u00fan la severidad y los problemas asociados, pueden durar entre 2 y 10 meses. Inicialmente, empezamos con sesiones semanales de una hora y, cuando aparecen las mejoras, las espaciamos a sesiones quincenales o mensuales de seguimiento, previas al alta terap\u00e9utica.<\/p>\n<p>En los trastornos cr\u00f3nicos del neurodesarrollo (autismo o el desarrollo de la capacidad intelectual) o en el da\u00f1o cerebral, ofrecemos tratamientos adaptados a las necesidades de cada momento del ciclo vital, con momentos de mayor o menor intensidad en las intervenciones.<\/p>\n<p>Cuando consult\u00e1is por vuestro hijo o hija, form\u00e1is parte de la intervenci\u00f3n. Para lograr mejoras con los ni\u00f1os o adolescentes, es necesario trabajar de manera conjunta con vosotros, proporcion\u00e1ndoos toda la informaci\u00f3n que os permita comprender las caracter\u00edsticas de vuestro hijo\/hija y brind\u00e1ndoos pautas psicoeducativas. Por ello, se programan sesiones con el ni\u00f1o o el adolescente para abordar los aspectos pertinentes, y de manera paralela, trabajamos con vosotros. Siempre estar\u00e9is informados de los aspectos trabajados y de su evoluci\u00f3n.<\/p>\n<p>Durante el tratamiento psicol\u00f3gico, garantizamos la coordinaci\u00f3n con todos los profesionales implicados.<\/p>\n      \t<\/div>\n     \t<\/div>\n      <!-- .\/ Item -->\n    <\/div>\n  <\/div>\n\n\t<\/div><\/div>\n\n\n\n<div class=\"wp-block-group alignfull has-base-color has-contrast-3-background-color has-text-color has-background\" id=\"psiquiatria\"><div class=\"wp-block-group__inner-container is-layout-constrained wp-block-group-is-layout-constrained\">\t<div id=\"textodestacado-block_8176fd0a30dba5918fdf859f45717330\" class=\"text-destacat lazy\">\t\t<div class=\"grid-container\">\n\t\t\t<!-- Item -->\n        <div class=\"text-destacat__text\">\n\t\t\t\t\t<h2 class=\"titol_bloc\">Psiquiatr\u00eda<\/h2>\n\t\t\t\t\t<div class=\"text_bloc\">\n\t\t\t\t\t\t<p>La Fundaci\u00f3n Instituto de Psicolog\u00eda cuenta con un servicio de psiquiatr\u00eda propio que nos permite realizar un enfoque interdisciplinario, cuando es necesario, y trabajar de manera coordinada y en equipo con los diferentes profesionales de la salud mental.<\/p>\n\t\t\t\t\t<\/div>\n\t\t\t\t<\/div>\n\t\t\t<!-- .\/ Item -->\t\n\t\t<\/div>\n\t<\/div>\n\n\t\n\n\t<div iid=\"text-block_b717f19dc4cf88be42b896957760222b\" class=\"text-simple lazy\">    <div class=\"grid-container\">\n      <!-- Item -->\n      <div class=\"text-simple__text\">\n        <h2 class=\"titol_bloc\"><\/h2>\n      \t<div class=\"text_bloc\">\n        \t<p>Aunque somos una instituci\u00f3n eminentemente de atenci\u00f3n psicol\u00f3gica, en determinados casos, se requiere una valoraci\u00f3n psiqui\u00e1trica y\/o un tratamiento farmacol\u00f3gico coadyuvante a la intervenci\u00f3n psicol\u00f3gica.<\/p>\n      \t<\/div>\n     \t<\/div>\n      <!-- .\/ Item -->\n    <\/div>\n  <\/div>\n\n\t<\/div><\/div>\n\n\n\n<div class=\"wp-block-group alignfull has-base-color has-accent-2-background-color has-text-color has-background\" id=\"investigacion\"><div class=\"wp-block-group__inner-container is-layout-constrained wp-block-group-is-layout-constrained\">\t<div id=\"textodestacado-block_64deae6b6f76164b226b8338b117cda2\" class=\"text-destacat lazy\">\t\t<div class=\"grid-container\">\n\t\t\t<!-- Item -->\n        <div class=\"text-destacat__text\">\n\t\t\t\t\t<h2 class=\"titol_bloc\">Investigaci\u00f3n<\/h2>\n\t\t\t\t\t<div class=\"text_bloc\">\n\t\t\t\t\t\t<p>Colaboramos en proyectos de investigaci\u00f3n con diversas instituciones. Fruto de estas colaboraciones, que nos enriquecen mutuamente, contribuimos a la transferencia del conocimiento a la sociedad, realizando publicaciones en revistas cient\u00edficas nacionales e internacionales de reconocido prestigio.<\/p>\n\t\t\t\t\t<\/div>\n\t\t\t\t<\/div>\n\t\t\t<!-- .\/ Item -->\t\n\t\t<\/div>\n\t<\/div>\n\n\t\n\n\t<div iid=\"text-block_991b6be62e602a9c49ed2d5cd08f4146\" class=\"text-simple lazy\">    <div class=\"grid-container\">\n      <!-- Item -->\n      <div class=\"text-simple__text\">\n        <h2 class=\"titol_bloc\"><\/h2>\n      \t<div class=\"text_bloc\">\n        \t<p>Desde el a\u00f1o 2009, colaboramos con la Unidad de Epidemiolog\u00eda y Diagn\u00f3stico en Psicopatolog\u00eda del Desarrollo (UED) de la Universidad Aut\u00f3noma de Barcelona en diversos proyectos I+D de investigaci\u00f3n sobre <em>Factores psicol\u00f3gicos de vulnerabilidad a psicopatolog\u00eda en la infancia y la adolescencia<\/em>, liderados por la Dra. Lourdes Ezpeleta, catedr\u00e1tica de Psicopatolog\u00eda de la Infancia y la Adolescencia de la Universidad Aut\u00f3noma de Barcelona.<\/p>\n<p>Asimismo, hemos colaborado en otros proyectos de investigaci\u00f3n como el proyecto I+D, <em>Reducci\u00f3n de factores de riesgo de problemas relacionados con la alimentaci\u00f3n y el peso en estudiantes de secundaria mediante un programa preventivo administrado por agentes naturales: proyecto MABIC<\/em>, liderado por el Dr. David S\u00e1nchez Carracedo, profesor titular de la Universidad Aut\u00f3noma de Barcelona.<\/p>\n<p>Tambi\u00e9n hemos colaborado con instituciones hospitalarias como la Corporaci\u00f3n Sanitaria <em>Parc Taul\u00ed<\/em> y la Fundaci\u00f3 Eurecat en el proyecto <em>Realitat virtual per la prevenci\u00f3 del bullying en l\u2019aula.<\/em><\/p>\n<p>De todos estos proyectos, han surgido diversas publicaciones cient\u00edficas que pod\u00e9is consultar <a href=\"http:\/\/www.ued.uab.es\/publicaciones.html\" target=\"_blank\" rel=\"noopener\">aqu\u00ed<\/a>.<\/p>\n      \t<\/div>\n     \t<\/div>\n      <!-- .\/ Item -->\n    <\/div>\n  <\/div>\n\n\t<\/div><\/div>\n\n\n\n<div class=\"wp-block-group alignfull has-base-color has-contrast-2-background-color has-text-color has-background\" id=\"compromiso\"><div class=\"wp-block-group__inner-container is-layout-constrained wp-block-group-is-layout-constrained\">\t<div id=\"textodestacado-block_f890e1a60f6c5387684ee496ba41c031\" class=\"text-destacat lazy\">\t\t<div class=\"grid-container\">\n\t\t\t<!-- Item -->\n        <div class=\"text-destacat__text\">\n\t\t\t\t\t<h2 class=\"titol_bloc\">Compromiso \u00e9tico<\/h2>\n\t\t\t\t\t<div class=\"text_bloc\">\n\t\t\t\t\t\t<p>La Fundaci\u00f3n Instituto de Psicolog\u00eda est\u00e1 comprometida con el respeto y la promoci\u00f3n de los Derechos Humanos y de las Libertades Fundamentales, reconociendo en estos derechos y libertades el principio universal de la dignidad humana. Manifestamos nuestra independencia respecto a toda persona, entidad, grupo o poder de cualquier clase y la ausencia de lucro en nuestras actividades. Nos guiamos por una actuaci\u00f3n \u00e9tica, transparente y socialmente comprometida. Nuestra intervenci\u00f3n, c\u00e1lida y rigurosa, se basa en criterios estrictamente profesionales, t\u00e9cnicos y \u00e9ticos. Todas las personas que trabajamos en la Fundaci\u00f3n Instituto de Psicolog\u00eda actuamos de manera responsable y velamos por reducir el impacto medioambiental de las actividades que realizamos.<\/p>\n\t\t\t\t\t<\/div>\n\t\t\t\t<\/div>\n\t\t\t<!-- .\/ Item -->\t\n\t\t<\/div>\n\t<\/div>\n\n\t\n\n\t<div iid=\"text-block_a918b360351db7096c00aa75d5f168e0\" class=\"text-simple lazy\">    <div class=\"grid-container\">\n      <!-- Item -->\n      <div class=\"text-simple__text\">\n        <h2 class=\"titol_bloc\">Compromiso \u00c9tico y C\u00f3digo de Conducta<\/h2>\n      \t<div class=\"text_bloc\">\n        \t<p>La Fundaci\u00f3n Instituto de Psicolog\u00eda est\u00e1 comprometida con el respeto y la promoci\u00f3n de los Derechos Humanos y de las Libertades Fundamentales reconocidos en la Declaraci\u00f3n Universal de los Derechos Humanos, el Convenio Europeo para la Protecci\u00f3n de los Derechos Humanos y las Libertades Fundamentales, la Convenci\u00f3n de las Naciones Unidas sobre los Derechos del Ni\u00f1o y otros tratados y acuerdos internacionales sobre las mismas materias de los que Catalu\u00f1a y Espa\u00f1a sean parte. Reconoce en estos derechos y libertades el principio universal de la dignidad humana. Tambi\u00e9n expresa su compromiso con los principios y valores constitucionales, ya que garantizan un marco de convivencia en el que prevalezca el derecho sobre la arbitrariedad.<\/p>\n<p><strong>Nuestros principios y valores, que forman parte de nuestra estrategia, cultura y acciones cotidianas, son los siguientes:<\/strong><\/p>\n<p>\u2013 Independencia respecto de toda persona, entidad, grupo o poder de cualquier clase.<\/p>\n<p>\u2013 Ausencia de lucro en nuestras actividades.<\/p>\n<p>\u2013 Actuaci\u00f3n \u00e9tica, transparente y socialmente comprometida, como reconocimiento de la funci\u00f3n y responsabilidad que corresponde a toda entidad privada en el adecuado desarrollo y progreso de la sociedad, y respeto a los derechos de todas las personas f\u00edsicas o jur\u00eddicas con las que se relaciona.<\/p>\n<p>\u2013 Gesti\u00f3n basada en criterios estrictamente profesionales y t\u00e9cnicos, y desarrollo de las funciones con inter\u00e9s, dedicaci\u00f3n y responsabilidad, asegurando, adem\u00e1s, la objetividad necesaria en la toma de decisiones y actuaciones.<\/p>\n<p>\u2013 Respeto de la confidencialidad en el tratamiento de cualquier informaci\u00f3n o dato de car\u00e1cter personal obtenido de pacientes, usuarios, clientes, profesionales, empleados y personas o entidades externas de acuerdo con lo establecido por la legislaci\u00f3n vigente y la normativa interna.<\/p>\n<p>\u2013 Respeto de los Derechos Fundamentales de los pacientes, usuarios y clientes, as\u00ed como los de los empleados y profesionales.<\/p>\n<p>\u2013 Compromiso con el cumplimiento de toda la legislaci\u00f3n aplicable a nuestra actividad.<\/p>\n<p>\u2013 Equidad, entendida como el respeto a la igualdad de las personas y su diversidad, sin ning\u00fan tipo de actitud discriminatoria por raz\u00f3n de sexo, identidad u orientaci\u00f3n sexual, origen \u00e9tnico, religi\u00f3n, ideolog\u00eda o afinidad pol\u00edtica, edad, enfermedad, capacidad f\u00edsica y\/o ps\u00edquica, nacionalidad, ciudadan\u00eda, estado civil o estatus socioecon\u00f3mico.<\/p>\n<p>Todas las personas que trabajamos en la Fundaci\u00f3 Institut de Psicologia, independientemente de la funci\u00f3n que desempe\u00f1emos en la organizaci\u00f3n, debemos actuar de manera responsable con la sociedad, siendo conscientes de que la acci\u00f3n corporativa debe contribuir a mejorar el entorno social y ambiental; cuidando del entorno de trabajo y del impacto medioambiental de las actividades que realizamos. Por ello, trabajamos de manera respetuosa con el medio ambiente, reciclando residuos y reutilizando lo reutilizable, con el fin de lograr la mejora de la salud y el bienestar de toda la sociedad.<\/p>\n<p>&nbsp;<\/p>\n<p>Es responsabilidad de todos:<\/p>\n<p>\u2013 Cumplir con la legislaci\u00f3n aplicable.<\/p>\n<p>\u2013 Conocer, comprender y cumplir con nuestro Compromiso \u00c9tico y de Conducta.<\/p>\n<p>\u2013 Cumplir con las pol\u00edticas corporativas.<\/p>\n<p>\u2013 Utilizar el Compromiso \u00c9tico y de Conducta como gu\u00eda en la realizaci\u00f3n de nuestro trabajo.<\/p>\n<p>\u2013 Participar en los cursos y la formaci\u00f3n relacionados con la \u00e9tica y el cumplimiento normativo.<\/p>\n<p>\u2013 Solicitar consejo cuando tengamos preguntas y dudas sobre el Compromiso y de Conducta y la legislaci\u00f3n aplicable.<\/p>\n<p>\u2013 Informar de posibles incumplimientos de nuestro Compromiso \u00c9tico y de Conducta, de las pol\u00edticas corporativas o de la legislaci\u00f3n aplicable.<\/p>\n<p>Es responsabilidad de los Directivos:<\/p>\n<p>\u2013 Promover una cultura \u00e9tica y de cumplimiento normativo.<\/p>\n<p>\u2013 Promover el cumplimiento del Compromiso \u00c9tico y de Conducta.<\/p>\n<p>\u2013 Liderar a trav\u00e9s del ejemplo, siendo modelo de conductas adecuadas, cumpliendo el Compromiso \u00c9tico y de Conducta y siendo consecuentes con los valores de la instituci\u00f3n.<\/p>\n<p>\u2013 Asegurarse de que las personas a su cargo comprendan el Compromiso \u00c9tico y de Conducta y sus responsabilidades.<\/p>\n<p>\u2013 Crear un ambiente donde las personas se sientan c\u00f3modas planteando sus dudas e inquietudes.<\/p>\n<p>\u2013 Actuar para impedir incumplimientos de las leyes, de nuestro Compromiso \u00c9tico y de Conducta y de la normativa interna.<\/p>\n      \t<\/div>\n     \t<\/div>\n      <!-- .\/ Item -->\n    <\/div>\n  <\/div>\n\n\t<\/div><\/div>\n\n\n\n<div style=\"height:100px\" aria-hidden=\"true\" class=\"wp-block-spacer\"><\/div>\n","protected":false},"excerpt":{"rendered":"","protected":false},"author":1,"featured_media":0,"parent":0,"menu_order":0,"comment_status":"closed","ping_status":"closed","template":"","meta":{"_acf_changed":false,"_themeisle_gutenberg_block_has_review":false,"footnotes":""},"class_list":["post-30870","page","type-page","status-publish"],"acf":[],"_links":{"self":[{"href":"https:\/\/test.institutpsicologia.cat\/es\/wp-json\/wp\/v2\/pages\/30870","targetHints":{"allow":["GET"]}}],"collection":[{"href":"https:\/\/test.institutpsicologia.cat\/es\/wp-json\/wp\/v2\/pages"}],"about":[{"href":"https:\/\/test.institutpsicologia.cat\/es\/wp-json\/wp\/v2\/types\/page"}],"author":[{"embeddable":true,"href":"https:\/\/test.institutpsicologia.cat\/es\/wp-json\/wp\/v2\/users\/1"}],"replies":[{"embeddable":true,"href":"https:\/\/test.institutpsicologia.cat\/es\/wp-json\/wp\/v2\/comments?post=30870"}],"version-history":[{"count":3,"href":"https:\/\/test.institutpsicologia.cat\/es\/wp-json\/wp\/v2\/pages\/30870\/revisions"}],"predecessor-version":[{"id":31151,"href":"https:\/\/test.institutpsicologia.cat\/es\/wp-json\/wp\/v2\/pages\/30870\/revisions\/31151"}],"wp:attachment":[{"href":"https:\/\/test.institutpsicologia.cat\/es\/wp-json\/wp\/v2\/media?parent=30870"}],"curies":[{"name":"wp","href":"https:\/\/api.w.org\/{rel}","templated":true}]}}